{"id":18116,"date":"2023-03-07T09:09:33","date_gmt":"2023-03-07T08:09:33","guid":{"rendered":"https:\/\/www.cinc.com\/alquiler-de-salas-2\/"},"modified":"2025-09-30T11:48:06","modified_gmt":"2025-09-30T10:48:06","slug":"alquiler-de-salas-barcelona","status":"publish","type":"page","link":"https:\/\/www.cinc.com\/es\/alquiler-de-salas-barcelona\/","title":{"rendered":"Alquiler de salas en Barcelona"},"content":{"rendered":"\n<div class=\"wp-block-uagb-container uagb-block-3d42bc05 alignfull uagb-is-root-container\"><div class=\"uagb-container-inner-blocks-wrap\">\n<h3 class=\"wp-block-heading has-text-align-center\">\u00bfD\u00f3nde quieres alquilar las salas?<\/h3>\n\n\n\n<div class=\"wp-block-buttons is-content-justification-center is-layout-flex wp-container-core-buttons-is-layout-a89b3969 wp-block-buttons-is-layout-flex\">\n<div class=\"wp-block-button\"><a class=\"wp-block-button__link wp-element-button\">CINC Barcelona<\/a><\/div>\n\n\n\n<div class=\"wp-block-button\"><a class=\"wp-block-button__link has-black-color has-gray-100-background-color has-text-color has-background has-link-color wp-element-button\" href=\"https:\/\/www.cinc.com\/es\/alquiler-de-salas-girona\/\">CINC Girona<\/a><\/div>\n<\/div>\n<\/div><\/div>\n\n\n\n<div class=\"wp-block-uagb-container uagb-block-682ff6f5 alignfull uagb-is-root-container\"><div class=\"uagb-container-inner-blocks-wrap\">\n<div class=\"wp-block-columns is-layout-flex wp-container-core-columns-is-layout-28f84493 wp-block-columns-is-layout-flex\">\n<div class=\"wp-block-column is-layout-flow wp-block-column-is-layout-flow\" style=\"flex-basis:25%\"><\/div>\n\n\n\n<div class=\"wp-block-column is-layout-flow wp-block-column-is-layout-flow\" style=\"flex-basis:65%\">\n<p class=\"has-text-align-center\">Nuestros espacios son <strong>c\u00f3modos y vers\u00e1tiles<\/strong>, de diferentes capacidades, equipados con la \u00faltima tecnolog\u00eda y con opci\u00f3n de contratar servicios adicionales, como catering, traducci\u00f3n simult\u00e1nea o streaming.<\/p>\n\n\n\n<p class=\"has-text-align-center\">Adem\u00e1s, tenemos salas preparadas para organizar <strong>pop-up stores, showrooms, filmaciones y rodajes.<\/strong><\/p>\n\n\n\n<p class=\"has-text-align-center\">Con <strong>total flexibilidad<\/strong>: salas para usos puntuales o permanentes, alquiler durante jornada completa o media jornada y con opci\u00f3n de descuentos por packs de salas.<\/p>\n\n\n\n<p>Con todos los detalles para que tus reuniones y eventos profesionales sean un \u00e9xito:<\/p>\n\n\n\n<ul class=\"wp-block-list checks-list list--2-cols\">\n<li>Atenci\u00f3n y recepci\u00f3n de asistentes<\/li>\n\n\n\n<li>Logotipo de tu empresa en el hall<\/li>\n\n\n\n<li>Videoconferencia profesional<\/li>\n\n\n\n<li>Material de oficina<\/li>\n\n\n\n<li>Conexi\u00f3n Wifi de alta velocidad<\/li>\n\n\n\n<li>Aguas<\/li>\n\n\n\n<li>Pizarra flipchart<\/li>\n<\/ul>\n\n\n\n<p><\/p>\n<\/div>\n\n\n\n<div class=\"wp-block-column is-layout-flow wp-block-column-is-layout-flow\" style=\"flex-basis:25%\"><\/div>\n<\/div>\n<\/div><\/div>\n\n\n\n<div class=\"wp-block-uagb-container uagb-block-1272e90b alignfull uagb-is-root-container\">\n<div class=\"wp-block-uagb-container uagb-block-4420bda5\">\n<h2 class=\"wp-block-heading has-text-align-right has-large-font-size\" style=\"font-style:normal;font-weight:300\">Terraza<\/h2>\n\n\n\n<p class=\"has-text-align-right text-with-people-icon\">100<\/p>\n\n\n\n<p class=\"has-text-align-right\">\u00bfTe gustar\u00eda organizar eventos en el exterior con unas espectaculares vistas al mar? Disfruta de nuestra terraza en Barcelona, desde la que podr\u00e1s realizar numerosas actividades profesionales disfrutando de una encantadora vista al litoral de la ciudad.<\/p>\n\n\n\n<p class=\"has-text-align-right\">Es perfecta para trabajar o atender a tus invitados en un entorno exterior e informal. Nuestra terraza tiene una capacidad de hasta 100 personas.<\/p>\n\n\n\n<div class=\"wp-block-buttons is-content-justification-right is-layout-flex wp-container-core-buttons-is-layout-d445cf74 wp-block-buttons-is-layout-flex\">\n<div class=\"wp-block-button\"><a class=\"wp-block-button__link wp-element-button\" href=\"https:\/\/www.cinc.com\/es\/presupuesto\/\">Quiero m\u00e1s informaci\u00f3n<\/a><\/div>\n<\/div>\n<\/div>\n\n\n\n<div class=\"wp-block-uagb-container uagb-block-c88cb399\">\n<div class=\"wp-block-humpton-gutenberg-slider swiper-container content-slider light-cursor autocenter rounded-big--bottom-left--large\" data-delay=\"0\"><div class=\"swiper-wrapper\">\n<div class=\"swiper-slide\"><div class=\"slide-img\"><img decoding=\"async\" class=\"skip-lazy\" src=\"https:\/\/www.cinc.com\/wp-content\/uploads\/terrassa-1-1.webp\" alt=\"\" \/><\/div><\/div>\n\n\n\n<div class=\"swiper-slide\"><div class=\"slide-img\"><img decoding=\"async\" class=\"skip-lazy\" src=\"https:\/\/www.cinc.com\/wp-content\/uploads\/terrassa-1.webp\" alt=\"\" \/><\/div><\/div>\n\n\n\n<div class=\"swiper-slide\"><div class=\"slide-img\"><img decoding=\"async\" class=\"skip-lazy\" src=\"https:\/\/www.cinc.com\/wp-content\/uploads\/2024\/03\/CINC_BCN_MB_JL_095-scaled.webp\" alt=\"\" \/><\/div><\/div>\n\n\n\n<div class=\"swiper-slide\"><div class=\"slide-img\"><img decoding=\"async\" class=\"skip-lazy\" src=\"https:\/\/www.cinc.com\/wp-content\/uploads\/terrassa-3-1.webp\" alt=\"\" \/><\/div><\/div>\n\n\n\n<div class=\"swiper-slide\"><div class=\"slide-img\"><img decoding=\"async\" class=\"skip-lazy\" src=\"https:\/\/www.cinc.com\/wp-content\/uploads\/terrassa-2-1.webp\" alt=\"\" \/><\/div><\/div>\n\n\n\n<div class=\"swiper-slide\"><div class=\"slide-img\"><img decoding=\"async\" class=\"skip-lazy\" src=\"https:\/\/www.cinc.com\/wp-content\/uploads\/terrassa-5-1.webp\" alt=\"\" \/><\/div><\/div>\n<\/div><div class=\"slider-button-next\"><\/div><div class=\"slider-button-prev\"><\/div><div class=\"swiper-pagination\"><\/div><\/div>\n<\/div>\n<\/div>\n\n\n\n<div class=\"wp-block-uagb-container uagb-block-1b44a1b2 alignfull uagb-is-root-container\">\n<div class=\"wp-block-uagb-container uagb-block-81b279c2\">\n<div class=\"wp-block-humpton-gutenberg-slider swiper-container content-slider light-cursor autocenter rounded-big--bottom-left--large\" data-delay=\"0\"><div class=\"swiper-wrapper\">\n<div class=\"swiper-slide\"><div class=\"slide-img\"><img decoding=\"async\" class=\"skip-lazy\" src=\"https:\/\/www.cinc.com\/wp-content\/uploads\/reunions-1-1.webp\" alt=\"\" \/><\/div><\/div>\n\n\n\n<div class=\"swiper-slide\"><div class=\"slide-img\"><img decoding=\"async\" class=\"skip-lazy\" src=\"https:\/\/www.cinc.com\/wp-content\/uploads\/reunions-4-1.webp\" alt=\"\" \/><\/div><\/div>\n\n\n\n<div class=\"swiper-slide\"><div class=\"slide-img\"><img decoding=\"async\" class=\"skip-lazy\" src=\"https:\/\/www.cinc.com\/wp-content\/uploads\/reunions-2-1.webp\" alt=\"\" \/><\/div><\/div>\n\n\n\n<div class=\"swiper-slide\"><div class=\"slide-img\"><img decoding=\"async\" class=\"skip-lazy\" src=\"https:\/\/www.cinc.com\/wp-content\/uploads\/reunions-3-1.webp\" alt=\"\" \/><\/div><\/div>\n<\/div><div class=\"slider-button-next\"><\/div><div class=\"slider-button-prev\"><\/div><div class=\"swiper-pagination\"><\/div><\/div>\n<\/div>\n\n\n\n<div class=\"wp-block-uagb-container uagb-block-fd53505e\">\n<h2 class=\"wp-block-heading has-text-align-left has-large-font-size\" style=\"font-style:normal;font-weight:300\">Sala de reuniones <\/h2>\n\n\n\n<p class=\"has-text-align-left text-with-people-icon\">4 &#8211; 14<\/p>\n\n\n\n<p class=\"has-text-align-left\" style=\"margin-top:0;margin-bottom:0;padding-top:0;padding-bottom:0\">Ponemos a tu disposici\u00f3n nuestras salas de reuniones ubicadas en el 22@ de Barcelona, ideales para atender a tus clientes e invitados de forma c\u00f3moda y profesional.<\/p>\n\n\n\n<p style=\"margin-top:0;margin-bottom:0;padding-top:0;padding-bottom:0\">Nuestras salas modernas y equipadas son el espacio ideal para realizar consultor\u00edas, entrevistas, reuniones corporativas, reuniones internas, o establecer relaciones comerciales.<\/p>\n\n\n\n<p style=\"margin-top:0;margin-bottom:0;padding-top:0;padding-bottom:0\">Con capacidades de entre 4-14 personas, proporcionan el m\u00e1ximo confort y productividad para garantizarte la mejor experiencia en nuestras instalaciones.<\/p>\n\n\n\n<div class=\"wp-block-buttons is-layout-flex wp-block-buttons-is-layout-flex\">\n<div class=\"wp-block-button\"><a class=\"wp-block-button__link wp-element-button\" href=\"https:\/\/www.cinc.com\/es\/presupuesto\/\">Quiero m\u00e1s informaci\u00f3n<\/a><\/div>\n<\/div>\n<\/div>\n<\/div>\n\n\n\n<div class=\"wp-block-uagb-container uagb-block-621a99de alignfull uagb-is-root-container\">\n<div class=\"wp-block-uagb-container uagb-block-e2925545\">\n<h2 class=\"wp-block-heading has-text-align-right has-large-font-size\" style=\"font-style:normal;font-weight:300\">Salas para eventos corporativos y conferencias<\/h2>\n\n\n\n<p class=\"has-text-align-right text-with-people-icon\">45 &#8211; 80<\/p>\n\n\n\n<p class=\"has-text-align-right\" style=\"margin-top:0;margin-bottom:0;padding-top:0;padding-bottom:0\">Descubre las mejores salas para tus eventos corporativos en Barcelona: c\u00f3modas, vers\u00e1tiles, con excelente ac\u00fastica y toda la flexibilidad para organizar cualquier reuni\u00f3n, ya sea para celebrar un meeting, una jornada de conferencias o la presentaci\u00f3n de nuevos productos y servicios.<\/p>\n\n\n\n<p class=\"has-text-align-right\" style=\"margin-top:0;margin-bottom:0;padding-top:0;padding-bottom:0\">Nuestros espacios para eventos tienen una capacidad de hasta 95 personas, con iluminaci\u00f3n natural y con la posibilidad de contratar otros servicios adicionales para atender a todos los asistentes al detalle, y est\u00e1n perfectamente equipadas con todo el material necesario.<\/p>\n\n\n\n<div class=\"wp-block-buttons is-content-justification-right is-layout-flex wp-container-core-buttons-is-layout-d445cf74 wp-block-buttons-is-layout-flex\">\n<div class=\"wp-block-button\"><a class=\"wp-block-button__link wp-element-button\" href=\"https:\/\/www.cinc.com\/es\/presupuesto\/\">Quiero m\u00e1s informaci\u00f3n<\/a><\/div>\n<\/div>\n<\/div>\n\n\n\n<div class=\"wp-block-uagb-container uagb-block-844094df\">\n<div class=\"wp-block-humpton-gutenberg-slider swiper-container content-slider light-cursor autocenter rounded-big--bottom-left--large\" data-delay=\"0\"><div class=\"swiper-wrapper\">\n<div class=\"swiper-slide\"><div class=\"slide-img\"><img decoding=\"async\" class=\"skip-lazy\" src=\"https:\/\/www.cinc.com\/wp-content\/uploads\/sales-esdeveniments-corporatiu-1-1.webp\" alt=\"\" \/><\/div><\/div>\n\n\n\n<div class=\"swiper-slide\"><div class=\"slide-img\"><img decoding=\"async\" class=\"skip-lazy\" src=\"https:\/\/www.cinc.com\/wp-content\/uploads\/sales-esdeveniments-corporatiu-2-1.webp\" alt=\"\" \/><\/div><\/div>\n\n\n\n<div class=\"swiper-slide\"><div class=\"slide-img\"><img decoding=\"async\" class=\"skip-lazy\" src=\"https:\/\/www.cinc.com\/wp-content\/uploads\/sales-esdeveniments-corporatiu-3-1.webp\" alt=\"\" \/><\/div><\/div>\n<\/div><div class=\"slider-button-next\"><\/div><div class=\"slider-button-prev\"><\/div><div class=\"swiper-pagination\"><\/div><\/div>\n<\/div>\n<\/div>\n\n\n\n<div class=\"wp-block-uagb-container uagb-block-7270ca77 alignfull uagb-is-root-container\">\n<div class=\"wp-block-uagb-container uagb-block-c9cb7fc8\">\n<div class=\"wp-block-humpton-gutenberg-slider swiper-container content-slider light-cursor autocenter rounded-big--top-right--large\" data-delay=\"0\"><div class=\"swiper-wrapper\">\n<div class=\"swiper-slide\"><div class=\"slide-img\"><img decoding=\"async\" class=\"skip-lazy\" src=\"https:\/\/www.cinc.com\/wp-content\/uploads\/sala-formacio-2-1.webp\" alt=\"\" \/><\/div><\/div>\n\n\n\n<div class=\"swiper-slide\"><div class=\"slide-img\"><img decoding=\"async\" class=\"skip-lazy\" src=\"https:\/\/www.cinc.com\/wp-content\/uploads\/sala-formacio-1-1.webp\" alt=\"\" \/><\/div><\/div>\n\n\n\n<div class=\"swiper-slide\"><div class=\"slide-img\"><img decoding=\"async\" class=\"skip-lazy\" src=\"https:\/\/www.cinc.com\/wp-content\/uploads\/sala-formacio-3-1.webp\" alt=\"\" \/><\/div><\/div>\n<\/div><div class=\"slider-button-next\"><\/div><div class=\"slider-button-prev\"><\/div><div class=\"swiper-pagination\"><\/div><\/div>\n<\/div>\n\n\n\n<div class=\"wp-block-uagb-container uagb-block-bb575ee1\">\n<h2 class=\"wp-block-heading has-text-align-left has-large-font-size\" style=\"font-style:normal;font-weight:300\">Salas de formaci\u00f3n<\/h2>\n\n\n\n<p class=\"has-text-align-left text-with-people-icon\">10 &#8211; 50<\/p>\n\n\n\n<p class=\"has-text-align-left\" style=\"margin-top:0;margin-bottom:0;padding-top:0;padding-bottom:0\">Ponemos a tu disposici\u00f3n nuestro servicio de alquiler de salas de formaci\u00f3n en Barcelona, equipadas con la tecnolog\u00eda necesaria para impartir cursos, talleres y encuentros profesionales.<\/p>\n\n\n\n<p>Contamos con proyectores audiovisuales, pantallas de alta calidad, conexi\u00f3n a Internet de alta velocidad y todo el material necesario para garantizar una formaci\u00f3n din\u00e1mica y efectiva.<\/p>\n\n\n\n<p style=\"margin-top:0;margin-bottom:0;padding-top:0;padding-bottom:0\">Las salas incluyen mesas y sillas ergon\u00f3micas y pueden adaptarse a diferentes configuraciones para ajustarse a las necesidades espec\u00edficas de cada actividad<\/p>\n\n\n\n<div class=\"wp-block-buttons is-layout-flex wp-block-buttons-is-layout-flex\">\n<div class=\"wp-block-button\"><a class=\"wp-block-button__link wp-element-button\" href=\"https:\/\/www.cinc.com\/es\/presupuesto\/\">Quiero m\u00e1s informaci\u00f3n<\/a><\/div>\n<\/div>\n<\/div>\n<\/div>\n\n\n\n<div class=\"wp-block-uagb-container uagb-block-6ef4dd1f alignfull uagb-is-root-container\">\n<div class=\"wp-block-uagb-container uagb-block-36b7a1f3\">\n<h2 class=\"wp-block-heading has-text-align-right has-large-font-size\" style=\"font-style:normal;font-weight:300\">Sala de videoconferencia<\/h2>\n\n\n\n<p class=\"has-text-align-right text-with-people-icon\">2 &#8211; 8<\/p>\n\n\n\n<p class=\"has-text-align-right\">Dentro de nuestro servicio de alquiler de salas, tambi\u00e9n disponemos de la posibilidad de alquilar salas exclusivas de videoconferencia equipadas con sistemas profesionales para transmitir imagen y audio de forma eficaz, con todo lo necesario para poder realizar reuniones y presentaciones a distancia en un entorno c\u00f3modo y profesional.<\/p>\n\n\n\n<div class=\"wp-block-buttons is-content-justification-right is-layout-flex wp-container-core-buttons-is-layout-d445cf74 wp-block-buttons-is-layout-flex\">\n<div class=\"wp-block-button\"><a class=\"wp-block-button__link wp-element-button\" href=\"https:\/\/www.cinc.com\/es\/presupuesto\/\">Quiero m\u00e1s informaci\u00f3n<\/a><\/div>\n<\/div>\n<\/div>\n\n\n\n<div class=\"wp-block-uagb-container uagb-block-fcdc7b7f\">\n<div class=\"wp-block-humpton-gutenberg-slider swiper-container content-slider light-cursor autocenter rounded-big--top-right--large\" data-delay=\"0\"><div class=\"swiper-wrapper\">\n<div class=\"swiper-slide\"><div class=\"slide-img\"><img decoding=\"async\" class=\"skip-lazy\" src=\"https:\/\/www.cinc.com\/wp-content\/uploads\/videoconferencia-1-1.webp\" alt=\"\" \/><\/div><\/div>\n\n\n\n<div class=\"swiper-slide\"><div class=\"slide-img\"><img decoding=\"async\" class=\"skip-lazy\" src=\"https:\/\/www.cinc.com\/wp-content\/uploads\/videoconferencia-2-1.webp\" alt=\"\" \/><\/div><\/div>\n<\/div><div class=\"slider-button-next\"><\/div><div class=\"slider-button-prev\"><\/div><div class=\"swiper-pagination\"><\/div><\/div>\n<\/div>\n<\/div>\n\n\n\n<div class=\"wp-block-uagb-container uagb-block-1d8c4c64 alignfull uagb-is-root-container\"><div class=\"uagb-container-inner-blocks-wrap\">\n<div class=\"marquee-text-wrapper \"><p class=\"marquee-text big-title fw\">Contrata servicios adicionales<\/p><\/div>\n\n\n\n<div class=\"wp-block-columns is-layout-flex wp-container-core-columns-is-layout-28f84493 wp-block-columns-is-layout-flex\">\n<div class=\"wp-block-column is-layout-flow wp-block-column-is-layout-flow\" style=\"flex-basis:20%\"><\/div>\n\n\n\n<div class=\"wp-block-column is-vertically-aligned-center is-layout-flow wp-block-column-is-layout-flow\" style=\"flex-basis:60%\">\n<h2 class=\"wp-block-heading has-text-align-center has-medium-font-size\" style=\"margin-bottom:var(--wp--preset--spacing--70);font-style:normal;font-weight:400\">Descubre los servicios adicionales<\/h2>\n\n\n\n<p>Adem\u00e1s del <strong>alquiler de nuestras salas en Barcelona<\/strong>, tambi\u00e9n ofrecemos la posibilidad de contratar otros servicios adicionales para que tu experiencia y la de tus asistentes sea inmejorable.<\/p>\n\n\n\n<p>Entre nuestra selecci\u00f3n de servicios adicionales, podr\u00e1s encontrar:<\/p>\n\n\n\n<ul class=\"wp-block-list checks-list list--2-cols\">\n<li>Catering<\/li>\n\n\n\n<li>Servicio de traducci\u00f3n simult\u00e1nea<\/li>\n\n\n\n<li>Emisi\u00f3n v\u00eda streaming<\/li>\n\n\n\n<li>Copister\u00eda<\/li>\n\n\n\n<li>Audiovisuales<\/li>\n\n\n\n<li>Traducci\u00f3n<\/li>\n\n\n\n<li>Plaza de parking<\/li>\n\n\n\n<li>Grafismo<\/li>\n\n\n\n<li>Sala t\u00e9cnica CPD<\/li>\n\n\n\n<li>Zona VIP<\/li>\n<\/ul>\n\n\n\n<p>\u00a1No lo dudes m\u00e1s y solicita informaci\u00f3n ahora para disfrutar de todas las ventajas de nuestro servicio de alquiler de salas en Barcelona!<\/p>\n<\/div>\n\n\n\n<div class=\"wp-block-column is-layout-flow wp-block-column-is-layout-flow\" style=\"flex-basis:20%\"><\/div>\n<\/div>\n<\/div><\/div>\n\n\n\n<div class=\"wp-block-uagb-container uagb-block-8eae1e4e alignfull uagb-is-root-container\"><div class=\"uagb-container-inner-blocks-wrap\">\n<h2 class=\"wp-block-heading has-text-align-center\">\u00bfQuieres reservar en l\u00ednea?<\/h2>\n\n\n\n<div class=\"wp-block-buttons is-content-justification-center is-layout-flex wp-container-core-buttons-is-layout-a89b3969 wp-block-buttons-is-layout-flex\">\n<div class=\"wp-block-button\"><a class=\"wp-block-button__link has-text-align-center wp-element-button\" href=\"https:\/\/www.cinc.com\/es\/alquiler-de-salas-online\/\">Reserva en l\u00ednea<\/a><\/div>\n<\/div>\n<\/div><\/div>\n\n\n\n<div class=\"wp-block-uagb-container uagb-block-520c94a1 alignfull uagb-is-root-container\"><div class=\"uagb-container-inner-blocks-wrap\">\n<div class=\"marquee-text-wrapper \"><p class=\"marquee-text big-title fw\">Ap\u00fantate a nuestra newsletter<\/p><\/div>\n\n\n<div class=\"wp-block-cinc-blocks-newsletter-form\">\n    <form id=\"newsletter-form\" method=\"POST\" class=\"wp-block-cinc-blocks-newsletter-form__form\">\n        <input class=\"wp-block-cinc-blocks-newsletter-form__field\" type=\"text\" placeholder=\"Your name\" name=\"name\" required \/>\n        <select class=\"wp-block-cinc-blocks-newsletter-form__select\" name=\"town\" required>\n            <option value=\"\" readonly>Town<\/option>\n            <option value=\"barcelona\">Barcelona<\/option>\n            <option value=\"girona\">Girona<\/option>\n        <\/select>\n        <input class=\"wp-block-cinc-blocks-newsletter-form__field\" type=\"email\" placeholder=\"Your email\" name=\"email\" required \/>\n        <button class=\"wp-block-cinc-blocks-newsletter-form__button\">Subscribe<\/button>\n    <\/form>\n    <div id=\"newsletter-form-response\"><\/div>\n<\/div><\/div><\/div>\n\n\n\n<div class=\"wp-block-uagb-container uagb-block-953c3541 alignfull uagb-is-root-container\"><div class=\"uagb-container-inner-blocks-wrap\">\n<div class=\"wp-block-uagb-advanced-heading uagb-block-ba7210c8\"><h2 class=\"uagb-heading-text\">Preguntas frecuentes<\/h2><\/div>\n\n\n<div class=\"wp-block-uagb-faq uagb-faq__outer-wrap uagb-block-dc987f9f uagb-faq-icon-row uagb-faq-layout-accordion uagb-faq-expand-first-true uagb-faq-inactive-other-true uagb-faq__wrap uagb-buttons-layout-wrap uagb-faq-equal-height     \" data-faqtoggle=\"true\" role=\"tablist\"><div class=\"wp-block-uagb-faq-child uagb-faq-child__outer-wrap uagb-faq-item uagb-block-d1ff7c46 \" role=\"tab\" tabindex=\"0\"><div class=\"uagb-faq-questions-button uagb-faq-questions\">\t\t\t<span class=\"uagb-icon uagb-faq-icon-wrap\">\n\t\t\t\t\t\t\t\t<svg xmlns=\"https:\/\/www.w3.org\/2000\/svg\" viewBox= \"0 0 448 512\"><path d=\"M432 256c0 17.69-14.33 32.01-32 32.01H256v144c0 17.69-14.33 31.99-32 31.99s-32-14.3-32-31.99v-144H48c-17.67 0-32-14.32-32-32.01s14.33-31.99 32-31.99H192v-144c0-17.69 14.33-32.01 32-32.01s32 14.32 32 32.01v144h144C417.7 224 432 238.3 432 256z\"><\/path><\/svg>\n\t\t\t\t\t\t\t<\/span>\n\t\t\t\t\t\t<span class=\"uagb-icon-active uagb-faq-icon-wrap\">\n\t\t\t\t\t\t\t\t<svg xmlns=\"https:\/\/www.w3.org\/2000\/svg\" viewBox= \"0 0 448 512\"><path d=\"M400 288h-352c-17.69 0-32-14.32-32-32.01s14.31-31.99 32-31.99h352c17.69 0 32 14.3 32 31.99S417.7 288 400 288z\"><\/path><\/svg>\n\t\t\t\t\t\t\t<\/span>\n\t\t\t<span class=\"uagb-question\">\u00bfC\u00f3mo reservar una sala de reuniones o eventos en Barcelona con CINC?<\/span><\/div><div class=\"uagb-faq-content\"><p>Reservar una sala en CINC es r\u00e1pido y sencillo. Solo tienes que contactarnos a trav\u00e9s del<br><a href=\"https:\/\/www.cinc.com\/es\/alquiler-de-salas-online\/\">formulario<\/a> o por tel\u00e9fono, indicando: <br>&#8211; N\u00famero de asistentes<br>&#8211; Fecha, horario y duraci\u00f3n de la reserva<br>&#8211; Necesidades espec\u00edficas (disposici\u00f3n del mobiliario, proyector, videoconferencia, etc.)<br>Te confirmaremos disponibilidad y te propondremos la sala que mejor se adapte a tu evento.<\/p><\/div><\/div><div class=\"wp-block-uagb-faq-child uagb-faq-child__outer-wrap uagb-faq-item uagb-block-791ed6b1 \" role=\"tab\" tabindex=\"0\"><div class=\"uagb-faq-questions-button uagb-faq-questions\">\t\t\t<span class=\"uagb-icon uagb-faq-icon-wrap\">\n\t\t\t\t\t\t\t\t<svg xmlns=\"https:\/\/www.w3.org\/2000\/svg\" viewBox= \"0 0 448 512\"><path d=\"M432 256c0 17.69-14.33 32.01-32 32.01H256v144c0 17.69-14.33 31.99-32 31.99s-32-14.3-32-31.99v-144H48c-17.67 0-32-14.32-32-32.01s14.33-31.99 32-31.99H192v-144c0-17.69 14.33-32.01 32-32.01s32 14.32 32 32.01v144h144C417.7 224 432 238.3 432 256z\"><\/path><\/svg>\n\t\t\t\t\t\t\t<\/span>\n\t\t\t\t\t\t<span class=\"uagb-icon-active uagb-faq-icon-wrap\">\n\t\t\t\t\t\t\t\t<svg xmlns=\"https:\/\/www.w3.org\/2000\/svg\" viewBox= \"0 0 448 512\"><path d=\"M400 288h-352c-17.69 0-32-14.32-32-32.01s14.31-31.99 32-31.99h352c17.69 0 32 14.3 32 31.99S417.7 288 400 288z\"><\/path><\/svg>\n\t\t\t\t\t\t\t<\/span>\n\t\t\t<span class=\"uagb-question\">\u00bfQu\u00e9 ventajas tiene alquilar salas de reuniones en el centro de negocios CINC Barcelona?<\/span><\/div><div class=\"uagb-faq-content\"><p>Alquilar una sala en CINC Barcelona te ofrece m\u00faltiples beneficios:<br>&#8211; <strong>Ubicaci\u00f3n estrat\u00e9gica<\/strong>: en el distrito 22@, bien comunicado y con parking disponible.<br>&#8211; <strong>Equipamiento completo<\/strong>: WiFi de alta velocidad, pantallas, pizarra, material de oficina y videoconferencia.<br>&#8211; <strong>Flexibilidad horaria<\/strong>: reserva por horas, jornadas completas o de forma recurrente.<br>&#8211; <strong>Atenci\u00f3n profesional<\/strong>: recepci\u00f3n de asistentes y soporte t\u00e9cnico si lo necesitas.<br>Imagen corporativa: tu logotipo en el hall y un entorno profesional para tus reuniones o eventos.<\/p><\/div><\/div><div class=\"wp-block-uagb-faq-child uagb-faq-child__outer-wrap uagb-faq-item uagb-block-650ea72e \" role=\"tab\" tabindex=\"0\"><div class=\"uagb-faq-questions-button uagb-faq-questions\">\t\t\t<span class=\"uagb-icon uagb-faq-icon-wrap\">\n\t\t\t\t\t\t\t\t<svg xmlns=\"https:\/\/www.w3.org\/2000\/svg\" viewBox= \"0 0 448 512\"><path d=\"M432 256c0 17.69-14.33 32.01-32 32.01H256v144c0 17.69-14.33 31.99-32 31.99s-32-14.3-32-31.99v-144H48c-17.67 0-32-14.32-32-32.01s14.33-31.99 32-31.99H192v-144c0-17.69 14.33-32.01 32-32.01s32 14.32 32 32.01v144h144C417.7 224 432 238.3 432 256z\"><\/path><\/svg>\n\t\t\t\t\t\t\t<\/span>\n\t\t\t\t\t\t<span class=\"uagb-icon-active uagb-faq-icon-wrap\">\n\t\t\t\t\t\t\t\t<svg xmlns=\"https:\/\/www.w3.org\/2000\/svg\" viewBox= \"0 0 448 512\"><path d=\"M400 288h-352c-17.69 0-32-14.32-32-32.01s14.31-31.99 32-31.99h352c17.69 0 32 14.3 32 31.99S417.7 288 400 288z\"><\/path><\/svg>\n\t\t\t\t\t\t\t<\/span>\n\t\t\t<span class=\"uagb-question\">\u00bfCu\u00e1l es el precio del alquiler de salas de reuniones o conferencias en CINC Barcelona?<\/span><\/div><div class=\"uagb-faq-content\"><p>Puedes alquilar salas de reuniones desde <strong>15\u202f\u20ac\/hora.<\/strong><br>El precio var\u00eda en funci\u00f3n del tama\u00f1o de la sala, duraci\u00f3n del evento y servicios adicionales requeridos.<br><a href=\"https:\/\/www.cinc.com\/es\/alquiler-de-salas-online\/\">Solicita un presupuesto personalizado<\/a>.<\/p><\/div><\/div><div class=\"wp-block-uagb-faq-child uagb-faq-child__outer-wrap uagb-faq-item uagb-block-89480fea \" role=\"tab\" tabindex=\"0\"><div class=\"uagb-faq-questions-button uagb-faq-questions\">\t\t\t<span class=\"uagb-icon uagb-faq-icon-wrap\">\n\t\t\t\t\t\t\t\t<svg xmlns=\"https:\/\/www.w3.org\/2000\/svg\" viewBox= \"0 0 448 512\"><path d=\"M432 256c0 17.69-14.33 32.01-32 32.01H256v144c0 17.69-14.33 31.99-32 31.99s-32-14.3-32-31.99v-144H48c-17.67 0-32-14.32-32-32.01s14.33-31.99 32-31.99H192v-144c0-17.69 14.33-32.01 32-32.01s32 14.32 32 32.01v144h144C417.7 224 432 238.3 432 256z\"><\/path><\/svg>\n\t\t\t\t\t\t\t<\/span>\n\t\t\t\t\t\t<span class=\"uagb-icon-active uagb-faq-icon-wrap\">\n\t\t\t\t\t\t\t\t<svg xmlns=\"https:\/\/www.w3.org\/2000\/svg\" viewBox= \"0 0 448 512\"><path d=\"M400 288h-352c-17.69 0-32-14.32-32-32.01s14.31-31.99 32-31.99h352c17.69 0 32 14.3 32 31.99S417.7 288 400 288z\"><\/path><\/svg>\n\t\t\t\t\t\t\t<\/span>\n\t\t\t<span class=\"uagb-question\">\u00bfSe puede alquilar la terraza de CINC Barcelona para eventos o presentaciones?<\/span><\/div><div class=\"uagb-faq-content\"><p>S\u00ed, nuestra terraza est\u00e1 disponible para eventos corporativos, afterworks, c\u00f3cteles o presentaciones.<br>Cuenta con vistas espectaculares a la ciudad y al mar. Si necesitas catering, mobiliario o asistencia t\u00e9cnica, podemos gestionarlo todo por ti.<\/p><\/div><\/div><div class=\"wp-block-uagb-faq-child uagb-faq-child__outer-wrap uagb-faq-item uagb-block-b1f0bcf4 \" role=\"tab\" tabindex=\"0\"><div class=\"uagb-faq-questions-button uagb-faq-questions\">\t\t\t<span class=\"uagb-icon uagb-faq-icon-wrap\">\n\t\t\t\t\t\t\t\t<svg xmlns=\"https:\/\/www.w3.org\/2000\/svg\" viewBox= \"0 0 448 512\"><path d=\"M432 256c0 17.69-14.33 32.01-32 32.01H256v144c0 17.69-14.33 31.99-32 31.99s-32-14.3-32-31.99v-144H48c-17.67 0-32-14.32-32-32.01s14.33-31.99 32-31.99H192v-144c0-17.69 14.33-32.01 32-32.01s32 14.32 32 32.01v144h144C417.7 224 432 238.3 432 256z\"><\/path><\/svg>\n\t\t\t\t\t\t\t<\/span>\n\t\t\t\t\t\t<span class=\"uagb-icon-active uagb-faq-icon-wrap\">\n\t\t\t\t\t\t\t\t<svg xmlns=\"https:\/\/www.w3.org\/2000\/svg\" viewBox= \"0 0 448 512\"><path d=\"M400 288h-352c-17.69 0-32-14.32-32-32.01s14.31-31.99 32-31.99h352c17.69 0 32 14.3 32 31.99S417.7 288 400 288z\"><\/path><\/svg>\n\t\t\t\t\t\t\t<\/span>\n\t\t\t<span class=\"uagb-question\">\u00bfSe puede personalizar la sala para adaptarla a mi evento?<\/span><\/div><div class=\"uagb-faq-content\"><p>S\u00ed. Puedes elegir:<br>&#8211; La distribuci\u00f3n del mobiliario (tipo auditorio, escuela, U, etc.)<br>&#8211; Equipamiento adicional como pantallas, proyectores o micr\u00f3fonos<br>&#8211; Servicios extra: coffee break, material de oficina, agua para asistentes, etc.<br>Solo dinos qu\u00e9 necesitas y nos encargamos de que todo est\u00e9 preparado.<\/p><\/div><\/div><div class=\"wp-block-uagb-faq-child uagb-faq-child__outer-wrap uagb-faq-item uagb-block-375a4e93 \" role=\"tab\" tabindex=\"0\"><div class=\"uagb-faq-questions-button uagb-faq-questions\">\t\t\t<span class=\"uagb-icon uagb-faq-icon-wrap\">\n\t\t\t\t\t\t\t\t<svg xmlns=\"https:\/\/www.w3.org\/2000\/svg\" viewBox= \"0 0 448 512\"><path d=\"M432 256c0 17.69-14.33 32.01-32 32.01H256v144c0 17.69-14.33 31.99-32 31.99s-32-14.3-32-31.99v-144H48c-17.67 0-32-14.32-32-32.01s14.33-31.99 32-31.99H192v-144c0-17.69 14.33-32.01 32-32.01s32 14.32 32 32.01v144h144C417.7 224 432 238.3 432 256z\"><\/path><\/svg>\n\t\t\t\t\t\t\t<\/span>\n\t\t\t\t\t\t<span class=\"uagb-icon-active uagb-faq-icon-wrap\">\n\t\t\t\t\t\t\t\t<svg xmlns=\"https:\/\/www.w3.org\/2000\/svg\" viewBox= \"0 0 448 512\"><path d=\"M400 288h-352c-17.69 0-32-14.32-32-32.01s14.31-31.99 32-31.99h352c17.69 0 32 14.3 32 31.99S417.7 288 400 288z\"><\/path><\/svg>\n\t\t\t\t\t\t\t<\/span>\n\t\t\t<span class=\"uagb-question\">\u00bfPuedo reservar una sala de reuniones en el mismo d\u00eda?<\/span><\/div><div class=\"uagb-faq-content\"><p>S\u00ed, siempre que haya disponibilidad. Ll\u00e1manos o <a href=\"https:\/\/www.cinc.com\/es\/alquiler-de-salas-online\/\">escr\u00edbenos<\/a> y te asignaremos la sala m\u00e1s adecuada para tu reuni\u00f3n.<\/p><\/div><\/div><div class=\"wp-block-uagb-faq-child uagb-faq-child__outer-wrap uagb-faq-item uagb-block-5a3b435d \" role=\"tab\" tabindex=\"0\"><div class=\"uagb-faq-questions-button uagb-faq-questions\">\t\t\t<span class=\"uagb-icon uagb-faq-icon-wrap\">\n\t\t\t\t\t\t\t\t<svg xmlns=\"https:\/\/www.w3.org\/2000\/svg\" viewBox= \"0 0 448 512\"><path d=\"M432 256c0 17.69-14.33 32.01-32 32.01H256v144c0 17.69-14.33 31.99-32 31.99s-32-14.3-32-31.99v-144H48c-17.67 0-32-14.32-32-32.01s14.33-31.99 32-31.99H192v-144c0-17.69 14.33-32.01 32-32.01s32 14.32 32 32.01v144h144C417.7 224 432 238.3 432 256z\"><\/path><\/svg>\n\t\t\t\t\t\t\t<\/span>\n\t\t\t\t\t\t<span class=\"uagb-icon-active uagb-faq-icon-wrap\">\n\t\t\t\t\t\t\t\t<svg xmlns=\"https:\/\/www.w3.org\/2000\/svg\" viewBox= \"0 0 448 512\"><path d=\"M400 288h-352c-17.69 0-32-14.32-32-32.01s14.31-31.99 32-31.99h352c17.69 0 32 14.3 32 31.99S417.7 288 400 288z\"><\/path><\/svg>\n\t\t\t\t\t\t\t<\/span>\n\t\t\t<span class=\"uagb-question\">\u00bfQu\u00e9 servicios incluye el alquiler de salas en CINC Barcelona?<\/span><\/div><div class=\"uagb-faq-content\"><p>Todas nuestras salas est\u00e1n dise\u00f1adas para ofrecer un entorno profesional y c\u00f3modo. El alquiler incluye:<br>&#8211; Atenci\u00f3n y recepci\u00f3n de asistentes<br>&#8211; Logo de tu empresa en el hall de entrada<br>&#8211; Servicio de videoconferencia<br>&#8211; Conexi\u00f3n WiFi de alta velocidad<br>&#8211; Material de oficina (flipchart, bol\u00edgrafos, blocs, etc.)<br>&#8211; Aguas para los asistentes<br>Si necesitas otros servicios, cons\u00faltanos y lo adaptamos a tu evento.<\/p><\/div><\/div><div class=\"wp-block-uagb-faq-child uagb-faq-child__outer-wrap uagb-faq-item uagb-block-388a0327 \" role=\"tab\" tabindex=\"0\"><div class=\"uagb-faq-questions-button uagb-faq-questions\">\t\t\t<span class=\"uagb-icon uagb-faq-icon-wrap\">\n\t\t\t\t\t\t\t\t<svg xmlns=\"https:\/\/www.w3.org\/2000\/svg\" viewBox= \"0 0 448 512\"><path d=\"M432 256c0 17.69-14.33 32.01-32 32.01H256v144c0 17.69-14.33 31.99-32 31.99s-32-14.3-32-31.99v-144H48c-17.67 0-32-14.32-32-32.01s14.33-31.99 32-31.99H192v-144c0-17.69 14.33-32.01 32-32.01s32 14.32 32 32.01v144h144C417.7 224 432 238.3 432 256z\"><\/path><\/svg>\n\t\t\t\t\t\t\t<\/span>\n\t\t\t\t\t\t<span class=\"uagb-icon-active uagb-faq-icon-wrap\">\n\t\t\t\t\t\t\t\t<svg xmlns=\"https:\/\/www.w3.org\/2000\/svg\" viewBox= \"0 0 448 512\"><path d=\"M400 288h-352c-17.69 0-32-14.32-32-32.01s14.31-31.99 32-31.99h352c17.69 0 32 14.3 32 31.99S417.7 288 400 288z\"><\/path><\/svg>\n\t\t\t\t\t\t\t<\/span>\n\t\t\t<span class=\"uagb-question\">\u00bfSe puede alquilar una sala por solo una hora?<\/span><\/div><div class=\"uagb-faq-content\"><p>S\u00ed. Puedes alquilar salas por horas, media jornada o jornada completa. Solo pagas por el tiempo que realmente necesitas.<\/p><\/div><\/div><div class=\"wp-block-uagb-faq-child uagb-faq-child__outer-wrap uagb-faq-item uagb-block-1adf1b7f \" role=\"tab\" tabindex=\"0\"><div class=\"uagb-faq-questions-button uagb-faq-questions\">\t\t\t<span class=\"uagb-icon uagb-faq-icon-wrap\">\n\t\t\t\t\t\t\t\t<svg xmlns=\"https:\/\/www.w3.org\/2000\/svg\" viewBox= \"0 0 448 512\"><path d=\"M432 256c0 17.69-14.33 32.01-32 32.01H256v144c0 17.69-14.33 31.99-32 31.99s-32-14.3-32-31.99v-144H48c-17.67 0-32-14.32-32-32.01s14.33-31.99 32-31.99H192v-144c0-17.69 14.33-32.01 32-32.01s32 14.32 32 32.01v144h144C417.7 224 432 238.3 432 256z\"><\/path><\/svg>\n\t\t\t\t\t\t\t<\/span>\n\t\t\t\t\t\t<span class=\"uagb-icon-active uagb-faq-icon-wrap\">\n\t\t\t\t\t\t\t\t<svg xmlns=\"https:\/\/www.w3.org\/2000\/svg\" viewBox= \"0 0 448 512\"><path d=\"M400 288h-352c-17.69 0-32-14.32-32-32.01s14.31-31.99 32-31.99h352c17.69 0 32 14.3 32 31.99S417.7 288 400 288z\"><\/path><\/svg>\n\t\t\t\t\t\t\t<\/span>\n\t\t\t<span class=\"uagb-question\">\u00bfPuedo reservar una sala en fin de semana o fuera del horario habitual?<\/span><\/div><div class=\"uagb-faq-content\"><p>S\u00ed. Ofrecemos disponibilidad fuera del horario de oficina, incluso en fines de semana, seg\u00fan el tipo de sala y evento. Cons\u00faltanos con antelaci\u00f3n.<\/p><\/div><\/div><div class=\"wp-block-uagb-faq-child uagb-faq-child__outer-wrap uagb-faq-item uagb-block-1e2e0c51 \" role=\"tab\" tabindex=\"0\"><div class=\"uagb-faq-questions-button uagb-faq-questions\">\t\t\t<span class=\"uagb-icon uagb-faq-icon-wrap\">\n\t\t\t\t\t\t\t\t<svg xmlns=\"https:\/\/www.w3.org\/2000\/svg\" viewBox= \"0 0 448 512\"><path d=\"M432 256c0 17.69-14.33 32.01-32 32.01H256v144c0 17.69-14.33 31.99-32 31.99s-32-14.3-32-31.99v-144H48c-17.67 0-32-14.32-32-32.01s14.33-31.99 32-31.99H192v-144c0-17.69 14.33-32.01 32-32.01s32 14.32 32 32.01v144h144C417.7 224 432 238.3 432 256z\"><\/path><\/svg>\n\t\t\t\t\t\t\t<\/span>\n\t\t\t\t\t\t<span class=\"uagb-icon-active uagb-faq-icon-wrap\">\n\t\t\t\t\t\t\t\t<svg xmlns=\"https:\/\/www.w3.org\/2000\/svg\" viewBox= \"0 0 448 512\"><path d=\"M400 288h-352c-17.69 0-32-14.32-32-32.01s14.31-31.99 32-31.99h352c17.69 0 32 14.3 32 31.99S417.7 288 400 288z\"><\/path><\/svg>\n\t\t\t\t\t\t\t<\/span>\n\t\t\t<span class=\"uagb-question\">\u00bfQu\u00e9 capacidad tienen las salas de reuniones en CINC?<\/span><\/div><div class=\"uagb-faq-content\"><p>Disponemos de salas con capacidad desde 4 hasta m\u00e1s de 80 personas. Cu\u00e9ntanos cu\u00e1ntos asistentes tendr\u00e1s y te propondremos el espacio ideal.<\/p><\/div><\/div><div class=\"wp-block-uagb-faq-child uagb-faq-child__outer-wrap uagb-faq-item uagb-block-4cb8b501 \" role=\"tab\" tabindex=\"0\"><div class=\"uagb-faq-questions-button uagb-faq-questions\">\t\t\t<span class=\"uagb-icon uagb-faq-icon-wrap\">\n\t\t\t\t\t\t\t\t<svg xmlns=\"https:\/\/www.w3.org\/2000\/svg\" viewBox= \"0 0 448 512\"><path d=\"M432 256c0 17.69-14.33 32.01-32 32.01H256v144c0 17.69-14.33 31.99-32 31.99s-32-14.3-32-31.99v-144H48c-17.67 0-32-14.32-32-32.01s14.33-31.99 32-31.99H192v-144c0-17.69 14.33-32.01 32-32.01s32 14.32 32 32.01v144h144C417.7 224 432 238.3 432 256z\"><\/path><\/svg>\n\t\t\t\t\t\t\t<\/span>\n\t\t\t\t\t\t<span class=\"uagb-icon-active uagb-faq-icon-wrap\">\n\t\t\t\t\t\t\t\t<svg xmlns=\"https:\/\/www.w3.org\/2000\/svg\" viewBox= \"0 0 448 512\"><path d=\"M400 288h-352c-17.69 0-32-14.32-32-32.01s14.31-31.99 32-31.99h352c17.69 0 32 14.3 32 31.99S417.7 288 400 288z\"><\/path><\/svg>\n\t\t\t\t\t\t\t<\/span>\n\t\t\t<span class=\"uagb-question\">\u00bfQu\u00e9 tipo de eventos puedo organizar en las salas de CINC Barcelona?<\/span><\/div><div class=\"uagb-faq-content\"><p>Nuestras salas son vers\u00e1tiles y se adaptan a todo tipo de eventos corporativos: reuniones, formaciones, presentaciones de producto, entrevistas, workshops, ruedas de prensa o encuentros de networking. Cu\u00e9ntanos el objetivo de tu evento y te asesoraremos con la mejor opci\u00f3n.<\/p><\/div><\/div><div class=\"wp-block-uagb-faq-child uagb-faq-child__outer-wrap uagb-faq-item uagb-block-9d3d9d67 \" role=\"tab\" tabindex=\"0\"><div class=\"uagb-faq-questions-button uagb-faq-questions\">\t\t\t<span class=\"uagb-icon uagb-faq-icon-wrap\">\n\t\t\t\t\t\t\t\t<svg xmlns=\"https:\/\/www.w3.org\/2000\/svg\" viewBox= \"0 0 448 512\"><path d=\"M432 256c0 17.69-14.33 32.01-32 32.01H256v144c0 17.69-14.33 31.99-32 31.99s-32-14.3-32-31.99v-144H48c-17.67 0-32-14.32-32-32.01s14.33-31.99 32-31.99H192v-144c0-17.69 14.33-32.01 32-32.01s32 14.32 32 32.01v144h144C417.7 224 432 238.3 432 256z\"><\/path><\/svg>\n\t\t\t\t\t\t\t<\/span>\n\t\t\t\t\t\t<span class=\"uagb-icon-active uagb-faq-icon-wrap\">\n\t\t\t\t\t\t\t\t<svg xmlns=\"https:\/\/www.w3.org\/2000\/svg\" viewBox= \"0 0 448 512\"><path d=\"M400 288h-352c-17.69 0-32-14.32-32-32.01s14.31-31.99 32-31.99h352c17.69 0 32 14.3 32 31.99S417.7 288 400 288z\"><\/path><\/svg>\n\t\t\t\t\t\t\t<\/span>\n\t\t\t<span class=\"uagb-question\">\u00bfSe puede grabar v\u00eddeo o hacer streaming desde las salas?<\/span><\/div><div class=\"uagb-faq-content\"><p>S\u00ed. Algunas de nuestras salas est\u00e1n equipadas o pueden adaptarse para grabaciones o retransmisiones en directo. Si necesitas c\u00e1maras, microfon\u00eda o soporte t\u00e9cnico adicional, podemos ayudarte a organizarlo.<\/p><\/div><\/div><div class=\"wp-block-uagb-faq-child uagb-faq-child__outer-wrap uagb-faq-item uagb-block-c11082d9 \" role=\"tab\" tabindex=\"0\"><div class=\"uagb-faq-questions-button uagb-faq-questions\">\t\t\t<span class=\"uagb-icon uagb-faq-icon-wrap\">\n\t\t\t\t\t\t\t\t<svg xmlns=\"https:\/\/www.w3.org\/2000\/svg\" viewBox= \"0 0 448 512\"><path d=\"M432 256c0 17.69-14.33 32.01-32 32.01H256v144c0 17.69-14.33 31.99-32 31.99s-32-14.3-32-31.99v-144H48c-17.67 0-32-14.32-32-32.01s14.33-31.99 32-31.99H192v-144c0-17.69 14.33-32.01 32-32.01s32 14.32 32 32.01v144h144C417.7 224 432 238.3 432 256z\"><\/path><\/svg>\n\t\t\t\t\t\t\t<\/span>\n\t\t\t\t\t\t<span class=\"uagb-icon-active uagb-faq-icon-wrap\">\n\t\t\t\t\t\t\t\t<svg xmlns=\"https:\/\/www.w3.org\/2000\/svg\" viewBox= \"0 0 448 512\"><path d=\"M400 288h-352c-17.69 0-32-14.32-32-32.01s14.31-31.99 32-31.99h352c17.69 0 32 14.3 32 31.99S417.7 288 400 288z\"><\/path><\/svg>\n\t\t\t\t\t\t\t<\/span>\n\t\t\t<span class=\"uagb-question\">\u00bfEl alquiler de la sala incluye catering o coffee break?<\/span><\/div><div class=\"uagb-faq-content\"><p>El servicio de coffee break o catering es opcional y personalizable. Podemos ofrecerte desde caf\u00e9 y pastas hasta aperitivos, c\u00f3cteles o men\u00fas completos, adaptados al tipo de evento y n\u00famero de asistentes.<\/p><\/div><\/div><div class=\"wp-block-uagb-faq-child uagb-faq-child__outer-wrap uagb-faq-item uagb-block-70bfea17 \" role=\"tab\" tabindex=\"0\"><div class=\"uagb-faq-questions-button uagb-faq-questions\">\t\t\t<span class=\"uagb-icon uagb-faq-icon-wrap\">\n\t\t\t\t\t\t\t\t<svg xmlns=\"https:\/\/www.w3.org\/2000\/svg\" viewBox= \"0 0 448 512\"><path d=\"M432 256c0 17.69-14.33 32.01-32 32.01H256v144c0 17.69-14.33 31.99-32 31.99s-32-14.3-32-31.99v-144H48c-17.67 0-32-14.32-32-32.01s14.33-31.99 32-31.99H192v-144c0-17.69 14.33-32.01 32-32.01s32 14.32 32 32.01v144h144C417.7 224 432 238.3 432 256z\"><\/path><\/svg>\n\t\t\t\t\t\t\t<\/span>\n\t\t\t\t\t\t<span class=\"uagb-icon-active uagb-faq-icon-wrap\">\n\t\t\t\t\t\t\t\t<svg xmlns=\"https:\/\/www.w3.org\/2000\/svg\" viewBox= \"0 0 448 512\"><path d=\"M400 288h-352c-17.69 0-32-14.32-32-32.01s14.31-31.99 32-31.99h352c17.69 0 32 14.3 32 31.99S417.7 288 400 288z\"><\/path><\/svg>\n\t\t\t\t\t\t\t<\/span>\n\t\t\t<span class=\"uagb-question\">\u00bfHay acceso para personas con movilidad reducida?<\/span><\/div><div class=\"uagb-faq-content\"><p>S\u00ed. Todas nuestras instalaciones est\u00e1n totalmente adaptadas, con accesos sin barreras, ascensores y ba\u00f1os accesibles. Queremos que todos tus asistentes puedan disfrutar del evento con comodidad.<\/p><\/div><\/div><div class=\"wp-block-uagb-faq-child uagb-faq-child__outer-wrap uagb-faq-item uagb-block-552576fa \" role=\"tab\" tabindex=\"0\"><div class=\"uagb-faq-questions-button uagb-faq-questions\">\t\t\t<span class=\"uagb-icon uagb-faq-icon-wrap\">\n\t\t\t\t\t\t\t\t<svg xmlns=\"https:\/\/www.w3.org\/2000\/svg\" viewBox= \"0 0 448 512\"><path d=\"M432 256c0 17.69-14.33 32.01-32 32.01H256v144c0 17.69-14.33 31.99-32 31.99s-32-14.3-32-31.99v-144H48c-17.67 0-32-14.32-32-32.01s14.33-31.99 32-31.99H192v-144c0-17.69 14.33-32.01 32-32.01s32 14.32 32 32.01v144h144C417.7 224 432 238.3 432 256z\"><\/path><\/svg>\n\t\t\t\t\t\t\t<\/span>\n\t\t\t\t\t\t<span class=\"uagb-icon-active uagb-faq-icon-wrap\">\n\t\t\t\t\t\t\t\t<svg xmlns=\"https:\/\/www.w3.org\/2000\/svg\" viewBox= \"0 0 448 512\"><path d=\"M400 288h-352c-17.69 0-32-14.32-32-32.01s14.31-31.99 32-31.99h352c17.69 0 32 14.3 32 31.99S417.7 288 400 288z\"><\/path><\/svg>\n\t\t\t\t\t\t\t<\/span>\n\t\t\t<span class=\"uagb-question\">\u00bfPuedo visitar las salas antes de reservar?<\/span><\/div><div class=\"uagb-faq-content\"><p>S\u00ed. Puedes solicitar una visita sin compromiso para conocer nuestras salas, ver los espacios disponibles y elegir el que mejor se adapte a tus necesidades.<br><a href=\"https:\/\/www.cinc.com\/es\/alquiler-de-salas-online\/\">Agenda una visita aqu\u00ed<\/a><\/p><\/div><\/div><div class=\"wp-block-uagb-faq-child uagb-faq-child__outer-wrap uagb-faq-item uagb-block-39e09368 \" role=\"tab\" tabindex=\"0\"><div class=\"uagb-faq-questions-button uagb-faq-questions\">\t\t\t<span class=\"uagb-icon uagb-faq-icon-wrap\">\n\t\t\t\t\t\t\t\t<svg xmlns=\"https:\/\/www.w3.org\/2000\/svg\" viewBox= \"0 0 448 512\"><path d=\"M432 256c0 17.69-14.33 32.01-32 32.01H256v144c0 17.69-14.33 31.99-32 31.99s-32-14.3-32-31.99v-144H48c-17.67 0-32-14.32-32-32.01s14.33-31.99 32-31.99H192v-144c0-17.69 14.33-32.01 32-32.01s32 14.32 32 32.01v144h144C417.7 224 432 238.3 432 256z\"><\/path><\/svg>\n\t\t\t\t\t\t\t<\/span>\n\t\t\t\t\t\t<span class=\"uagb-icon-active uagb-faq-icon-wrap\">\n\t\t\t\t\t\t\t\t<svg xmlns=\"https:\/\/www.w3.org\/2000\/svg\" viewBox= \"0 0 448 512\"><path d=\"M400 288h-352c-17.69 0-32-14.32-32-32.01s14.31-31.99 32-31.99h352c17.69 0 32 14.3 32 31.99S417.7 288 400 288z\"><\/path><\/svg>\n\t\t\t\t\t\t\t<\/span>\n\t\t\t<span class=\"uagb-question\">\u00bfLas salas tienen aire acondicionado y calefacci\u00f3n?<\/span><\/div><div class=\"uagb-faq-content\"><p>S\u00ed. Todas las salas est\u00e1n climatizadas, con sistemas de aire acondicionado y calefacci\u00f3n regulables para ofrecer una temperatura confortable durante todo el a\u00f1o.<\/p><\/div><\/div><div class=\"wp-block-uagb-faq-child uagb-faq-child__outer-wrap uagb-faq-item uagb-block-19951f65 \" role=\"tab\" tabindex=\"0\"><div class=\"uagb-faq-questions-button uagb-faq-questions\">\t\t\t<span class=\"uagb-icon uagb-faq-icon-wrap\">\n\t\t\t\t\t\t\t\t<svg xmlns=\"https:\/\/www.w3.org\/2000\/svg\" viewBox= \"0 0 448 512\"><path d=\"M432 256c0 17.69-14.33 32.01-32 32.01H256v144c0 17.69-14.33 31.99-32 31.99s-32-14.3-32-31.99v-144H48c-17.67 0-32-14.32-32-32.01s14.33-31.99 32-31.99H192v-144c0-17.69 14.33-32.01 32-32.01s32 14.32 32 32.01v144h144C417.7 224 432 238.3 432 256z\"><\/path><\/svg>\n\t\t\t\t\t\t\t<\/span>\n\t\t\t\t\t\t<span class=\"uagb-icon-active uagb-faq-icon-wrap\">\n\t\t\t\t\t\t\t\t<svg xmlns=\"https:\/\/www.w3.org\/2000\/svg\" viewBox= \"0 0 448 512\"><path d=\"M400 288h-352c-17.69 0-32-14.32-32-32.01s14.31-31.99 32-31.99h352c17.69 0 32 14.3 32 31.99S417.7 288 400 288z\"><\/path><\/svg>\n\t\t\t\t\t\t\t<\/span>\n\t\t\t<span class=\"uagb-question\">\u00bfSe puede modificar una reserva ya confirmada?<\/span><\/div><div class=\"uagb-faq-content\"><p>S\u00ed, siempre que nos avises con antelaci\u00f3n. Podr\u00e1s cambiar la fecha, hora o incluso el tipo de sala, en funci\u00f3n de la disponibilidad. Cons\u00faltanos lo antes posible para ayudarte sin coste adicional.<\/p><\/div><\/div><\/div><\/div><\/div>\n","protected":false},"excerpt":{"rendered":"<p>\u00bfD\u00f3nde quieres alquilar las salas? Nuestros espacios son c\u00f3modos y vers\u00e1tiles, de diferentes capacidades, equipados con la \u00faltima tecnolog\u00eda y con opci\u00f3n de contratar servicios adicionales, como catering, traducci\u00f3n simult\u00e1nea o streaming. Adem\u00e1s, tenemos salas preparadas para organizar pop-up stores, showrooms, filmaciones y rodajes. Con total flexibilidad: salas para usos puntuales o permanentes, alquiler durante [&hellip;]<\/p>\n","protected":false},"author":1,"featured_media":0,"parent":0,"menu_order":0,"comment_status":"closed","ping_status":"closed","template":"","meta":{"_acf_changed":false,"_uag_custom_page_level_css":"","footnotes":""},"class_list":["post-18116","page","type-page","status-publish","hentry"],"acf":[],"uagb_featured_image_src":{"full":false,"thumbnail":false,"medium":false,"medium_large":false,"large":false,"1536x1536":false,"2048x2048":false,"gform-image-choice-sm":false,"gform-image-choice-md":false,"gform-image-choice-lg":false},"uagb_author_info":{"display_name":"Pol","author_link":"https:\/\/www.cinc.com\/es\/author\/pol\/"},"uagb_comment_info":0,"uagb_excerpt":"\u00bfD\u00f3nde quieres alquilar las salas? Nuestros espacios son c\u00f3modos y vers\u00e1tiles, de diferentes capacidades, equipados con la \u00faltima tecnolog\u00eda y con opci\u00f3n de contratar servicios adicionales, como catering, traducci\u00f3n simult\u00e1nea o streaming. Adem\u00e1s, tenemos salas preparadas para organizar pop-up stores, showrooms, filmaciones y rodajes. Con total flexibilidad: salas para usos puntuales o permanentes, alquiler durante&hellip;","jetpack_sharing_enabled":true,"_links":{"self":[{"href":"https:\/\/www.cinc.com\/es\/wp-json\/wp\/v2\/pages\/18116","targetHints":{"allow":["GET"]}}],"collection":[{"href":"https:\/\/www.cinc.com\/es\/wp-json\/wp\/v2\/pages"}],"about":[{"href":"https:\/\/www.cinc.com\/es\/wp-json\/wp\/v2\/types\/page"}],"author":[{"embeddable":true,"href":"https:\/\/www.cinc.com\/es\/wp-json\/wp\/v2\/users\/1"}],"replies":[{"embeddable":true,"href":"https:\/\/www.cinc.com\/es\/wp-json\/wp\/v2\/comments?post=18116"}],"version-history":[{"count":11,"href":"https:\/\/www.cinc.com\/es\/wp-json\/wp\/v2\/pages\/18116\/revisions"}],"predecessor-version":[{"id":31978,"href":"https:\/\/www.cinc.com\/es\/wp-json\/wp\/v2\/pages\/18116\/revisions\/31978"}],"wp:attachment":[{"href":"https:\/\/www.cinc.com\/es\/wp-json\/wp\/v2\/media?parent=18116"}],"curies":[{"name":"wp","href":"https:\/\/api.w.org\/{rel}","templated":true}]}}