{"id":11936,"date":"2023-03-14T12:45:56","date_gmt":"2023-03-14T12:45:56","guid":{"rendered":"https:\/\/www.cinc.com\/?page_id=11936"},"modified":"2025-11-28T13:46:13","modified_gmt":"2025-11-28T12:46:13","slug":"grup-cinc","status":"publish","type":"page","link":"https:\/\/www.cinc.com\/ca\/grup-cinc\/","title":{"rendered":"Grup CINC"},"content":{"rendered":"\n<div style=\"height:40px\" aria-hidden=\"true\" class=\"wp-block-spacer\"><\/div>\n\n\n\n<div class=\"wp-block-uagb-container uagb-block-006ec74b alignfull uagb-is-root-container\"><div class=\"uagb-container-inner-blocks-wrap\">\n<div class=\"wp-block-uagb-container uagb-block-aa277b64\">\n<div class=\"wp-block-cover\"><span aria-hidden=\"true\" class=\"wp-block-cover__background has-black-background-color has-background-dim-0 has-background-dim\"><\/span><img loading=\"lazy\" decoding=\"async\" width=\"600\" height=\"535\" class=\"wp-block-cover__image-background wp-image-20385\" alt=\"\" src=\"https:\/\/www.cinc.com\/wp-content\/uploads\/2024\/01\/cinc-block-bg-1.webp\" data-object-fit=\"cover\" srcset=\"https:\/\/www.cinc.com\/wp-content\/uploads\/2024\/01\/cinc-block-bg-1.webp 600w, https:\/\/www.cinc.com\/wp-content\/uploads\/2024\/01\/cinc-block-bg-1-300x268.webp 300w\" sizes=\"auto, (max-width: 600px) 100vw, 600px\" \/><div class=\"wp-block-cover__inner-container is-layout-constrained wp-block-cover-is-layout-constrained\">\n<h2 class=\"wp-block-heading has-text-align-left has-white-color has-text-color has-large-font-size\">Assessoria d&#8217;empreses<\/h2>\n\n\n\n<p class=\"has-white-color has-text-color has-link-color wp-elements-7bd246848cce6002d14a183c94976577\">Dedica&#8217;t a fer cr\u00e9ixer el teu negoci amb la tranquil\u00b7litat de deixar la seva gesti\u00f3 a les nostres mans<\/p>\n\n\n\n<div class=\"wp-block-buttons is-layout-flex wp-block-buttons-is-layout-flex\">\n<div class=\"wp-block-button is-style-outline is-style-outline--1\"><a class=\"wp-block-button__link wp-element-button\" href=\"https:\/\/www.cinc.com\/ca\/assessoria-dempreses\/\">Veure serveis<\/a><\/div>\n<\/div>\n<\/div><\/div>\n<\/div>\n\n\n\n<div class=\"wp-block-uagb-container uagb-block-1c6f869d\">\n<div class=\"wp-block-cover\"><span aria-hidden=\"true\" class=\"wp-block-cover__background has-black-background-color has-background-dim-30 has-background-dim\"><\/span><img loading=\"lazy\" decoding=\"async\" width=\"600\" height=\"535\" class=\"wp-block-cover__image-background wp-image-29690\" alt=\"\" src=\"https:\/\/www.cinc.com\/wp-content\/uploads\/fotos-noves-web-1.webp\" data-object-fit=\"cover\" srcset=\"https:\/\/www.cinc.com\/wp-content\/uploads\/fotos-noves-web-1.webp 600w, https:\/\/www.cinc.com\/wp-content\/uploads\/fotos-noves-web-1-300x268.webp 300w\" sizes=\"auto, (max-width: 600px) 100vw, 600px\" \/><div class=\"wp-block-cover__inner-container is-layout-constrained wp-block-cover-is-layout-constrained\">\n<h2 class=\"wp-block-heading has-text-align-left has-white-color has-text-color has-large-font-size\">Centre de Negocis i coworking<\/h2>\n\n\n\n<p class=\"has-white-color has-text-color has-link-color wp-elements-372a55a19d5fdcf82bf31e4aa61e048e\">Gaudeix d&#8217;espais exclusius totalment equipats que atorguen imatge i prestigi al teu negoci<\/p>\n\n\n\n<div class=\"wp-block-buttons is-layout-flex wp-block-buttons-is-layout-flex\">\n<div class=\"wp-block-button is-style-outline is-style-outline--2\"><a class=\"wp-block-button__link wp-element-button\" href=\"https:\/\/www.cinc.com\/ca\/espais-coworking-cinc\/\">Veure serveis<\/a><\/div>\n<\/div>\n<\/div><\/div>\n<\/div>\n\n\n\n<div class=\"wp-block-uagb-container uagb-block-3a906aa4\">\n<div class=\"wp-block-cover\"><span aria-hidden=\"true\" class=\"wp-block-cover__background has-background-dim-0 has-background-dim\" style=\"background-color:#bd5117\"><\/span><img loading=\"lazy\" decoding=\"async\" width=\"600\" height=\"535\" class=\"wp-block-cover__image-background wp-image-29695\" alt=\"\" src=\"https:\/\/www.cinc.com\/wp-content\/uploads\/fotos-noves-web-2.webp\" data-object-fit=\"cover\" srcset=\"https:\/\/www.cinc.com\/wp-content\/uploads\/fotos-noves-web-2.webp 600w, https:\/\/www.cinc.com\/wp-content\/uploads\/fotos-noves-web-2-300x268.webp 300w\" sizes=\"auto, (max-width: 600px) 100vw, 600px\" \/><div class=\"wp-block-cover__inner-container is-layout-constrained wp-block-cover-is-layout-constrained\">\n<h2 class=\"wp-block-heading has-text-align-left has-white-color has-text-color has-large-font-size\">Corredoria d&#8217;assegurances<\/h2>\n\n\n\n<p>T&#8217;oferim un servei integral per ajudar-te a trobar la millor soluci\u00f3 asseguradora<\/p>\n\n\n\n<div class=\"wp-block-buttons is-layout-flex wp-block-buttons-is-layout-flex\">\n<div class=\"wp-block-button is-style-outline is-style-outline--3\"><a class=\"wp-block-button__link wp-element-button\" href=\"https:\/\/www.cinc.com\/ca\/corredoria\/\">Veure serveis<\/a><\/div>\n<\/div>\n<\/div><\/div>\n<\/div>\n<\/div><\/div>\n\n\n\n<div class=\"wp-block-uagb-container uagb-block-466f4ae6 alignfull uagb-is-root-container\"><div class=\"uagb-container-inner-blocks-wrap\">\n<div class=\"wp-block-uagb-container uagb-block-747e1891\">\n<h2 class=\"wp-block-heading has-text-align-center has-large-font-size\" style=\"font-style:normal;font-weight:300\">Hist\u00f2ria<\/h2>\n\n\n\n<p class=\"has-text-align-center\">CINC neix a Figueres el 1992. Al llarg de tota la nostra traject\u00f2ria, ens hem adaptat constantment als canvis del m\u00f3n empresarial, ampliant els nostres serveis per oferir-te solucions a les teves necessitats amb una atenci\u00f3 excel\u00b7lent.<\/p>\n\n\n\n<div class=\"wp-block-uagb-content-timeline uagb-timeline__outer-wrap uagb-block-456611ee uagb-timeline__content-wrap uagb-timeline__center-block  uagb-timeline__arrow-top uagb-timeline\">\n<article class=\"wp-block-uagb-content-timeline-child uagb-timeline__field uagb-timeline-child-214a4788 uagb-timeline__right\"><div class=\"uagb-timeline__marker out-view-uagb-timeline__icon\"><svg xmlns=\"https:\/\/www.w3.org\/2000\/svg\" viewBox=\"0 0 448 512\"><path d=\"M438.6 105.4C451.1 117.9 451.1 138.1 438.6 150.6L182.6 406.6C170.1 419.1 149.9 419.1 137.4 406.6L9.372 278.6C-3.124 266.1-3.124 245.9 9.372 233.4C21.87 220.9 42.13 220.9 54.63 233.4L159.1 338.7L393.4 105.4C405.9 92.88 426.1 92.88 438.6 105.4H438.6z\"><\/path><\/svg><\/div><div class=\"uagb-timeline__day-new uagb-timeline__day-right uagb-timeline__events-inner-new\"><div class=\"uagb-timeline__events-inner--content\"><h5 class=\"uagb-timeline__heading\">1992<\/h5><p class=\"uagb-timeline-desc-content\">Neix el CINC Figueres<\/p><div class=\"uagb-timeline__arrow\"><\/div><\/div><\/div><div class=\"uagb-timeline__date-new\"><\/div><\/article>\n\n\n\n<article class=\"wp-block-uagb-content-timeline-child uagb-timeline__field uagb-timeline-child-668c23b1 uagb-timeline__left\"><div class=\"uagb-timeline__marker out-view-uagb-timeline__icon\"><svg xmlns=\"https:\/\/www.w3.org\/2000\/svg\" viewBox=\"0 0 448 512\"><path d=\"M438.6 105.4C451.1 117.9 451.1 138.1 438.6 150.6L182.6 406.6C170.1 419.1 149.9 419.1 137.4 406.6L9.372 278.6C-3.124 266.1-3.124 245.9 9.372 233.4C21.87 220.9 42.13 220.9 54.63 233.4L159.1 338.7L393.4 105.4C405.9 92.88 426.1 92.88 438.6 105.4H438.6z\"><\/path><\/svg><\/div><div class=\"uagb-timeline__day-new uagb-timeline__day-left uagb-timeline__events-inner-new\"><div class=\"uagb-timeline__events-inner--content\"><h5 class=\"uagb-timeline__heading\">1997<\/h5><p class=\"uagb-timeline-desc-content\">Inauguraci\u00f3 nou edifici a Figueres<\/p><div class=\"uagb-timeline__arrow\"><\/div><\/div><\/div><div class=\"uagb-timeline__date-new\"><\/div><\/article>\n\n\n\n<article class=\"wp-block-uagb-content-timeline-child uagb-timeline__field uagb-timeline-child-c78e92ec uagb-timeline__right\"><div class=\"uagb-timeline__marker out-view-uagb-timeline__icon\"><svg xmlns=\"https:\/\/www.w3.org\/2000\/svg\" viewBox=\"0 0 448 512\"><path d=\"M438.6 105.4C451.1 117.9 451.1 138.1 438.6 150.6L182.6 406.6C170.1 419.1 149.9 419.1 137.4 406.6L9.372 278.6C-3.124 266.1-3.124 245.9 9.372 233.4C21.87 220.9 42.13 220.9 54.63 233.4L159.1 338.7L393.4 105.4C405.9 92.88 426.1 92.88 438.6 105.4H438.6z\"><\/path><\/svg><\/div><div class=\"uagb-timeline__day-new uagb-timeline__day-right uagb-timeline__events-inner-new\"><div class=\"uagb-timeline__events-inner--content\"><h5 class=\"uagb-timeline__heading\">1999<\/h5><p class=\"uagb-timeline-desc-content\">Obertura d&#8217;oficines a Girona<\/p><div class=\"uagb-timeline__arrow\"><\/div><\/div><\/div><div class=\"uagb-timeline__date-new\"><\/div><\/article>\n\n\n\n<article class=\"wp-block-uagb-content-timeline-child uagb-timeline__field uagb-timeline-child-89541da3 uagb-timeline__left\"><div class=\"uagb-timeline__marker out-view-uagb-timeline__icon\"><svg xmlns=\"https:\/\/www.w3.org\/2000\/svg\" viewBox=\"0 0 448 512\"><path d=\"M438.6 105.4C451.1 117.9 451.1 138.1 438.6 150.6L182.6 406.6C170.1 419.1 149.9 419.1 137.4 406.6L9.372 278.6C-3.124 266.1-3.124 245.9 9.372 233.4C21.87 220.9 42.13 220.9 54.63 233.4L159.1 338.7L393.4 105.4C405.9 92.88 426.1 92.88 438.6 105.4H438.6z\"><\/path><\/svg><\/div><div class=\"uagb-timeline__day-new uagb-timeline__day-left uagb-timeline__events-inner-new\"><div class=\"uagb-timeline__events-inner--content\"><h5 class=\"uagb-timeline__heading\">2003<\/h5><p class=\"uagb-timeline-desc-content\">Inauguraci\u00f3 nou edifici a Girona<\/p><div class=\"uagb-timeline__arrow\"><\/div><\/div><\/div><div class=\"uagb-timeline__date-new\"><\/div><\/article>\n\n\n\n<article class=\"wp-block-uagb-content-timeline-child uagb-timeline__field uagb-timeline-child-a4c6c619 uagb-timeline__right\"><div class=\"uagb-timeline__marker out-view-uagb-timeline__icon\"><svg xmlns=\"https:\/\/www.w3.org\/2000\/svg\" viewBox=\"0 0 448 512\"><path d=\"M438.6 105.4C451.1 117.9 451.1 138.1 438.6 150.6L182.6 406.6C170.1 419.1 149.9 419.1 137.4 406.6L9.372 278.6C-3.124 266.1-3.124 245.9 9.372 233.4C21.87 220.9 42.13 220.9 54.63 233.4L159.1 338.7L393.4 105.4C405.9 92.88 426.1 92.88 438.6 105.4H438.6z\"><\/path><\/svg><\/div><div class=\"uagb-timeline__day-new uagb-timeline__day-right uagb-timeline__events-inner-new\"><div class=\"uagb-timeline__events-inner--content\"><h5 class=\"uagb-timeline__heading\">2007<\/h5><p class=\"uagb-timeline-desc-content\">Inauguraci\u00f3 nou edifici a Barcelona<\/p><div class=\"uagb-timeline__arrow\"><\/div><\/div><\/div><div class=\"uagb-timeline__date-new\"><\/div><\/article>\n\n\n\n<article class=\"wp-block-uagb-content-timeline-child uagb-timeline__field uagb-timeline-child-8dbf4ee1 uagb-timeline__left\"><div class=\"uagb-timeline__marker out-view-uagb-timeline__icon\"><svg xmlns=\"https:\/\/www.w3.org\/2000\/svg\" viewBox=\"0 0 448 512\"><path d=\"M438.6 105.4C451.1 117.9 451.1 138.1 438.6 150.6L182.6 406.6C170.1 419.1 149.9 419.1 137.4 406.6L9.372 278.6C-3.124 266.1-3.124 245.9 9.372 233.4C21.87 220.9 42.13 220.9 54.63 233.4L159.1 338.7L393.4 105.4C405.9 92.88 426.1 92.88 438.6 105.4H438.6z\"><\/path><\/svg><\/div><div class=\"uagb-timeline__day-new uagb-timeline__day-left uagb-timeline__events-inner-new\"><div class=\"uagb-timeline__events-inner--content\"><h5 class=\"uagb-timeline__heading\">2013<\/h5><p class=\"uagb-timeline-desc-content\">Integraci\u00f3 amb Ass. Empord\u00e0 i Arbat &amp;Turr\u00f3<\/p><div class=\"uagb-timeline__arrow\"><\/div><\/div><\/div><div class=\"uagb-timeline__date-new\"><\/div><\/article>\n\n\n\n<article class=\"wp-block-uagb-content-timeline-child uagb-timeline__field uagb-timeline-child-58878acf uagb-timeline__right\"><div class=\"uagb-timeline__marker out-view-uagb-timeline__icon\"><svg xmlns=\"https:\/\/www.w3.org\/2000\/svg\" viewBox=\"0 0 448 512\"><path d=\"M438.6 105.4C451.1 117.9 451.1 138.1 438.6 150.6L182.6 406.6C170.1 419.1 149.9 419.1 137.4 406.6L9.372 278.6C-3.124 266.1-3.124 245.9 9.372 233.4C21.87 220.9 42.13 220.9 54.63 233.4L159.1 338.7L393.4 105.4C405.9 92.88 426.1 92.88 438.6 105.4H438.6z\"><\/path><\/svg><\/div><div class=\"uagb-timeline__day-new uagb-timeline__day-right uagb-timeline__events-inner-new\"><div class=\"uagb-timeline__events-inner--content\"><h5 class=\"uagb-timeline__heading\">2018<\/h5><p class=\"uagb-timeline-desc-content\">Integraci\u00f3 amb Ag\u00e8ncia Girona<\/p><div class=\"uagb-timeline__arrow\"><\/div><\/div><\/div><div class=\"uagb-timeline__date-new\"><\/div><\/article>\n<div class=\"uagb-timeline__line\"><div class=\"uagb-timeline__line__inner\"><\/div><\/div><\/div>\n<\/div>\n<\/div><\/div>\n\n\n\n<div class=\"wp-block-uagb-container uagb-block-7b507ef4 alignfull uagb-is-root-container\"><div class=\"uagb-container-inner-blocks-wrap\">\n<div class=\"wp-block-uagb-container uagb-block-01a03a93\">\n<h3 class=\"wp-block-heading has-text-align-left\" style=\"font-style:normal;font-weight:300\">Visi\u00f3<\/h3>\n\n\n\n<p class=\"has-text-align-left p-small\">Ser un referent en el sector i per als nostres clients per proximitat, qualitat dels nostres serveis i vinculaci\u00f3 als seus objectius.<\/p>\n<\/div>\n\n\n\n<div class=\"wp-block-uagb-container uagb-block-a6558c79\">\n<h3 class=\"wp-block-heading has-text-align-left\" style=\"font-style:normal;font-weight:300\">Missi\u00f3 i Valors<\/h3>\n\n\n\n<p class=\"has-text-align-left\">La nostra missi\u00f3: innovar i aportar solucions reals i concretes a les necessitats dels nostres clients i del sector.<\/p>\n\n\n\n<p class=\"has-text-align-left\">Comunicaci\u00f3 + Innovaci\u00f3 + Lideratge + Cooperaci\u00f3 + Perseveran\u00e7a + Planificaci\u00f3<\/p>\n<\/div>\n<\/div><\/div>\n\n\n\n<div class=\"wp-block-uagb-container uagb-block-66a52195 default uagb-is-root-container\">\n<div class=\"wp-block-uagb-advanced-heading uagb-block-d47e4286\"><h2 class=\"uagb-heading-text\">Not\u00edcies destacades<\/h2><\/div>\n\n\n\n\t\t\t<div class=\"wp-block-uagb-post-grid uagb-post-grid  uagb-post__image-position-top uagb-post__image-enabled uagb-block-ad528a11     uagb-post__items uagb-post__columns-3 is-grid uagb-post__columns-tablet-2 uagb-post__columns-mobile-1 uagb-post__equal-height\" data-total=\"281\" style=\"\">\n\n\t\t\t\t\t\t\t\t\t\t\t\t<article class=\"uagb-post__inner-wrap\">\t\t\t\t\t\t\t\t<div class='uagb-post__image'>\n\t\t\t\t\t\t\t\t\t<a href=\"https:\/\/www.cinc.com\/ca\/les-autoritats-de-proteccio-de-dades-reforcen-la-collaboracio-davant-els-reptes-digitals\/\" target=\"_self\" rel=\"bookmark noopener noreferrer\" class='uagb-image-ratio-9-16'><img loading=\"lazy\" decoding=\"async\" width=\"300\" height=\"196\" src=\"https:\/\/www.cinc.com\/wp-content\/uploads\/thedigitalway-computer-1591018_1920-300x196.jpg\" class=\"attachment-medium size-medium\" alt=\"\" srcset=\"https:\/\/www.cinc.com\/wp-content\/uploads\/thedigitalway-computer-1591018_1920-300x196.jpg 300w, https:\/\/www.cinc.com\/wp-content\/uploads\/thedigitalway-computer-1591018_1920-1651x1080.jpg 1651w, https:\/\/www.cinc.com\/wp-content\/uploads\/thedigitalway-computer-1591018_1920-768x502.jpg 768w, https:\/\/www.cinc.com\/wp-content\/uploads\/thedigitalway-computer-1591018_1920-1536x1005.jpg 1536w, https:\/\/www.cinc.com\/wp-content\/uploads\/thedigitalway-computer-1591018_1920.jpg 1920w\" sizes=\"auto, (max-width: 300px) 100vw, 300px\" \/>\t\t\t\t\t<\/a>\n\t\t\t\t\t\t\t<\/div>\n\t\t\t\t\t\t<h4 class=\"uagb-post__title uagb-post__text\">\n\t\t\t\t<a href=\"https:\/\/www.cinc.com\/ca\/les-autoritats-de-proteccio-de-dades-reforcen-la-collaboracio-davant-els-reptes-digitals\/\" target=\"_self\" rel=\"bookmark noopener noreferrer\">Les autoritats de protecci\u00f3 de dades reforcen la col\u00b7laboraci\u00f3 davant els reptes digitals<\/a>\n\t\t\t<\/h4>\n\t\t\t\t\t\t<div class='uagb-post__text uagb-post-grid-byline'>\n\t\t\t\t\t\t\t<\/div>\n\t\t\t\t\t\t\t<div class='uagb-post__text uagb-post__excerpt'>\n\t\t\t\t\tOrganismes p\u00fablics han acordat treballar de manera conjunta per refor\u00e7ar la seguretat de la informaci\u00f3&#8230;\t\t\t\t<\/div>\n\t\t\t\t\t\t<div class=\"uagb-post__text uagb-post__cta wp-block-button\">\n\t\t\t\t<a class=\"wp-block-button__link uagb-text-link\" style=\"\" href=\"https:\/\/www.cinc.com\/ca\/les-autoritats-de-proteccio-de-dades-reforcen-la-collaboracio-davant-els-reptes-digitals\/\" target=\"_self\" rel=\"bookmark noopener noreferrer\">Llegir m\u00e9s<\/a>\n\t\t\t<\/div>\n\t\t\t\n\t\t\t\t\t\t\t\t\t<\/article>\n\t\t\t\t\t\t\t\t\t\t\t\t\t\t\t\t<article class=\"uagb-post__inner-wrap\">\t\t\t\t\t\t\t\t<div class='uagb-post__image'>\n\t\t\t\t\t\t\t\t\t<a href=\"https:\/\/www.cinc.com\/ca\/entrevista-a-cedric-choffat\/\" target=\"_self\" rel=\"bookmark noopener noreferrer\" class='uagb-image-ratio-9-16'><img loading=\"lazy\" decoding=\"async\" width=\"300\" height=\"225\" src=\"https:\/\/www.cinc.com\/wp-content\/uploads\/MILIPOL-2025-300x225.jpg\" class=\"attachment-medium size-medium\" alt=\"\" srcset=\"https:\/\/www.cinc.com\/wp-content\/uploads\/MILIPOL-2025-300x225.jpg 300w, https:\/\/www.cinc.com\/wp-content\/uploads\/MILIPOL-2025-1440x1080.jpg 1440w, https:\/\/www.cinc.com\/wp-content\/uploads\/MILIPOL-2025-768x576.jpg 768w, https:\/\/www.cinc.com\/wp-content\/uploads\/MILIPOL-2025-1536x1152.jpg 1536w, https:\/\/www.cinc.com\/wp-content\/uploads\/MILIPOL-2025.jpg 2048w\" sizes=\"auto, (max-width: 300px) 100vw, 300px\" \/>\t\t\t\t\t<\/a>\n\t\t\t\t\t\t\t<\/div>\n\t\t\t\t\t\t<h4 class=\"uagb-post__title uagb-post__text\">\n\t\t\t\t<a href=\"https:\/\/www.cinc.com\/ca\/entrevista-a-cedric-choffat\/\" target=\"_self\" rel=\"bookmark noopener noreferrer\">Entrevista a C\u00e9dric Choffat<\/a>\n\t\t\t<\/h4>\n\t\t\t\t\t\t<div class='uagb-post__text uagb-post-grid-byline'>\n\t\t\t\t\t\t\t<\/div>\n\t\t\t\t\t\t\t<div class='uagb-post__text uagb-post__excerpt'>\n\t\t\t\t\tParlem amb C\u00e9dric Choffat, emprenedor i fundador de Momentum Technologies.\t\t\t\t<\/div>\n\t\t\t\t\t\t<div class=\"uagb-post__text uagb-post__cta wp-block-button\">\n\t\t\t\t<a class=\"wp-block-button__link uagb-text-link\" style=\"\" href=\"https:\/\/www.cinc.com\/ca\/entrevista-a-cedric-choffat\/\" target=\"_self\" rel=\"bookmark noopener noreferrer\">Llegir m\u00e9s<\/a>\n\t\t\t<\/div>\n\t\t\t\n\t\t\t\t\t\t\t\t\t<\/article>\n\t\t\t\t\t\t\t\t\t\t\t\t\t\t\t\t<article class=\"uagb-post__inner-wrap\">\t\t\t\t\t\t\t\t<div class='uagb-post__image'>\n\t\t\t\t\t\t\t\t\t<a href=\"https:\/\/www.cinc.com\/ca\/la-aepd-impulsa-una-xarxa-estatal-de-recerca-en-privacitat-i-tecnologies-emergents\/\" target=\"_self\" rel=\"bookmark noopener noreferrer\" class='uagb-image-ratio-9-16'><img loading=\"lazy\" decoding=\"async\" width=\"300\" height=\"200\" src=\"https:\/\/www.cinc.com\/wp-content\/uploads\/geralt-network-4109223_1920-300x200.jpg\" class=\"attachment-medium size-medium\" alt=\"\" srcset=\"https:\/\/www.cinc.com\/wp-content\/uploads\/geralt-network-4109223_1920-300x200.jpg 300w, https:\/\/www.cinc.com\/wp-content\/uploads\/geralt-network-4109223_1920-1620x1080.jpg 1620w, https:\/\/www.cinc.com\/wp-content\/uploads\/geralt-network-4109223_1920-768x512.jpg 768w, https:\/\/www.cinc.com\/wp-content\/uploads\/geralt-network-4109223_1920-1536x1024.jpg 1536w, https:\/\/www.cinc.com\/wp-content\/uploads\/geralt-network-4109223_1920.jpg 1920w\" sizes=\"auto, (max-width: 300px) 100vw, 300px\" \/>\t\t\t\t\t<\/a>\n\t\t\t\t\t\t\t<\/div>\n\t\t\t\t\t\t<h4 class=\"uagb-post__title uagb-post__text\">\n\t\t\t\t<a href=\"https:\/\/www.cinc.com\/ca\/la-aepd-impulsa-una-xarxa-estatal-de-recerca-en-privacitat-i-tecnologies-emergents\/\" target=\"_self\" rel=\"bookmark noopener noreferrer\">La AEPD impulsa una xarxa estatal de recerca en privacitat i tecnologies emergents<\/a>\n\t\t\t<\/h4>\n\t\t\t\t\t\t<div class='uagb-post__text uagb-post-grid-byline'>\n\t\t\t\t\t\t\t<\/div>\n\t\t\t\t\t\t\t<div class='uagb-post__text uagb-post__excerpt'>\n\t\t\t\t\tUn nou espai de col\u00b7laboraci\u00f3 reuneix equips de recerca de tot l\u2019Estat per impulsar projectes&#8230;\t\t\t\t<\/div>\n\t\t\t\t\t\t<div class=\"uagb-post__text uagb-post__cta wp-block-button\">\n\t\t\t\t<a class=\"wp-block-button__link uagb-text-link\" style=\"\" href=\"https:\/\/www.cinc.com\/ca\/la-aepd-impulsa-una-xarxa-estatal-de-recerca-en-privacitat-i-tecnologies-emergents\/\" target=\"_self\" rel=\"bookmark noopener noreferrer\">Llegir m\u00e9s<\/a>\n\t\t\t<\/div>\n\t\t\t\n\t\t\t\t\t\t\t\t\t<\/article>\n\t\t\t\t\t\t\t\t\t\t\t<\/div>\n\t\t\t<\/div>\n\n\n\n<div class=\"wp-block-uagb-container uagb-block-490cca05 alignfull uagb-is-root-container\"><div class=\"uagb-container-inner-blocks-wrap\">\n<h2 class=\"wp-block-heading has-mask-fill no-margins\">Actes i confer\u00e8ncies<\/h2>\n\n\n\n<p>Descobreix i apunta\u2019t a tots els actes i confer\u00e8ncies organitzades!<\/p>\n\n\n\n<div class=\"wp-block-buttons is-layout-flex wp-block-buttons-is-layout-flex\">\n<div class=\"wp-block-button\"><a class=\"wp-block-button__link wp-element-button\" href=\"https:\/\/www.cinc.com\/actes\/\">Veure actes<\/a><\/div>\n<\/div>\n<\/div><\/div>\n\n\n\n<div class=\"wp-block-uagb-container uagb-block-520c94a1 alignfull uagb-is-root-container\"><div class=\"uagb-container-inner-blocks-wrap\">\n<div class=\"marquee-text-wrapper \"><p class=\"marquee-text big-title fw\">Apunta&#8217;t a la nostra newsletter<\/p><\/div>\n\n\n<div class=\"wp-block-cinc-blocks-newsletter-form\">\n    <form id=\"newsletter-form\" method=\"POST\" class=\"wp-block-cinc-blocks-newsletter-form__form\">\n        <input class=\"wp-block-cinc-blocks-newsletter-form__field\" type=\"text\" placeholder=\"Your name\" name=\"name\" required \/>\n        <select class=\"wp-block-cinc-blocks-newsletter-form__select\" name=\"town\" required>\n            <option value=\"\" readonly>Town<\/option>\n            <option value=\"barcelona\">Barcelona<\/option>\n            <option value=\"girona\">Girona<\/option>\n        <\/select>\n        <input class=\"wp-block-cinc-blocks-newsletter-form__field\" type=\"email\" placeholder=\"Your email\" name=\"email\" required \/>\n        <button class=\"wp-block-cinc-blocks-newsletter-form__button\">Subscribe<\/button>\n    <\/form>\n    <div id=\"newsletter-form-response\"><\/div>\n<\/div><\/div><\/div>\n","protected":false},"excerpt":{"rendered":"<p>Hist\u00f2ria CINC neix a Figueres el 1992. Al llarg de tota la nostra traject\u00f2ria, ens hem adaptat constantment als canvis del m\u00f3n empresarial, ampliant els nostres serveis per oferir-te solucions a les teves necessitats amb una atenci\u00f3 excel\u00b7lent. Visi\u00f3 Ser un referent en el sector i per als nostres clients per proximitat, qualitat dels nostres [&hellip;]<\/p>\n","protected":false},"author":4,"featured_media":0,"parent":0,"menu_order":0,"comment_status":"closed","ping_status":"closed","template":"","meta":{"_acf_changed":false,"_uag_custom_page_level_css":"","footnotes":""},"class_list":["post-11936","page","type-page","status-publish","hentry"],"acf":[],"uagb_featured_image_src":{"full":false,"thumbnail":false,"medium":false,"medium_large":false,"large":false,"1536x1536":false,"2048x2048":false,"gform-image-choice-sm":false,"gform-image-choice-md":false,"gform-image-choice-lg":false},"uagb_author_info":{"display_name":"Paula","author_link":"https:\/\/www.cinc.com\/ca\/author\/paula\/"},"uagb_comment_info":0,"uagb_excerpt":"Hist\u00f2ria CINC neix a Figueres el 1992. Al llarg de tota la nostra traject\u00f2ria, ens hem adaptat constantment als canvis del m\u00f3n empresarial, ampliant els nostres serveis per oferir-te solucions a les teves necessitats amb una atenci\u00f3 excel\u00b7lent. Visi\u00f3 Ser un referent en el sector i per als nostres clients per proximitat, qualitat dels nostres&hellip;","jetpack_sharing_enabled":true,"_links":{"self":[{"href":"https:\/\/www.cinc.com\/ca\/wp-json\/wp\/v2\/pages\/11936","targetHints":{"allow":["GET"]}}],"collection":[{"href":"https:\/\/www.cinc.com\/ca\/wp-json\/wp\/v2\/pages"}],"about":[{"href":"https:\/\/www.cinc.com\/ca\/wp-json\/wp\/v2\/types\/page"}],"author":[{"embeddable":true,"href":"https:\/\/www.cinc.com\/ca\/wp-json\/wp\/v2\/users\/4"}],"replies":[{"embeddable":true,"href":"https:\/\/www.cinc.com\/ca\/wp-json\/wp\/v2\/comments?post=11936"}],"version-history":[{"count":17,"href":"https:\/\/www.cinc.com\/ca\/wp-json\/wp\/v2\/pages\/11936\/revisions"}],"predecessor-version":[{"id":32677,"href":"https:\/\/www.cinc.com\/ca\/wp-json\/wp\/v2\/pages\/11936\/revisions\/32677"}],"wp:attachment":[{"href":"https:\/\/www.cinc.com\/ca\/wp-json\/wp\/v2\/media?parent=11936"}],"curies":[{"name":"wp","href":"https:\/\/api.w.org\/{rel}","templated":true}]}}