{"id":11831,"date":"2023-03-14T08:11:58","date_gmt":"2023-03-14T08:11:58","guid":{"rendered":"https:\/\/www.cinc.com\/?page_id=11831"},"modified":"2025-11-28T13:39:25","modified_gmt":"2025-11-28T12:39:25","slug":"assegurances-per-a-empreses-i-collectius","status":"publish","type":"page","link":"https:\/\/www.cinc.com\/ca\/corredoria\/assegurances-per-a-empreses-i-collectius\/","title":{"rendered":"Assegurances per a empreses i col\u00b7lectius"},"content":{"rendered":"\n<div class=\"wp-block-uagb-container uagb-block-d1c02ce8 alignfull uagb-is-root-container\"><div class=\"uagb-container-inner-blocks-wrap\">\n<div class=\"wp-block-uagb-container uagb-block-8993e415\">\n<figure class=\"wp-block-image size-full is-resized\"><img loading=\"lazy\" decoding=\"async\" width=\"168\" height=\"157\" src=\"http:\/\/www.cinc.com\/wp-content\/uploads\/2023\/10\/Mesa-de-trabajo-4-copia-3.png\" alt=\"\" class=\"wp-image-18247\" style=\"aspect-ratio:1.070063694267516;object-fit:cover;width:50px\"\/><\/figure>\n\n\n\n<h4 class=\"wp-block-heading has-mask-fill\">Multirisc d\u2019empresa<\/h4>\n\n\n\n<p>Protecci\u00f3 completa per l&#8217;immoble, les instal\u00b7lacions i les mercaderies de la teva empresa i tots els riscos vinculats a l&#8217;activitat econ\u00f2mica de l&#8217;empresa.<\/p>\n\n\n\n<div class=\"wp-block-buttons is-layout-flex wp-block-buttons-is-layout-flex\">\n<div class=\"wp-block-button\"><a class=\"wp-block-button__link wp-element-button\" href=\"https:\/\/www.cinc.com\/contacte\/\">Contractar<\/a><\/div>\n<\/div>\n<\/div>\n\n\n\n<div class=\"wp-block-uagb-container uagb-block-6578e6d0\">\n<figure class=\"wp-block-image size-full is-resized\"><img loading=\"lazy\" decoding=\"async\" width=\"168\" height=\"157\" src=\"https:\/\/www.cinc.com\/wp-content\/uploads\/2023\/10\/Mesa-de-trabajo-4-copia-4.png\" alt=\"\" class=\"wp-image-18285\" style=\"aspect-ratio:1.070063694267516;object-fit:cover;width:50px\"\/><\/figure>\n\n\n\n<h4 class=\"wp-block-heading has-mask-fill\">Responsabilitat civil<\/h4>\n\n\n\n<p>Estudiem la cobertura de tot tipus d&#8217;activitat, capitals o \u00e0mbit (nacional o internacional) perqu\u00e8 estiguis protegit contra possibles reclamacions de tercers per danys materials i\/o personals.<\/p>\n\n\n\n<div class=\"wp-block-buttons is-layout-flex wp-block-buttons-is-layout-flex\">\n<div class=\"wp-block-button\"><a class=\"wp-block-button__link wp-element-button\" href=\"https:\/\/www.cinc.com\/contacte\/\">Contractar<\/a><\/div>\n<\/div>\n<\/div>\n\n\n\n<div class=\"wp-block-uagb-container uagb-block-6a55cfd4\">\n<figure class=\"wp-block-image size-full is-resized\"><img loading=\"lazy\" decoding=\"async\" width=\"168\" height=\"157\" src=\"http:\/\/www.cinc.com\/wp-content\/uploads\/2023\/10\/Mesa-de-trabajo-4-copia-5.png\" alt=\"\" class=\"wp-image-18044\" style=\"aspect-ratio:1.070063694267516;object-fit:cover;width:50px\"\/><\/figure>\n\n\n\n<h4 class=\"wp-block-heading has-mask-fill\">Ciberriscos<\/h4>\n\n\n\n<p>Garanteix la seguretat de la teva empresa davant de qualsevol tipus de ciberrisc.<\/p>\n\n\n\n<div class=\"wp-block-buttons is-layout-flex wp-block-buttons-is-layout-flex\">\n<div class=\"wp-block-button\"><a class=\"wp-block-button__link wp-element-button\" href=\"https:\/\/www.cinc.com\/contacte\/\">Contractar<\/a><\/div>\n<\/div>\n<\/div>\n<\/div><\/div>\n\n\n\n<div class=\"wp-block-uagb-container uagb-block-5242c775 alignfull uagb-is-root-container\"><div class=\"uagb-container-inner-blocks-wrap\">\n<div class=\"wp-block-uagb-container uagb-block-82d801ed\">\n<figure class=\"wp-block-image size-full is-resized\"><img loading=\"lazy\" decoding=\"async\" width=\"168\" height=\"157\" src=\"http:\/\/www.cinc.com\/wp-content\/uploads\/2023\/10\/Mesa-de-trabajo-4-copia-8.png\" alt=\"\" class=\"wp-image-18052\" style=\"aspect-ratio:1.070063694267516;object-fit:cover;width:50px\"\/><\/figure>\n\n\n\n<h4 class=\"wp-block-heading has-mask-fill\">Responsabilitat Civil de Consellers i Directius<\/h4>\n\n\n\n<p>La millor manera de protegir el consell de direcci\u00f3 de l&#8217;empresa i alts c\u00e0rrecs davant de reclamacions de tercers.<\/p>\n\n\n\n<div class=\"wp-block-buttons is-layout-flex wp-block-buttons-is-layout-flex\">\n<div class=\"wp-block-button\"><a class=\"wp-block-button__link wp-element-button\" href=\"https:\/\/www.cinc.com\/contacte\/\">Contractar<\/a><\/div>\n<\/div>\n<\/div>\n\n\n\n<div class=\"wp-block-uagb-container uagb-block-96f2a1c6\">\n<figure class=\"wp-block-image size-full is-resized\"><img loading=\"lazy\" decoding=\"async\" width=\"168\" height=\"157\" src=\"https:\/\/www.cinc.com\/wp-content\/uploads\/2023\/10\/Mesa-de-trabajo-4-copia-91.png\" alt=\"\" class=\"wp-image-18289\" style=\"aspect-ratio:1.070063694267516;object-fit:cover;width:50px\"\/><\/figure>\n\n\n\n<h4 class=\"wp-block-heading has-mask-fill\">Responsabilitat Civil de Protecci\u00f3 de dades<\/h4>\n\n\n\n<p>Protegeix el teu negoci de possibles reclamacions de tercers en cas d&#8217;incompliment de la normativa vigent de protecci\u00f3 de dades.<\/p>\n\n\n\n<div class=\"wp-block-buttons is-layout-flex wp-block-buttons-is-layout-flex\">\n<div class=\"wp-block-button\"><a class=\"wp-block-button__link wp-element-button\" href=\"https:\/\/www.cinc.com\/contacte\/\">Contractar<\/a><\/div>\n<\/div>\n<\/div>\n\n\n\n<div class=\"wp-block-uagb-container uagb-block-9f54104b\">\n<figure class=\"wp-block-image size-full is-resized\"><img loading=\"lazy\" decoding=\"async\" width=\"168\" height=\"157\" src=\"https:\/\/www.cinc.com\/wp-content\/uploads\/2023\/10\/Mesa-de-trabajo-4-copia-10.png\" alt=\"\" class=\"wp-image-18293\" style=\"aspect-ratio:1.070063694267516;object-fit:cover;width:50px\"\/><\/figure>\n\n\n\n<h4 class=\"wp-block-heading has-mask-fill\">Responsabilitat Civil Professional<\/h4>\n\n\n\n<p>Oferim cobertures en Responsabilitat Civil per a tot tipus de professions lliberals: arquitectes, advocats, inform\u00e0tics, metges, etc.<\/p>\n\n\n\n<div class=\"wp-block-buttons is-layout-flex wp-block-buttons-is-layout-flex\">\n<div class=\"wp-block-button\"><a class=\"wp-block-button__link wp-element-button\" href=\"https:\/\/www.cinc.com\/contacte\/\">Contractar<\/a><\/div>\n<\/div>\n<\/div>\n<\/div><\/div>\n\n\n\n<div class=\"wp-block-uagb-container uagb-block-11b16548 alignfull uagb-is-root-container\"><div class=\"uagb-container-inner-blocks-wrap\">\n<div class=\"wp-block-uagb-container uagb-block-3aa223b1\">\n<figure class=\"wp-block-image size-full is-resized\"><img loading=\"lazy\" decoding=\"async\" width=\"168\" height=\"157\" src=\"https:\/\/www.cinc.com\/wp-content\/uploads\/2023\/10\/Mesa-de-trabajo-4-copia-141.png\" alt=\"\" class=\"wp-image-18297\" style=\"aspect-ratio:1.070063694267516;object-fit:cover;width:50px\"\/><\/figure>\n\n\n\n<h4 class=\"wp-block-heading has-mask-fill\">Conveni col\u00b7lectiu<\/h4>\n\n\n\n<p>T&#8217;oferim p\u00f2lisses que cobreixen els compromisos que marca cada conveni col\u00b7lectiu.<\/p>\n\n\n\n<div class=\"wp-block-buttons is-layout-flex wp-block-buttons-is-layout-flex\">\n<div class=\"wp-block-button\"><a class=\"wp-block-button__link wp-element-button\" href=\"https:\/\/www.cinc.com\/contacte\/\">Contractar<\/a><\/div>\n<\/div>\n<\/div>\n\n\n\n<div class=\"wp-block-uagb-container uagb-block-4ea3b033\">\n<figure class=\"wp-block-image size-full is-resized\"><img loading=\"lazy\" decoding=\"async\" width=\"168\" height=\"157\" src=\"http:\/\/www.cinc.com\/wp-content\/uploads\/2023\/10\/Mesa-de-trabajo-4-copia-6.png\" alt=\"\" class=\"wp-image-18251\" style=\"aspect-ratio:1.070063694267516;object-fit:cover;width:50px\"\/><\/figure>\n\n\n\n<h4 class=\"wp-block-heading has-mask-fill\">Protecci\u00f3 Jur\u00eddica<\/h4>\n\n\n\n<p>Un complet equip d&#8217;advocats reclamar\u00e0 i\/o defensar\u00e0 els teus interessos en tot tipus de danys o perjudicis.<\/p>\n\n\n\n<div class=\"wp-block-buttons is-layout-flex wp-block-buttons-is-layout-flex\">\n<div class=\"wp-block-button\"><a class=\"wp-block-button__link wp-element-button\" href=\"https:\/\/www.cinc.com\/contacte\/\">Contractar<\/a><\/div>\n<\/div>\n<\/div>\n\n\n\n<div class=\"wp-block-uagb-container uagb-block-85fd07bc\">\n<figure class=\"wp-block-image size-full is-resized\"><img loading=\"lazy\" decoding=\"async\" width=\"168\" height=\"157\" src=\"https:\/\/www.cinc.com\/wp-content\/uploads\/2023\/10\/Mesa-de-trabajo-4-copia-15.png\" alt=\"\" class=\"wp-image-18301\" style=\"aspect-ratio:1.070063694267516;object-fit:cover;width:50px\"\/><\/figure>\n\n\n\n<h4 class=\"wp-block-heading has-mask-fill\">Comer\u00e7os<\/h4>\n\n\n\n<p>Disposem d&#8217;assegurances multirisc en les millors condicions per protegir el teu comer\u00e7 o cadena d&#8217;establiments.<\/p>\n\n\n\n<div class=\"wp-block-buttons is-layout-flex wp-block-buttons-is-layout-flex\">\n<div class=\"wp-block-button\"><a class=\"wp-block-button__link wp-element-button\" href=\"https:\/\/www.cinc.com\/contacte\/\">Contractar<\/a><\/div>\n<\/div>\n<\/div>\n<\/div><\/div>\n\n\n\n<div class=\"wp-block-uagb-container uagb-block-6fe5ed5a alignfull uagb-is-root-container\"><div class=\"uagb-container-inner-blocks-wrap\">\n<div class=\"wp-block-uagb-container uagb-block-0df83477\">\n<figure class=\"wp-block-image size-full is-resized\"><img loading=\"lazy\" decoding=\"async\" width=\"168\" height=\"157\" src=\"https:\/\/www.cinc.com\/wp-content\/uploads\/2023\/10\/Mesa-de-trabajo-4-copia-18.png\" alt=\"\" class=\"wp-image-18305\" style=\"aspect-ratio:1.070063694267516;object-fit:cover;width:50px\"\/><\/figure>\n\n\n\n<h4 class=\"wp-block-heading has-mask-fill\">Col\u00b7lectives de salut, vida i accidents<\/h4>\n\n\n\n<p>Gestionem p\u00f2lisses de contractaci\u00f3 col\u00b7lectiva per a la cobertura de riscos personals, tant de contractaci\u00f3 volunt\u00e0ria com per compromisos de conveni col\u00b7lectiu.<\/p>\n\n\n\n<div class=\"wp-block-buttons is-layout-flex wp-block-buttons-is-layout-flex\">\n<div class=\"wp-block-button\"><a class=\"wp-block-button__link wp-element-button\" href=\"https:\/\/www.cinc.com\/contacte\/\">Contractar<\/a><\/div>\n<\/div>\n<\/div>\n\n\n\n<div class=\"wp-block-uagb-container uagb-block-e4773a80\">\n<figure class=\"wp-block-image size-full is-resized\"><img loading=\"lazy\" decoding=\"async\" width=\"168\" height=\"157\" src=\"http:\/\/www.cinc.com\/wp-content\/uploads\/2023\/10\/Mesa-de-trabajo-4-copia-19.png\" alt=\"\" class=\"wp-image-18056\" style=\"aspect-ratio:1.070063694267516;object-fit:cover;width:50px\"\/><\/figure>\n\n\n\n<h4 class=\"wp-block-heading has-mask-fill\">Avaria maquin\u00e0ria i equips electr\u00f2nics<\/h4>\n\n\n\n<p>Disposem de p\u00f2lisses d&#8217;avaria de maquin\u00e0ria o equips electr\u00f2nics per protegir equips industrials.<\/p>\n\n\n\n<div class=\"wp-block-buttons is-layout-flex wp-block-buttons-is-layout-flex\">\n<div class=\"wp-block-button\"><a class=\"wp-block-button__link wp-element-button\" href=\"https:\/\/www.cinc.com\/contacte\/\">Contractar<\/a><\/div>\n<\/div>\n<\/div>\n\n\n\n<div class=\"wp-block-uagb-container uagb-block-19d3f3e6\">\n<figure class=\"wp-block-image size-full is-resized\"><img loading=\"lazy\" decoding=\"async\" width=\"168\" height=\"157\" src=\"http:\/\/www.cinc.com\/wp-content\/uploads\/2023\/10\/Mesa-de-trabajo-4-copia-20.png\" alt=\"\" class=\"wp-image-18309\" style=\"aspect-ratio:1.070063694267516;object-fit:cover;width:50px\"\/><\/figure>\n\n\n\n<h4 class=\"wp-block-heading has-mask-fill\">Transport de mercaderies<\/h4>\n\n\n\n<p>Estudiem la millor asseguran\u00e7a per protegir les mercaderies durant el seu transport.<\/p>\n\n\n\n<div class=\"wp-block-buttons is-layout-flex wp-block-buttons-is-layout-flex\">\n<div class=\"wp-block-button\"><a class=\"wp-block-button__link wp-element-button\" href=\"https:\/\/www.cinc.com\/contacte\/\">Contractar<\/a><\/div>\n<\/div>\n<\/div>\n<\/div><\/div>\n\n\n\n<div class=\"wp-block-uagb-container uagb-block-6b8c435f alignfull uagb-is-root-container\"><div class=\"uagb-container-inner-blocks-wrap\">\n<div class=\"wp-block-uagb-container uagb-block-b40ef764\">\n<figure class=\"wp-block-image size-full is-resized\"><img loading=\"lazy\" decoding=\"async\" width=\"168\" height=\"157\" src=\"https:\/\/www.cinc.com\/wp-content\/uploads\/2023\/10\/Mesa-de-trabajo-4-copia-21.png\" alt=\"\" class=\"wp-image-18313\" style=\"aspect-ratio:1.070063694267516;object-fit:cover;width:50px\"\/><\/figure>\n\n\n\n<h4 class=\"wp-block-heading has-mask-fill\">Riscos industrials<\/h4>\n\n\n\n<p>Oferim dues modalitats per cobrir les teves instal\u00b7lacions, tot risc de danys materials o multirisc, adequant les garanties a les teves necessitats de protecci\u00f3 de patrimoni.<\/p>\n\n\n\n<div class=\"wp-block-buttons is-layout-flex wp-block-buttons-is-layout-flex\">\n<div class=\"wp-block-button\"><a class=\"wp-block-button__link wp-element-button\" href=\"https:\/\/www.cinc.com\/contacte\/\">Contractar<\/a><\/div>\n<\/div>\n<\/div>\n\n\n\n<div class=\"wp-block-uagb-container uagb-block-3da031ff\">\n<figure class=\"wp-block-image size-full is-resized\"><img loading=\"lazy\" decoding=\"async\" width=\"168\" height=\"157\" src=\"https:\/\/www.cinc.com\/wp-content\/uploads\/2023\/10\/Mesa-de-trabajo-4-copia-22.png\" alt=\"\" class=\"wp-image-18317\" style=\"aspect-ratio:1.070063694267516;object-fit:cover;width:50px\"\/><\/figure>\n\n\n\n<h4 class=\"wp-block-heading has-mask-fill\">Cr\u00e8dit o cauci\u00f3<\/h4>\n\n\n\n<p>Podr\u00e0s garantir el cobrament de les teves factures o per garantir segons legislaci\u00f3 les quantitats rebudes a compte dels teus clients, o b\u00e9 si tens compromisos de garanties econ\u00f2miques davant de l&#8217;Administraci\u00f3 per concursos p\u00fablics.<\/p>\n\n\n\n<div class=\"wp-block-buttons is-layout-flex wp-block-buttons-is-layout-flex\">\n<div class=\"wp-block-button\"><a class=\"wp-block-button__link wp-element-button\" href=\"https:\/\/www.cinc.com\/contacte\/\">Contractar<\/a><\/div>\n<\/div>\n<\/div>\n\n\n\n<div class=\"wp-block-uagb-container uagb-block-c40772d6\">\n<figure class=\"wp-block-image size-full is-resized\"><img loading=\"lazy\" decoding=\"async\" width=\"168\" height=\"157\" src=\"https:\/\/www.cinc.com\/wp-content\/uploads\/2023\/10\/Mesa-de-trabajo-4-copia-23.png\" alt=\"\" class=\"wp-image-18321\" style=\"aspect-ratio:1.070063694267516;object-fit:cover;width:50px\"\/><\/figure>\n\n\n\n<h4 class=\"wp-block-heading has-mask-fill\">Flotes de vehicles<\/h4>\n\n\n\n<p>Incloem en una \u00fanica p\u00f2lissa tots els vehicles de la teva empresa per tal d&#8217;economitzar i optimitzar tr\u00e0mits.<\/p>\n\n\n\n<div class=\"wp-block-buttons is-layout-flex wp-block-buttons-is-layout-flex\">\n<div class=\"wp-block-button\"><a class=\"wp-block-button__link wp-element-button\" href=\"https:\/\/www.cinc.com\/contacte\/\">Contractar<\/a><\/div>\n<\/div>\n<\/div>\n<\/div><\/div>\n\n\n\n<div class=\"wp-block-uagb-container uagb-block-66a52195 default uagb-is-root-container\">\n<div class=\"wp-block-uagb-advanced-heading uagb-block-d47e4286\"><h2 class=\"uagb-heading-text\">Not\u00edcies destacades<\/h2><\/div>\n\n\n\n\t\t\t<div class=\"wp-block-uagb-post-grid uagb-post-grid  uagb-post__image-position-top uagb-post__image-enabled uagb-block-ad528a11     uagb-post__items uagb-post__columns-3 is-grid uagb-post__columns-tablet-2 uagb-post__columns-mobile-1 uagb-post__equal-height\" data-total=\"25\" style=\"\">\n\n\t\t\t\t\t\t\t\t\t\t\t\t<article class=\"uagb-post__inner-wrap\">\t\t\t\t\t\t\t\t<div class='uagb-post__image'>\n\t\t\t\t\t\t\t\t\t<a href=\"https:\/\/www.cinc.com\/ca\/responsabilitat-patrimonial-de-lestat-per-lapagada-electrica-del-28-dabril-de-2025\/\" target=\"_self\" rel=\"bookmark noopener noreferrer\" class='uagb-image-ratio-9-16'><img loading=\"lazy\" decoding=\"async\" width=\"300\" height=\"200\" src=\"https:\/\/www.cinc.com\/wp-content\/uploads\/analogicus-energy-crisis-7493668_1920-300x200.jpg\" class=\"attachment-medium size-medium\" alt=\"\" srcset=\"https:\/\/www.cinc.com\/wp-content\/uploads\/analogicus-energy-crisis-7493668_1920-300x200.jpg 300w, https:\/\/www.cinc.com\/wp-content\/uploads\/analogicus-energy-crisis-7493668_1920-1620x1080.jpg 1620w, https:\/\/www.cinc.com\/wp-content\/uploads\/analogicus-energy-crisis-7493668_1920-768x512.jpg 768w, https:\/\/www.cinc.com\/wp-content\/uploads\/analogicus-energy-crisis-7493668_1920-1536x1024.jpg 1536w, https:\/\/www.cinc.com\/wp-content\/uploads\/analogicus-energy-crisis-7493668_1920.jpg 1920w\" sizes=\"auto, (max-width: 300px) 100vw, 300px\" \/>\t\t\t\t\t<\/a>\n\t\t\t\t\t\t\t<\/div>\n\t\t\t\t\t\t<h4 class=\"uagb-post__title uagb-post__text\">\n\t\t\t\t<a href=\"https:\/\/www.cinc.com\/ca\/responsabilitat-patrimonial-de-lestat-per-lapagada-electrica-del-28-dabril-de-2025\/\" target=\"_self\" rel=\"bookmark noopener noreferrer\">Responsabilitat patrimonial de l\u2019Estat per l\u2019apagada el\u00e8ctrica del 28 d\u2019abril de 2025<\/a>\n\t\t\t<\/h4>\n\t\t\t\t\t\t<div class='uagb-post__text uagb-post-grid-byline'>\n\t\t\t\t\t\t\t<\/div>\n\t\t\t\t\t\t\t<div class='uagb-post__text uagb-post__excerpt'>\n\t\t\t\t\tS\u2019obre el debat jur\u00eddic sobre si els perjudicis derivats d\u2019un gran incident en el sistema&#8230;\t\t\t\t<\/div>\n\t\t\t\t\t\t<div class=\"uagb-post__text uagb-post__cta wp-block-button\">\n\t\t\t\t<a class=\"wp-block-button__link uagb-text-link\" style=\"\" href=\"https:\/\/www.cinc.com\/ca\/responsabilitat-patrimonial-de-lestat-per-lapagada-electrica-del-28-dabril-de-2025\/\" target=\"_self\" rel=\"bookmark noopener noreferrer\">Llegir m\u00e9s<\/a>\n\t\t\t<\/div>\n\t\t\t\n\t\t\t\t\t\t\t\t\t<\/article>\n\t\t\t\t\t\t\t\t\t\t\t\t\t\t\t\t<article class=\"uagb-post__inner-wrap\">\t\t\t\t\t\t\t\t<div class='uagb-post__image'>\n\t\t\t\t\t\t\t\t\t<a href=\"https:\/\/www.cinc.com\/ca\/assegurances-a-mida-per-a-fundacions-i-associacions-una-proteccio-clau-per-al-tercer-sector\/\" target=\"_self\" rel=\"bookmark noopener noreferrer\" class='uagb-image-ratio-9-16'><img loading=\"lazy\" decoding=\"async\" width=\"300\" height=\"169\" src=\"https:\/\/www.cinc.com\/wp-content\/uploads\/assegurances-tercer-sector-300x169.webp\" class=\"attachment-medium size-medium\" alt=\"\" srcset=\"https:\/\/www.cinc.com\/wp-content\/uploads\/assegurances-tercer-sector-300x169.webp 300w, https:\/\/www.cinc.com\/wp-content\/uploads\/assegurances-tercer-sector-1920x1080.webp 1920w, https:\/\/www.cinc.com\/wp-content\/uploads\/assegurances-tercer-sector-768x432.webp 768w, https:\/\/www.cinc.com\/wp-content\/uploads\/assegurances-tercer-sector-1536x864.webp 1536w, https:\/\/www.cinc.com\/wp-content\/uploads\/assegurances-tercer-sector.webp 2000w\" sizes=\"auto, (max-width: 300px) 100vw, 300px\" \/>\t\t\t\t\t<\/a>\n\t\t\t\t\t\t\t<\/div>\n\t\t\t\t\t\t<h4 class=\"uagb-post__title uagb-post__text\">\n\t\t\t\t<a href=\"https:\/\/www.cinc.com\/ca\/assegurances-a-mida-per-a-fundacions-i-associacions-una-proteccio-clau-per-al-tercer-sector\/\" target=\"_self\" rel=\"bookmark noopener noreferrer\">Assegurances a mida per a fundacions i associacions: una protecci\u00f3 clau per al tercer sector<\/a>\n\t\t\t<\/h4>\n\t\t\t\t\t\t<div class='uagb-post__text uagb-post-grid-byline'>\n\t\t\t\t\t\t\t<\/div>\n\t\t\t\t\t\t\t<div class='uagb-post__text uagb-post__excerpt'>\n\t\t\t\t\tEl tercer sector t\u00e9 un paper clau en el benestar social, per\u00f2 moltes entitats operen&#8230;\t\t\t\t<\/div>\n\t\t\t\t\t\t<div class=\"uagb-post__text uagb-post__cta wp-block-button\">\n\t\t\t\t<a class=\"wp-block-button__link uagb-text-link\" style=\"\" href=\"https:\/\/www.cinc.com\/ca\/assegurances-a-mida-per-a-fundacions-i-associacions-una-proteccio-clau-per-al-tercer-sector\/\" target=\"_self\" rel=\"bookmark noopener noreferrer\">Llegir m\u00e9s<\/a>\n\t\t\t<\/div>\n\t\t\t\n\t\t\t\t\t\t\t\t\t<\/article>\n\t\t\t\t\t\t\t\t\t\t\t\t\t\t\t\t<article class=\"uagb-post__inner-wrap\">\t\t\t\t\t\t\t\t<div class='uagb-post__image'>\n\t\t\t\t\t\t\t\t\t<a href=\"https:\/\/www.cinc.com\/ca\/patinets-electrics-augmenten-els-accidents-i-arriben-nous-requisits-legals\/\" target=\"_self\" rel=\"bookmark noopener noreferrer\" class='uagb-image-ratio-9-16'><img loading=\"lazy\" decoding=\"async\" width=\"300\" height=\"200\" src=\"https:\/\/www.cinc.com\/wp-content\/uploads\/moovi_escooter-e-scooter-4921573_1920-300x200.jpg\" class=\"attachment-medium size-medium\" alt=\"\" srcset=\"https:\/\/www.cinc.com\/wp-content\/uploads\/moovi_escooter-e-scooter-4921573_1920-300x200.jpg 300w, https:\/\/www.cinc.com\/wp-content\/uploads\/moovi_escooter-e-scooter-4921573_1920-1620x1080.jpg 1620w, https:\/\/www.cinc.com\/wp-content\/uploads\/moovi_escooter-e-scooter-4921573_1920-768x512.jpg 768w, https:\/\/www.cinc.com\/wp-content\/uploads\/moovi_escooter-e-scooter-4921573_1920-1536x1024.jpg 1536w, https:\/\/www.cinc.com\/wp-content\/uploads\/moovi_escooter-e-scooter-4921573_1920.jpg 1920w\" sizes=\"auto, (max-width: 300px) 100vw, 300px\" \/>\t\t\t\t\t<\/a>\n\t\t\t\t\t\t\t<\/div>\n\t\t\t\t\t\t<h4 class=\"uagb-post__title uagb-post__text\">\n\t\t\t\t<a href=\"https:\/\/www.cinc.com\/ca\/patinets-electrics-augmenten-els-accidents-i-arriben-nous-requisits-legals\/\" target=\"_self\" rel=\"bookmark noopener noreferrer\">Patinets el\u00e8ctrics: augmenten els accidents i arriben nous requisits legals<\/a>\n\t\t\t<\/h4>\n\t\t\t\t\t\t<div class='uagb-post__text uagb-post-grid-byline'>\n\t\t\t\t\t\t\t<\/div>\n\t\t\t\t\t\t\t<div class='uagb-post__text uagb-post__excerpt'>\n\t\t\t\t\tLa sinistralitat amb patinets el\u00e8ctrics continua pujant. Descobreix com les noves normes de registre i&#8230;\t\t\t\t<\/div>\n\t\t\t\t\t\t<div class=\"uagb-post__text uagb-post__cta wp-block-button\">\n\t\t\t\t<a class=\"wp-block-button__link uagb-text-link\" style=\"\" href=\"https:\/\/www.cinc.com\/ca\/patinets-electrics-augmenten-els-accidents-i-arriben-nous-requisits-legals\/\" target=\"_self\" rel=\"bookmark noopener noreferrer\">Llegir m\u00e9s<\/a>\n\t\t\t<\/div>\n\t\t\t\n\t\t\t\t\t\t\t\t\t<\/article>\n\t\t\t\t\t\t\t\t\t\t\t<\/div>\n\t\t\t<\/div>\n\n\n\n<div class=\"wp-block-uagb-container uagb-block-490cca05 alignfull uagb-is-root-container\"><div class=\"uagb-container-inner-blocks-wrap\">\n<h2 class=\"wp-block-heading has-mask-fill no-margins\">Actes i confer\u00e8ncies<\/h2>\n\n\n\n<p>Descobreix i apunta\u2019t a tots els actes i confer\u00e8ncies organitzades!<\/p>\n\n\n\n<div class=\"wp-block-buttons is-layout-flex wp-block-buttons-is-layout-flex\">\n<div class=\"wp-block-button\"><a class=\"wp-block-button__link wp-element-button\" href=\"https:\/\/www.cinc.com\/actes\/\">Veure actes<\/a><\/div>\n<\/div>\n<\/div><\/div>\n\n\n\n<div class=\"wp-block-uagb-container uagb-block-520c94a1 alignfull uagb-is-root-container\"><div class=\"uagb-container-inner-blocks-wrap\">\n<div class=\"marquee-text-wrapper \"><p class=\"marquee-text big-title fw\">Apunta&#8217;t a la nostra newsletter<\/p><\/div>\n\n\n<div class=\"wp-block-cinc-blocks-newsletter-form\">\n    <form id=\"newsletter-form\" method=\"POST\" class=\"wp-block-cinc-blocks-newsletter-form__form\">\n        <input class=\"wp-block-cinc-blocks-newsletter-form__field\" type=\"text\" placeholder=\"Your name\" name=\"name\" required \/>\n        <select class=\"wp-block-cinc-blocks-newsletter-form__select\" name=\"town\" required>\n            <option value=\"\" readonly>Town<\/option>\n            <option value=\"barcelona\">Barcelona<\/option>\n            <option value=\"girona\">Girona<\/option>\n        <\/select>\n        <input class=\"wp-block-cinc-blocks-newsletter-form__field\" type=\"email\" placeholder=\"Your email\" name=\"email\" required \/>\n        <button class=\"wp-block-cinc-blocks-newsletter-form__button\">Subscribe<\/button>\n    <\/form>\n    <div id=\"newsletter-form-response\"><\/div>\n<\/div><\/div><\/div>\n","protected":false},"excerpt":{"rendered":"<p>Multirisc d\u2019empresa Protecci\u00f3 completa per l&#8217;immoble, les instal\u00b7lacions i les mercaderies de la teva empresa i tots els riscos vinculats a l&#8217;activitat econ\u00f2mica de l&#8217;empresa. Responsabilitat civil Estudiem la cobertura de tot tipus d&#8217;activitat, capitals o \u00e0mbit (nacional o internacional) perqu\u00e8 estiguis protegit contra possibles reclamacions de tercers per danys materials i\/o personals. Ciberriscos Garanteix [&hellip;]<\/p>\n","protected":false},"author":3,"featured_media":0,"parent":11085,"menu_order":1,"comment_status":"closed","ping_status":"closed","template":"","meta":{"_acf_changed":false,"_uag_custom_page_level_css":"","footnotes":""},"class_list":["post-11831","page","type-page","status-publish","hentry"],"acf":[],"uagb_featured_image_src":{"full":false,"thumbnail":false,"medium":false,"medium_large":false,"large":false,"1536x1536":false,"2048x2048":false,"gform-image-choice-sm":false,"gform-image-choice-md":false,"gform-image-choice-lg":false},"uagb_author_info":{"display_name":"Anna","author_link":"https:\/\/www.cinc.com\/ca\/author\/anna\/"},"uagb_comment_info":0,"uagb_excerpt":"Multirisc d\u2019empresa Protecci\u00f3 completa per l&#8217;immoble, les instal\u00b7lacions i les mercaderies de la teva empresa i tots els riscos vinculats a l&#8217;activitat econ\u00f2mica de l&#8217;empresa. Responsabilitat civil Estudiem la cobertura de tot tipus d&#8217;activitat, capitals o \u00e0mbit (nacional o internacional) perqu\u00e8 estiguis protegit contra possibles reclamacions de tercers per danys materials i\/o personals. Ciberriscos Garanteix&hellip;","jetpack_sharing_enabled":true,"_links":{"self":[{"href":"https:\/\/www.cinc.com\/ca\/wp-json\/wp\/v2\/pages\/11831","targetHints":{"allow":["GET"]}}],"collection":[{"href":"https:\/\/www.cinc.com\/ca\/wp-json\/wp\/v2\/pages"}],"about":[{"href":"https:\/\/www.cinc.com\/ca\/wp-json\/wp\/v2\/types\/page"}],"author":[{"embeddable":true,"href":"https:\/\/www.cinc.com\/ca\/wp-json\/wp\/v2\/users\/3"}],"replies":[{"embeddable":true,"href":"https:\/\/www.cinc.com\/ca\/wp-json\/wp\/v2\/comments?post=11831"}],"version-history":[{"count":8,"href":"https:\/\/www.cinc.com\/ca\/wp-json\/wp\/v2\/pages\/11831\/revisions"}],"predecessor-version":[{"id":32672,"href":"https:\/\/www.cinc.com\/ca\/wp-json\/wp\/v2\/pages\/11831\/revisions\/32672"}],"up":[{"embeddable":true,"href":"https:\/\/www.cinc.com\/ca\/wp-json\/wp\/v2\/pages\/11085"}],"wp:attachment":[{"href":"https:\/\/www.cinc.com\/ca\/wp-json\/wp\/v2\/media?parent=11831"}],"curies":[{"name":"wp","href":"https:\/\/api.w.org\/{rel}","templated":true}]}}