{"id":11534,"date":"2023-03-09T16:05:32","date_gmt":"2023-03-09T16:05:32","guid":{"rendered":"https:\/\/www.cinc.com\/?page_id=11534"},"modified":"2025-09-30T12:14:20","modified_gmt":"2025-09-30T11:14:20","slug":"lloguer-de-sales-girona","status":"publish","type":"page","link":"https:\/\/www.cinc.com\/ca\/lloguer-de-sales-girona\/","title":{"rendered":"Lloguer de sales Girona"},"content":{"rendered":"\n<div class=\"wp-block-uagb-container uagb-block-3d42bc05 alignfull uagb-is-root-container\"><div class=\"uagb-container-inner-blocks-wrap\">\n<h3 class=\"wp-block-heading has-text-align-center\">On vols llogar les sales?<\/h3>\n\n\n\n<div class=\"wp-block-buttons is-content-justification-center is-layout-flex wp-container-core-buttons-is-layout-a89b3969 wp-block-buttons-is-layout-flex\">\n<div class=\"wp-block-button\"><a class=\"wp-block-button__link has-black-color has-gray-100-background-color has-text-color has-background has-link-color wp-element-button\" href=\"https:\/\/www.cinc.com\/reunions-events-barcelona\/\">CINC Barcelona<\/a><\/div>\n\n\n\n<div class=\"wp-block-button\"><a class=\"wp-block-button__link wp-element-button\">CINC Girona<\/a><\/div>\n<\/div>\n<\/div><\/div>\n\n\n\n<div class=\"wp-block-uagb-container uagb-block-5f3ae7f8 alignfull uagb-is-root-container\"><div class=\"uagb-container-inner-blocks-wrap\">\n<div class=\"wp-block-columns is-layout-flex wp-container-core-columns-is-layout-28f84493 wp-block-columns-is-layout-flex\">\n<div class=\"wp-block-column is-layout-flow wp-block-column-is-layout-flow\" style=\"flex-basis:15%\"><\/div>\n\n\n\n<div class=\"wp-block-column is-layout-flow wp-block-column-is-layout-flow\" style=\"flex-basis:70%\">\n<p class=\"has-text-align-center\">A CINC posem al teu abast el nostre servei integral de<strong> lloguer de sales a Girona<\/strong> dissenyades per brindar als teus clients i convidats una atenci\u00f3 personalitzada.<\/p>\n\n\n\n<p class=\"has-text-align-center\">Les nostres sales per a reunions i esdeveniments estan equipades amb l&#8217;\u00faltima tecnologia i tot el material necessari perqu\u00e8 hi puguis organitzar qualsevol tipus d&#8217;activitat empresarial, siguin reunions amb clients, entrevistes de treball, presentacions de productes i molt m\u00e9s.<\/p>\n\n\n\n<p class=\"has-text-align-center\">Gaudeix d&#8217;un espai exclusiu al cor de la ciutat de Girona amb el nostre servei de lloguer de sales de reuni\u00f3, esdeveniments i formaci\u00f3.<\/p>\n<\/div>\n\n\n\n<div class=\"wp-block-column is-layout-flow wp-block-column-is-layout-flow\" style=\"flex-basis:15%\"><\/div>\n<\/div>\n<\/div><\/div>\n\n\n\n<div class=\"wp-block-uagb-container uagb-block-1272e90b alignfull uagb-is-root-container\">\n<div class=\"wp-block-uagb-container uagb-block-4420bda5\">\n<h2 class=\"wp-block-heading has-text-align-right has-large-font-size\" style=\"font-style:normal;font-weight:300\">Terrassa 360Cinc<\/h2>\n\n\n\n<p class=\"has-text-align-right text-with-people-icon\">100<\/p>\n\n\n\n<p class=\"has-text-align-right\">Gran terrassa amb vistes a la ciutat, ideal per dur-hi a terme tot tipus d\u2019esdeveniments, trobades, reunions, networkings, etc.<\/p>\n\n\n\n<p class=\"has-text-align-right\">El lloguer de la terrassa inclou:<\/p>\n\n\n\n<ul class=\"wp-block-list checks-list list--2-cols\">\n<li>Recepci\u00f3 dels assistents<\/li>\n\n\n\n<li>Aig\u00fces per a cada assistent<\/li>\n\n\n\n<li>Material d&#8217;oficina<\/li>\n\n\n\n<li>Wi-fi<\/li>\n\n\n\n<li>Pissarra<\/li>\n\n\n\n<li>Senyalitzaci\u00f3 al Hall<\/li>\n<\/ul>\n\n\n\n<div class=\"wp-block-buttons is-content-justification-right is-layout-flex wp-container-core-buttons-is-layout-d445cf74 wp-block-buttons-is-layout-flex\">\n<div class=\"wp-block-button\"><a class=\"wp-block-button__link wp-element-button\" href=\"https:\/\/www.cinc.com\/pressupost\/\">Vull m\u00e9s informaci\u00f3<\/a><\/div>\n<\/div>\n<\/div>\n\n\n\n<div class=\"wp-block-uagb-container uagb-block-c88cb399\">\n<div class=\"wp-block-humpton-gutenberg-slider swiper-container content-slider light-cursor autocenter\" data-delay=\"0\"><div class=\"swiper-wrapper\">\n<div class=\"swiper-slide\"><div class=\"slide-img\"><img decoding=\"async\" class=\"skip-lazy\" src=\"https:\/\/www.cinc.com\/wp-content\/uploads\/terraza-girona-1-1.webp\" alt=\"\" \/><\/div><\/div>\n\n\n\n<div class=\"swiper-slide\"><div class=\"slide-img\"><img decoding=\"async\" class=\"skip-lazy\" src=\"https:\/\/www.cinc.com\/wp-content\/uploads\/terraza-girona-2-1.webp\" alt=\"\" \/><\/div><\/div>\n\n\n\n<div class=\"swiper-slide\"><div class=\"slide-img\"><img decoding=\"async\" class=\"skip-lazy\" src=\"https:\/\/www.cinc.com\/wp-content\/uploads\/terraza-girona-3-1-1.webp\" alt=\"\" \/><\/div><\/div>\n\n\n\n<div class=\"swiper-slide\"><div class=\"slide-img\"><img decoding=\"async\" class=\"skip-lazy\" src=\"https:\/\/www.cinc.com\/wp-content\/uploads\/terraza-girona-4-1.webp\" alt=\"\" \/><\/div><\/div>\n\n\n\n<div class=\"swiper-slide\"><div class=\"slide-img\"><img decoding=\"async\" class=\"skip-lazy\" src=\"https:\/\/www.cinc.com\/wp-content\/uploads\/terraza-girona5-1.webp\" alt=\"\" \/><\/div><\/div>\n<\/div><div class=\"slider-button-next\"><\/div><div class=\"slider-button-prev\"><\/div><div class=\"swiper-pagination\"><\/div><\/div>\n<\/div>\n<\/div>\n\n\n\n<div class=\"wp-block-uagb-container uagb-block-0f5aa89b alignfull uagb-is-root-container\">\n<div class=\"wp-block-uagb-container uagb-block-362de92b\">\n<div class=\"wp-block-humpton-gutenberg-slider swiper-container content-slider light-cursor autocenter\" data-delay=\"0\"><div class=\"swiper-wrapper\">\n<div class=\"swiper-slide\"><div class=\"slide-img\"><img decoding=\"async\" class=\"skip-lazy\" src=\"https:\/\/www.cinc.com\/wp-content\/uploads\/sala-reunions-juntes-1-1.webp\" alt=\"\" \/><\/div><\/div>\n\n\n\n<div class=\"swiper-slide\"><div class=\"slide-img\"><img decoding=\"async\" class=\"skip-lazy\" src=\"https:\/\/www.cinc.com\/wp-content\/uploads\/sala-reunions2-1.webp\" alt=\"\" \/><\/div><\/div>\n\n\n\n\n<\/div><div class=\"slider-button-next\"><\/div><div class=\"slider-button-prev\"><\/div><div class=\"swiper-pagination\"><\/div><\/div>\n<\/div>\n\n\n\n<div class=\"wp-block-uagb-container uagb-block-64c404be\">\n<h3 class=\"wp-block-heading has-large-font-size\" style=\"font-style:normal;font-weight:300\">Sala de reunions i juntes<\/h3>\n\n\n\n<p class=\"has-text-align-left text-with-people-icon\">4 &#8211; 14<\/p>\n\n\n\n<p>Dissenyades per ser el m\u00e9s c\u00f2modes i funcionals possible, fan \u00fatils i confortables les teves hores de treball. Les sales de reunions i juntes inclouen:<\/p>\n\n\n\n<ul class=\"wp-block-list checks-list list--2-cols\">\n<li>Aig\u00fces per a cada assistent<\/li>\n\n\n\n<li>Pissarra<\/li>\n\n\n\n<li>Televisi\u00f3 per projectar<\/li>\n\n\n\n<li>Senyalitzaci\u00f3 al Hall<\/li>\n\n\n\n<li>Material d&#8217;oficina<\/li>\n\n\n\n<li>Pantalla de projecci\u00f3<\/li>\n\n\n\n<li>Wi-fi<\/li>\n\n\n\n<li>Recepci\u00f3 dels assistents<\/li>\n<\/ul>\n\n\n\n<div class=\"wp-block-buttons is-layout-flex wp-block-buttons-is-layout-flex\">\n<div class=\"wp-block-button\"><a class=\"wp-block-button__link wp-element-button\" href=\"https:\/\/www.cinc.com\/pressupost\/\">Vull m\u00e9s informaci\u00f3<\/a><\/div>\n<\/div>\n<\/div>\n<\/div>\n\n\n\n<div class=\"wp-block-uagb-container uagb-block-ca5ca237 alignfull uagb-is-root-container\">\n<div class=\"wp-block-uagb-container uagb-block-0863ccd7\">\n<h3 class=\"wp-block-heading has-text-align-right has-large-font-size\" style=\"font-style:normal;font-weight:300\">Sala d\u2019actes i confer\u00e8ncies<\/h3>\n\n\n\n<p class=\"has-text-align-right text-with-people-icon\">45 &#8211; 75<\/p>\n\n\n\n<p class=\"has-text-align-right\">De diferents dimensions i excel\u00b7lent ac\u00fastica, aquestes sales s\u00f3n ideals per dur a terme grans trobades o realitzar presentacions de productes o serveis. Les sales d\u2019actes i confer\u00e8ncies inclouen:<\/p>\n\n\n\n<ul class=\"wp-block-list checks-list list--2-cols\">\n<li>Aig\u00fces per a cada assistent<\/li>\n\n\n\n<li>Material d\u2019oficina<\/li>\n\n\n\n<li>Pissarra<\/li>\n\n\n\n<li>Micr\u00f2fons<\/li>\n\n\n\n<li>Wi-fi<\/li>\n\n\n\n<li>Senyalitzaci\u00f3 al Hall<\/li>\n\n\n\n<li>Recepci\u00f3 dels assistents<\/li>\n<\/ul>\n\n\n\n<div class=\"wp-block-buttons is-content-justification-right is-layout-flex wp-container-core-buttons-is-layout-d445cf74 wp-block-buttons-is-layout-flex\">\n<div class=\"wp-block-button\"><a class=\"wp-block-button__link wp-element-button\" href=\"https:\/\/www.cinc.com\/pressupost\/\">Vull m\u00e9s informaci\u00f3<\/a><\/div>\n<\/div>\n<\/div>\n\n\n\n<div class=\"wp-block-uagb-container uagb-block-9251cfb7\">\n<figure class=\"wp-block-image size-full rounded-big--bottom-left--large\"><img loading=\"lazy\" decoding=\"async\" width=\"2560\" height=\"1707\" src=\"https:\/\/www.cinc.com\/wp-content\/uploads\/2024\/01\/CINC_GIRONA_MB_JL_141-2-min-scaled.jpg\" alt=\"\" class=\"wp-image-20310\" srcset=\"https:\/\/www.cinc.com\/wp-content\/uploads\/2024\/01\/CINC_GIRONA_MB_JL_141-2-min-scaled.jpg 2560w, https:\/\/www.cinc.com\/wp-content\/uploads\/2024\/01\/CINC_GIRONA_MB_JL_141-2-min-300x200.jpg 300w, https:\/\/www.cinc.com\/wp-content\/uploads\/2024\/01\/CINC_GIRONA_MB_JL_141-2-min-1024x683.jpg 1024w, https:\/\/www.cinc.com\/wp-content\/uploads\/2024\/01\/CINC_GIRONA_MB_JL_141-2-min-768x512.jpg 768w, https:\/\/www.cinc.com\/wp-content\/uploads\/2024\/01\/CINC_GIRONA_MB_JL_141-2-min-1536x1024.jpg 1536w, https:\/\/www.cinc.com\/wp-content\/uploads\/2024\/01\/CINC_GIRONA_MB_JL_141-2-min-2048x1366.jpg 2048w\" sizes=\"auto, (max-width: 2560px) 100vw, 2560px\" \/><\/figure>\n<\/div>\n<\/div>\n\n\n\n<div class=\"wp-block-uagb-container uagb-block-e26919ca alignfull uagb-is-root-container\">\n<div class=\"wp-block-uagb-container uagb-block-e1d29ec9\">\n<div class=\"wp-block-humpton-gutenberg-slider swiper-container content-slider light-cursor autocenter\" data-delay=\"0\"><div class=\"swiper-wrapper\">\n<div class=\"swiper-slide\"><div class=\"slide-img\"><img decoding=\"async\" class=\"skip-lazy\" src=\"https:\/\/www.cinc.com\/wp-content\/uploads\/sala-formacio.webp\" alt=\"\" \/><\/div><\/div>\n\n\n\n<div class=\"swiper-slide\"><div class=\"slide-img\"><img decoding=\"async\" class=\"skip-lazy\" src=\"https:\/\/www.cinc.com\/wp-content\/uploads\/sala-formacio2.webp\" alt=\"\" \/><\/div><\/div>\n\n\n\n<div class=\"swiper-slide\"><div class=\"slide-img\"><img decoding=\"async\" class=\"skip-lazy\" src=\"https:\/\/www.cinc.com\/wp-content\/uploads\/sala-formacio3.webp\" alt=\"\" \/><\/div><\/div>\n\n\n\n<div class=\"swiper-slide\"><div class=\"slide-img\"><img decoding=\"async\" class=\"skip-lazy\" src=\"https:\/\/www.cinc.com\/wp-content\/uploads\/sala-formacio-4.webp\" alt=\"\" \/><\/div><\/div>\n<\/div><div class=\"slider-button-next\"><\/div><div class=\"slider-button-prev\"><\/div><div class=\"swiper-pagination\"><\/div><\/div>\n<\/div>\n\n\n\n<div class=\"wp-block-uagb-container uagb-block-3484843f\">\n<h3 class=\"wp-block-heading has-large-font-size\" style=\"font-style:normal;font-weight:300\">Sala de formaci\u00f3<\/h3>\n\n\n\n<p class=\"text-with-people-icon\">10 &#8211; 50<\/p>\n\n\n\n<p>Per impartir cursos o trobades, totes les sales de formaci\u00f3 amb projector audiovisual, taules o cadires de bra\u00e7. Les sales de formaci\u00f3 inclouen:<\/p>\n\n\n\n<ul class=\"wp-block-list checks-list list--2-cols\">\n<li>Aig\u00fces per a cada assistent<\/li>\n\n\n\n<li>Material d&#8217;oficina<\/li>\n\n\n\n<li>Pissarra<\/li>\n\n\n\n<li>Micr\u00f2fons<\/li>\n\n\n\n<li>Wi-fi<\/li>\n\n\n\n<li>Senyalitzaci\u00f3 al Hall<\/li>\n\n\n\n<li>Recepci\u00f3 dels assistents<\/li>\n<\/ul>\n\n\n\n<div class=\"wp-block-buttons is-layout-flex wp-block-buttons-is-layout-flex\">\n<div class=\"wp-block-button\"><a class=\"wp-block-button__link wp-element-button\" href=\"https:\/\/www.cinc.com\/pressupost\/\">Vull m\u00e9s informaci\u00f3<\/a><\/div>\n<\/div>\n<\/div>\n<\/div>\n\n\n\n<div class=\"wp-block-uagb-container uagb-block-deeb1483 alignfull uagb-is-root-container\">\n<div class=\"wp-block-uagb-container uagb-block-c9811294\">\n<h3 class=\"wp-block-heading has-text-align-right has-large-font-size\" style=\"font-style:normal;font-weight:300\">Sala de videoconfer\u00e8ncia<\/h3>\n\n\n\n<p class=\"has-text-align-right text-with-people-icon\">2 &#8211; 8<\/p>\n\n\n\n<p class=\"has-text-align-right\">Sala equipada amb l&#8217;\u00faltima tecnologia, permet transmetre imatge i \u00e0udio de forma professional. La sala d\u2019actes i confer\u00e8ncies inclou:<\/p>\n\n\n\n<ul class=\"wp-block-list checks-list list--2-cols\">\n<li>Aig\u00fces per a cada assistent<\/li>\n\n\n\n<li>Material d&#8217;oficina<\/li>\n\n\n\n<li>Pissarra<\/li>\n\n\n\n<li>Wi-fi<\/li>\n\n\n\n<li>Senyalitzaci\u00f3 al Hall<\/li>\n\n\n\n<li>Recepci\u00f3 dels assistents<\/li>\n<\/ul>\n\n\n\n<div class=\"wp-block-buttons is-content-justification-right is-layout-flex wp-container-core-buttons-is-layout-d445cf74 wp-block-buttons-is-layout-flex\">\n<div class=\"wp-block-button\"><a class=\"wp-block-button__link wp-element-button\" href=\"https:\/\/www.cinc.com\/pressupost\/\">Vull m\u00e9s informaci\u00f3<\/a><\/div>\n<\/div>\n<\/div>\n\n\n\n<div class=\"wp-block-uagb-container uagb-block-aa27abc4\">\n<div class=\"wp-block-humpton-gutenberg-slider swiper-container content-slider light-cursor autocenter\" data-delay=\"0\"><div class=\"swiper-wrapper\">\n<div class=\"swiper-slide\"><div class=\"slide-img\"><img decoding=\"async\" class=\"skip-lazy\" src=\"https:\/\/www.cinc.com\/wp-content\/uploads\/sala-videoconferencia-1-1.webp\" alt=\"\" \/><\/div><\/div>\n\n\n\n<div class=\"swiper-slide\"><div class=\"slide-img\"><img decoding=\"async\" class=\"skip-lazy\" src=\"https:\/\/www.cinc.com\/wp-content\/uploads\/sala-videoconferencia2.webp\" alt=\"\" \/><\/div><\/div>\n<\/div><div class=\"slider-button-next\"><\/div><div class=\"slider-button-prev\"><\/div><div class=\"swiper-pagination\"><\/div><\/div>\n<\/div>\n<\/div>\n\n\n\n<div class=\"wp-block-uagb-container uagb-block-1d8c4c64 alignfull uagb-is-root-container\"><div class=\"uagb-container-inner-blocks-wrap\">\n<div class=\"marquee-text-wrapper \"><p class=\"marquee-text big-title fw\">Contracta serveis addicionals<\/p><\/div>\n\n\n\n<div class=\"wp-block-columns is-layout-flex wp-container-core-columns-is-layout-28f84493 wp-block-columns-is-layout-flex\">\n<div class=\"wp-block-column is-layout-flow wp-block-column-is-layout-flow\" style=\"flex-basis:20%\"><\/div>\n\n\n\n<div class=\"wp-block-column is-vertically-aligned-center is-layout-flow wp-block-column-is-layout-flow\" style=\"flex-basis:60%\">\n<h2 class=\"wp-block-heading has-text-align-center has-medium-font-size\" style=\"margin-bottom:var(--wp--preset--spacing--70);font-style:normal;font-weight:400\">Et donem l\u2019opci\u00f3 de contractar serveis addicionals: ho organitzem tot perqu\u00e8 no t\u2019hagis de preocupar de res.<\/h2>\n\n\n\n<ul class=\"wp-block-list checks-list list--2-cols\">\n<li>C\u00e0tering<\/li>\n\n\n\n<li>Copisteria<\/li>\n\n\n\n<li>Audiovisuals<\/li>\n\n\n\n<li>Traducci\u00f3<\/li>\n\n\n\n<li>Pla\u00e7a de p\u00e0rquing<\/li>\n\n\n\n<li>Grafisme<\/li>\n\n\n\n<li>Sala t\u00e8cnica CPD<\/li>\n\n\n\n<li>Zona VIP<\/li>\n<\/ul>\n<\/div>\n\n\n\n<div class=\"wp-block-column is-layout-flow wp-block-column-is-layout-flow\" style=\"flex-basis:20%\"><\/div>\n<\/div>\n<\/div><\/div>\n\n\n\n<div class=\"wp-block-uagb-container uagb-block-8eae1e4e alignfull uagb-is-root-container\"><div class=\"uagb-container-inner-blocks-wrap\">\n<h2 class=\"wp-block-heading has-text-align-center\">Vols reservar en l\u00ednia?<\/h2>\n\n\n\n<div class=\"wp-block-buttons is-content-justification-center is-layout-flex wp-container-core-buttons-is-layout-a89b3969 wp-block-buttons-is-layout-flex\">\n<div class=\"wp-block-button\"><a class=\"wp-block-button__link has-text-align-center wp-element-button\" href=\"https:\/\/www.cinc.com\/ca\/lloguer-de-sales\/\">Reserva en l\u00ednia<\/a><\/div>\n<\/div>\n<\/div><\/div>\n\n\n\n<div class=\"wp-block-uagb-container uagb-block-520c94a1 alignfull uagb-is-root-container\"><div class=\"uagb-container-inner-blocks-wrap\">\n<div class=\"marquee-text-wrapper \"><p class=\"marquee-text big-title fw\">Apunta&#8217;t a la nostra newsletter<\/p><\/div>\n\n\n<div class=\"wp-block-cinc-blocks-newsletter-form\">\n    <form id=\"newsletter-form\" method=\"POST\" class=\"wp-block-cinc-blocks-newsletter-form__form\">\n        <input class=\"wp-block-cinc-blocks-newsletter-form__field\" type=\"text\" placeholder=\"Your name\" name=\"name\" required \/>\n        <select class=\"wp-block-cinc-blocks-newsletter-form__select\" name=\"town\" required>\n            <option value=\"\" readonly>Town<\/option>\n            <option value=\"barcelona\">Barcelona<\/option>\n            <option value=\"girona\">Girona<\/option>\n        <\/select>\n        <input class=\"wp-block-cinc-blocks-newsletter-form__field\" type=\"email\" placeholder=\"Your email\" name=\"email\" required \/>\n        <button class=\"wp-block-cinc-blocks-newsletter-form__button\">Subscribe<\/button>\n    <\/form>\n    <div id=\"newsletter-form-response\"><\/div>\n<\/div><\/div><\/div>\n","protected":false},"excerpt":{"rendered":"<p>On vols llogar les sales? A CINC posem al teu abast el nostre servei integral de lloguer de sales a Girona dissenyades per brindar als teus clients i convidats una atenci\u00f3 personalitzada. Les nostres sales per a reunions i esdeveniments estan equipades amb l&#8217;\u00faltima tecnologia i tot el material necessari perqu\u00e8 hi puguis organitzar qualsevol [&hellip;]<\/p>\n","protected":false},"author":4,"featured_media":31689,"parent":0,"menu_order":0,"comment_status":"closed","ping_status":"closed","template":"","meta":{"_acf_changed":false,"_uag_custom_page_level_css":"","footnotes":""},"class_list":["post-11534","page","type-page","status-publish","has-post-thumbnail","hentry"],"acf":[],"uagb_featured_image_src":{"full":["https:\/\/www.cinc.com\/wp-content\/uploads\/Lloguer-sala-girona.webp",1200,800,false],"thumbnail":["https:\/\/www.cinc.com\/wp-content\/uploads\/Lloguer-sala-girona-150x150.webp",150,150,true],"medium":["https:\/\/www.cinc.com\/wp-content\/uploads\/Lloguer-sala-girona-300x200.webp",300,200,true],"medium_large":["https:\/\/www.cinc.com\/wp-content\/uploads\/Lloguer-sala-girona-768x512.webp",768,512,true],"large":["https:\/\/www.cinc.com\/wp-content\/uploads\/Lloguer-sala-girona-1024x683.webp",960,640,true],"1536x1536":["https:\/\/www.cinc.com\/wp-content\/uploads\/Lloguer-sala-girona.webp",1200,800,false],"2048x2048":["https:\/\/www.cinc.com\/wp-content\/uploads\/Lloguer-sala-girona.webp",1200,800,false],"gform-image-choice-sm":["https:\/\/www.cinc.com\/wp-content\/uploads\/Lloguer-sala-girona.webp",300,200,false],"gform-image-choice-md":["https:\/\/www.cinc.com\/wp-content\/uploads\/Lloguer-sala-girona.webp",400,267,false],"gform-image-choice-lg":["https:\/\/www.cinc.com\/wp-content\/uploads\/Lloguer-sala-girona.webp",600,400,false]},"uagb_author_info":{"display_name":"Paula","author_link":"https:\/\/www.cinc.com\/ca\/author\/paula\/"},"uagb_comment_info":0,"uagb_excerpt":"On vols llogar les sales? A CINC posem al teu abast el nostre servei integral de lloguer de sales a Girona dissenyades per brindar als teus clients i convidats una atenci\u00f3 personalitzada. Les nostres sales per a reunions i esdeveniments estan equipades amb l&#8217;\u00faltima tecnologia i tot el material necessari perqu\u00e8 hi puguis organitzar qualsevol&hellip;","jetpack_sharing_enabled":true,"_links":{"self":[{"href":"https:\/\/www.cinc.com\/ca\/wp-json\/wp\/v2\/pages\/11534","targetHints":{"allow":["GET"]}}],"collection":[{"href":"https:\/\/www.cinc.com\/ca\/wp-json\/wp\/v2\/pages"}],"about":[{"href":"https:\/\/www.cinc.com\/ca\/wp-json\/wp\/v2\/types\/page"}],"author":[{"embeddable":true,"href":"https:\/\/www.cinc.com\/ca\/wp-json\/wp\/v2\/users\/4"}],"replies":[{"embeddable":true,"href":"https:\/\/www.cinc.com\/ca\/wp-json\/wp\/v2\/comments?post=11534"}],"version-history":[{"count":17,"href":"https:\/\/www.cinc.com\/ca\/wp-json\/wp\/v2\/pages\/11534\/revisions"}],"predecessor-version":[{"id":31984,"href":"https:\/\/www.cinc.com\/ca\/wp-json\/wp\/v2\/pages\/11534\/revisions\/31984"}],"wp:featuredmedia":[{"embeddable":true,"href":"https:\/\/www.cinc.com\/ca\/wp-json\/wp\/v2\/media\/31689"}],"wp:attachment":[{"href":"https:\/\/www.cinc.com\/ca\/wp-json\/wp\/v2\/media?parent=11534"}],"curies":[{"name":"wp","href":"https:\/\/api.w.org\/{rel}","templated":true}]}}