{"id":11048,"date":"2023-03-08T09:52:22","date_gmt":"2023-03-08T09:52:22","guid":{"rendered":"https:\/\/www.cinc.com\/?page_id=11048"},"modified":"2025-11-28T13:28:27","modified_gmt":"2025-11-28T12:28:27","slug":"assessoria-juridica","status":"publish","type":"page","link":"https:\/\/www.cinc.com\/ca\/assessoria-dempreses\/assessoria-juridica\/","title":{"rendered":"Assessoria Legal"},"content":{"rendered":"\n<div class=\"wp-block-humpton-gutenberg-container content-row light-section normal row_padding_top change-header-color\" data-bgcolor=\"#ffffff\" style=\"text-align:left\">\n<div class=\"wp-block-columns is-layout-flex wp-container-core-columns-is-layout-0d9f0c49 wp-block-columns-is-layout-flex\" style=\"padding-top:var(--wp--preset--spacing--40);padding-right:var(--wp--preset--spacing--40);padding-bottom:var(--wp--preset--spacing--40);padding-left:var(--wp--preset--spacing--40)\">\n<div class=\"wp-block-column is-layout-flow wp-block-column-is-layout-flow\">\n<h2 class=\"wp-block-heading has-mask-fill has-large-font-size\" style=\"font-style:normal;font-weight:300\">Dret Civil <\/h2>\n\n\n\n<ul class=\"wp-block-list decimal-list\">\n<li>Dret de fam\u00edlia (separacions i divorci de mutu acord i contenciosos, planificaci\u00f3 fiscal, adjudicaci\u00f3 i repartiment del patrimoni com\u00fa, mesures i r\u00e8gims de visita, etc.).<\/li>\n\n\n\n<li>Dret de successions (planificaci\u00f3 heredit\u00e0ria, disposicions testament\u00e0ries, acceptacions d\u2019her\u00e8ncia, planificaci\u00f3 fiscal, etc.).<\/li>\n\n\n\n<li>Dret contractual (arrendaments, compravenda immobili\u00e0ria, arres, compravenda d\u2019unitats de negoci, permutes, opcions de compra, pr\u00e9stecs, cessions, etc.)<\/li>\n\n\n\n<li>Dret immobiliari (obra nova, agrupacions i segregacions de finques, divisions horitzontals de finques, normes i estatuts de comunitat de propietaris, etc.)<\/li>\n\n\n\n<li>Dret urban\u00edstic (planificaci\u00f3, gesti\u00f3 i disciplina urban\u00edstica)<\/li>\n\n\n\n<li>Dret bancari (reclamaci\u00f3 de cl\u00e0usules abusives, procediments de daci\u00f3 en pagament, execucions hipotec\u00e0ries, assessorament en la contractaci\u00f3 de productes bancaris, etc.)<\/li>\n\n\n\n<li>Dret hipotecari i registral (tramitacions davant del Registre de la Propietat, expedients de domini i immatriculacions registrals, expedients davant del Cadastre, garanties hipotec\u00e0ries, etc.)<\/li>\n\n\n\n<li>Dict\u00e0mens<\/li>\n<\/ul>\n<\/div>\n\n\n\n<div class=\"wp-block-column is-layout-flow wp-block-column-is-layout-flow\">\n<h2 class=\"wp-block-heading has-mask-fill has-large-font-size\" style=\"font-style:normal;font-weight:300\">Dret mercantil i concursal<\/h2>\n\n\n\n<ul class=\"wp-block-list decimal-list\">\n<li>Contractaci\u00f3 mercantil i internacional<\/li>\n\n\n\n<li>Constituci\u00f3 de societats espanyoles, sucursals o filials de societats estrangeres a Espanya<\/li>\n\n\n\n<li>Acords de socis &#8211; joint ventures<\/li>\n\n\n\n<li>Operacions de reestructuraci\u00f3 societ\u00e0ria: fusions, adquisicions i escissions<\/li>\n\n\n\n<li>Assessorament en tota mena d&#8217;acords societaris com actes, ampliacions i disminucions de capital, liquidacions, compravenda d&#8217;accions i participacions socials, etc.<\/li>\n\n\n\n<li>Assessorament a consells d&#8217;administraci\u00f3 i suport de secretaries del consell<\/li>\n\n\n\n<li>Preparaci\u00f3 de juntes d&#8217;accionistes, modificacions estatut\u00e0ries, redacci\u00f3 de tota mena de contractes<\/li>\n\n\n\n<li>Reclamacions de quantitat<\/li>\n\n\n\n<li>Assessorament preconcursal, preparaci\u00f3 de documentaci\u00f3 societ\u00e0ria i comptable, negociaci\u00f3 pr\u00e8via amb creditors i convenis extraconcursals<\/li>\n\n\n\n<li>Preparaci\u00f3 i presentaci\u00f3 de concursos de creditors voluntaris i necessaris i assist\u00e8ncia lletrada a totes les fases de la seva tramitaci\u00f3<\/li>\n\n\n\n<li>Preparaci\u00f3, redacci\u00f3 i negociaci\u00f3 de convenis de creditors<\/li>\n\n\n\n<li>Intervenci\u00f3 com a advocats administradors concursals<\/li>\n\n\n\n<li>Assessorament i negociaci\u00f3 amb els administradors concursals, dipositaris i liquidadors<\/li>\n<\/ul>\n<\/div>\n<\/div>\n\n\n\n<div class=\"wp-block-columns is-layout-flex wp-container-core-columns-is-layout-0d9f0c49 wp-block-columns-is-layout-flex\" style=\"padding-top:var(--wp--preset--spacing--40);padding-right:var(--wp--preset--spacing--40);padding-bottom:var(--wp--preset--spacing--40);padding-left:var(--wp--preset--spacing--40)\">\n<div class=\"wp-block-column is-layout-flow wp-block-column-is-layout-flow\">\n<h2 class=\"wp-block-heading has-mask-fill has-large-font-size\" style=\"font-style:normal;font-weight:300\">Dret Tributari<\/h2>\n\n\n\n<ul class=\"wp-block-list decimal-list\">\n<li>Liquidacions tribut\u00e0ries (tributs locals, auton\u00f2mics i estatals)<\/li>\n\n\n\n<li>Reclamacions econ\u00f2mic-administratives<\/li>\n\n\n\n<li>Recursos tributaris en via administrativa i en la jurisdicci\u00f3 contenciosa administrativa<\/li>\n\n\n\n<li>Inspeccions tribut\u00e0ries<\/li>\n\n\n\n<li>Operacions societ\u00e0ries i patrimonials<\/li>\n<\/ul>\n<\/div>\n\n\n\n<div class=\"wp-block-column is-layout-flow wp-block-column-is-layout-flow\">\n<h2 class=\"wp-block-heading has-mask-fill has-large-font-size\" style=\"font-style:normal;font-weight:300\">Dret processal<\/h2>\n\n\n\n<ul class=\"wp-block-list decimal-list\">\n<li>Litigaci\u00f3 en l\u2019\u00e0mbit civil<\/li>\n\n\n\n<li>Litigaci\u00f3 en l\u2019\u00e0mbit&nbsp;mercantil<\/li>\n\n\n\n<li>Litigaci\u00f3 en l\u2019\u00e0mbit de fam\u00edlia<\/li>\n\n\n\n<li>Litigaci\u00f3 en l\u2019\u00e0mbit laboral<\/li>\n<\/ul>\n<\/div>\n<\/div>\n\n\n\n<div class=\"wp-block-columns is-layout-flex wp-container-core-columns-is-layout-0d9f0c49 wp-block-columns-is-layout-flex\" style=\"padding-top:var(--wp--preset--spacing--40);padding-right:var(--wp--preset--spacing--40);padding-bottom:var(--wp--preset--spacing--40);padding-left:var(--wp--preset--spacing--40)\">\n<div class=\"wp-block-column is-layout-flow wp-block-column-is-layout-flow\">\n<h2 class=\"wp-block-heading has-mask-fill has-large-font-size\" style=\"font-style:normal;font-weight:300\">Dret administratiu<\/h2>\n\n\n\n<ul class=\"wp-block-list decimal-list\">\n<li>Obtenci\u00f3 de llic\u00e8ncies i autoritzacions administratives<\/li>\n\n\n\n<li>Recursos administratius davant l\u2019Administraci\u00f3 i en la jurisdicci\u00f3 contenciosa administrativa<\/li>\n\n\n\n<li>Reclamacions de responsabilitat patrimonial davant de qualsevol administraci\u00f3 (local, auton\u00f2mica i\/o estatal)<\/li>\n<\/ul>\n<\/div>\n\n\n\n<div class=\"wp-block-column is-layout-flow wp-block-column-is-layout-flow\">\n<h2 class=\"wp-block-heading has-mask-fill has-large-font-size\" style=\"font-style:normal;font-weight:300\">Dret d\u2019estrangeria<\/h2>\n\n\n\n<ul class=\"wp-block-list decimal-list\">\n<li>Tramitaci\u00f3 d\u2019autoritzacions de resid\u00e8ncia i de resid\u00e8ncia i treball (LOEX)<\/li>\n\n\n\n<li>Tramitaci\u00f3 de nacionalitat espanyola<\/li>\n\n\n\n<li>Recursos administratius en tr\u00e0mits d\u2019estrangeria i nacionalitat espanyola<\/li>\n<\/ul>\n<\/div>\n<\/div>\n\n\n\n<div class=\"wp-block-columns is-layout-flex wp-container-core-columns-is-layout-0d9f0c49 wp-block-columns-is-layout-flex\" style=\"padding-top:var(--wp--preset--spacing--40);padding-right:var(--wp--preset--spacing--40);padding-bottom:var(--wp--preset--spacing--40);padding-left:var(--wp--preset--spacing--40)\">\n<div class=\"wp-block-column is-layout-flow wp-block-column-is-layout-flow\">\n<h2 class=\"wp-block-heading has-mask-fill has-large-font-size\" style=\"font-style:normal;font-weight:300\">Dret laboral<\/h2>\n\n\n\n<ul class=\"wp-block-list decimal-list\">\n<li>Tramitaci\u00f3 de prestacions p\u00fabliques (incapacitat, vidu\u00eftat, orfandat, etc.)<\/li>\n\n\n\n<li>Seguretat Social<\/li>\n\n\n\n<li>Expedients de Regulaci\u00f3 d\u2019Ocupaci\u00f3 i reestructuraci\u00f3 de plantilles<\/li>\n\n\n\n<li>Mediaci\u00f3 i negociaci\u00f3 laboral<\/li>\n<\/ul>\n<\/div>\n\n\n\n<div class=\"wp-block-column is-layout-flow wp-block-column-is-layout-flow\"><\/div>\n<\/div>\n\n\n\n<h3 class=\"wp-block-heading has-text-align-center has-cinc-orange-color has-text-color has-large-font-size\" style=\"margin-top:0;margin-right:0;margin-bottom:0;margin-left:0;padding-top:4rem;padding-right:4rem;padding-bottom:4rem;padding-left:4rem;font-style:normal;font-weight:300\">Si vols m\u00e9s informaci\u00f3 sobre els serveis que oferim, consulta el nostre cat\u00e0leg<\/h3>\n<\/div>\n\n\n\n<div class=\"wp-block-uagb-container uagb-block-cedb4611 alignfull uagb-is-root-container\"><div class=\"uagb-container-inner-blocks-wrap\">\n<h2 class=\"wp-block-heading has-text-align-center\">Vine a con\u00e8ixer-nos<\/h2>\n<\/div><\/div>\n\n\n\n<div class=\"wp-block-uagb-container uagb-block-4984a167 alignfull uagb-is-root-container\"><div class=\"uagb-container-inner-blocks-wrap\">\n<div class=\"wp-block-uagb-container uagb-block-3cdfd36b\">\n<div class=\"wp-block-group is-layout-constrained wp-block-group-is-layout-constrained\">\n<figure class=\"wp-block-image size-full is-resized\"><img loading=\"lazy\" decoding=\"async\" width=\"1200\" height=\"851\" src=\"https:\/\/www.cinc.com\/wp-content\/uploads\/2024\/01\/edifici-cinc-1.webp\" alt=\"\" class=\"wp-image-20395\" style=\"aspect-ratio:3\/2;object-fit:cover;width:500px;height:undefinedpx\" srcset=\"https:\/\/www.cinc.com\/wp-content\/uploads\/2024\/01\/edifici-cinc-1.webp 1200w, https:\/\/www.cinc.com\/wp-content\/uploads\/2024\/01\/edifici-cinc-1-300x213.webp 300w, https:\/\/www.cinc.com\/wp-content\/uploads\/2024\/01\/edifici-cinc-1-1024x726.webp 1024w, https:\/\/www.cinc.com\/wp-content\/uploads\/2024\/01\/edifici-cinc-1-768x545.webp 768w\" sizes=\"auto, (max-width: 1200px) 100vw, 1200px\" \/><\/figure>\n\n\n\n<div class=\"wp-block-group is-layout-constrained wp-block-group-is-layout-constrained\" style=\"padding-top:var(--wp--preset--spacing--50);padding-bottom:0\">\n<p class=\"has-text-align-center\" style=\"margin-top:0;margin-bottom:0\"><strong><a href=\"https:\/\/www.cinc.com\/cinc-barcelona\/\" data-type=\"link\" data-id=\"https:\/\/www.cinc.com\/cinc-barcelona\/\">CINC BARCELONA<\/a><\/strong><\/p>\n\n\n\n<p class=\"has-text-align-center\" style=\"margin-top:0;margin-bottom:0;padding-top:0;padding-bottom:0\">C\/Llull, 321<\/p>\n<\/div>\n<\/div>\n<\/div>\n\n\n\n<div class=\"wp-block-uagb-container uagb-block-613cde8d\">\n<div class=\"wp-block-group is-layout-constrained wp-block-group-is-layout-constrained\">\n<figure class=\"wp-block-image size-full is-resized\"><img loading=\"lazy\" decoding=\"async\" width=\"1200\" height=\"831\" src=\"https:\/\/www.cinc.com\/wp-content\/uploads\/2024\/01\/edifici-cinc-2.webp\" alt=\"\" class=\"wp-image-20399\" style=\"aspect-ratio:3\/2;object-fit:cover;width:500px;height:undefinedpx\" srcset=\"https:\/\/www.cinc.com\/wp-content\/uploads\/2024\/01\/edifici-cinc-2.webp 1200w, https:\/\/www.cinc.com\/wp-content\/uploads\/2024\/01\/edifici-cinc-2-300x208.webp 300w, https:\/\/www.cinc.com\/wp-content\/uploads\/2024\/01\/edifici-cinc-2-1024x709.webp 1024w, https:\/\/www.cinc.com\/wp-content\/uploads\/2024\/01\/edifici-cinc-2-768x532.webp 768w\" sizes=\"auto, (max-width: 1200px) 100vw, 1200px\" \/><\/figure>\n\n\n\n<div class=\"wp-block-group is-layout-constrained wp-block-group-is-layout-constrained\" style=\"padding-top:var(--wp--preset--spacing--50);padding-bottom:0\">\n<p class=\"has-text-align-center\" style=\"margin-top:0;margin-bottom:0\"><strong><a href=\"https:\/\/www.cinc.com\/cinc-girona\/\" data-type=\"link\" data-id=\"https:\/\/www.cinc.com\/cinc-girona\/\">CINC GIRONA<\/a><\/strong><\/p>\n\n\n\n<p class=\"has-text-align-center\" style=\"margin-top:0;margin-bottom:0;padding-top:0;padding-bottom:0\">C\/Riu G\u00fcell, 58<\/p>\n<\/div>\n<\/div>\n<\/div>\n\n\n\n<div class=\"wp-block-uagb-container uagb-block-11cbbdcb\">\n<div class=\"wp-block-group is-layout-constrained wp-block-group-is-layout-constrained\">\n<figure class=\"wp-block-image size-full is-resized\"><img loading=\"lazy\" decoding=\"async\" width=\"1200\" height=\"1014\" src=\"https:\/\/www.cinc.com\/wp-content\/uploads\/2024\/01\/edifici-cinc-3.webp\" alt=\"\" class=\"wp-image-20404\" style=\"aspect-ratio:3\/2;object-fit:cover;width:500px;height:undefinedpx\" srcset=\"https:\/\/www.cinc.com\/wp-content\/uploads\/2024\/01\/edifici-cinc-3.webp 1200w, https:\/\/www.cinc.com\/wp-content\/uploads\/2024\/01\/edifici-cinc-3-300x254.webp 300w, https:\/\/www.cinc.com\/wp-content\/uploads\/2024\/01\/edifici-cinc-3-1024x865.webp 1024w, https:\/\/www.cinc.com\/wp-content\/uploads\/2024\/01\/edifici-cinc-3-768x649.webp 768w\" sizes=\"auto, (max-width: 1200px) 100vw, 1200px\" \/><\/figure>\n\n\n\n<div class=\"wp-block-group is-layout-constrained wp-block-group-is-layout-constrained\" style=\"padding-top:var(--wp--preset--spacing--50);padding-bottom:0\">\n<p class=\"has-text-align-center\" style=\"margin-top:0;margin-bottom:0;padding-top:0;padding-bottom:0\"><strong>CINC FIGUERES<\/strong><\/p>\n\n\n\n<p class=\"has-text-align-center\" style=\"margin-top:0;margin-bottom:0;padding-top:0;padding-bottom:0\">C\/Blanc, 8<\/p>\n<\/div>\n<\/div>\n<\/div>\n<\/div><\/div>\n\n\n\n<div class=\"wp-block-uagb-container uagb-block-490cca05 alignfull uagb-is-root-container\"><div class=\"uagb-container-inner-blocks-wrap\">\n<h2 class=\"wp-block-heading has-mask-fill no-margins\">Actes i confer\u00e8ncies<\/h2>\n\n\n\n<p>Descobreix i apunta\u2019t a tots els actes i confer\u00e8ncies organitzades!<\/p>\n\n\n\n<div class=\"wp-block-buttons is-layout-flex wp-block-buttons-is-layout-flex\">\n<div class=\"wp-block-button\"><a class=\"wp-block-button__link wp-element-button\" href=\"https:\/\/www.cinc.com\/actes\/\">Veure actes<\/a><\/div>\n<\/div>\n<\/div><\/div>\n\n\n\n<div class=\"wp-block-uagb-container uagb-block-66a52195 default uagb-is-root-container\">\n<div class=\"wp-block-uagb-advanced-heading uagb-block-d47e4286\"><h2 class=\"uagb-heading-text\">Not\u00edcies destacades<\/h2><\/div>\n\n\n\n\t\t\t<div class=\"wp-block-uagb-post-grid uagb-post-grid  uagb-post__image-position-top uagb-post__image-enabled uagb-block-ad528a11     uagb-post__items uagb-post__columns-3 is-grid uagb-post__columns-tablet-2 uagb-post__columns-mobile-1 uagb-post__equal-height\" data-total=\"170\" style=\"\">\n\n\t\t\t\t\t\t\t\t\t\t\t\t<article class=\"uagb-post__inner-wrap\">\t\t\t\t\t\t\t\t<div class='uagb-post__image'>\n\t\t\t\t\t\t\t\t\t<a href=\"https:\/\/www.cinc.com\/ca\/les-autoritats-de-proteccio-de-dades-reforcen-la-collaboracio-davant-els-reptes-digitals\/\" target=\"_self\" rel=\"bookmark noopener noreferrer\" class='uagb-image-ratio-9-16'><img loading=\"lazy\" decoding=\"async\" width=\"300\" height=\"196\" src=\"https:\/\/www.cinc.com\/wp-content\/uploads\/thedigitalway-computer-1591018_1920-300x196.jpg\" class=\"attachment-medium size-medium\" alt=\"\" srcset=\"https:\/\/www.cinc.com\/wp-content\/uploads\/thedigitalway-computer-1591018_1920-300x196.jpg 300w, https:\/\/www.cinc.com\/wp-content\/uploads\/thedigitalway-computer-1591018_1920-1651x1080.jpg 1651w, https:\/\/www.cinc.com\/wp-content\/uploads\/thedigitalway-computer-1591018_1920-768x502.jpg 768w, https:\/\/www.cinc.com\/wp-content\/uploads\/thedigitalway-computer-1591018_1920-1536x1005.jpg 1536w, https:\/\/www.cinc.com\/wp-content\/uploads\/thedigitalway-computer-1591018_1920.jpg 1920w\" sizes=\"auto, (max-width: 300px) 100vw, 300px\" \/>\t\t\t\t\t<\/a>\n\t\t\t\t\t\t\t<\/div>\n\t\t\t\t\t\t<h4 class=\"uagb-post__title uagb-post__text\">\n\t\t\t\t<a href=\"https:\/\/www.cinc.com\/ca\/les-autoritats-de-proteccio-de-dades-reforcen-la-collaboracio-davant-els-reptes-digitals\/\" target=\"_self\" rel=\"bookmark noopener noreferrer\">Les autoritats de protecci\u00f3 de dades reforcen la col\u00b7laboraci\u00f3 davant els reptes digitals<\/a>\n\t\t\t<\/h4>\n\t\t\t\t\t\t<div class='uagb-post__text uagb-post-grid-byline'>\n\t\t\t\t\t\t\t<\/div>\n\t\t\t\t\t\t\t<div class='uagb-post__text uagb-post__excerpt'>\n\t\t\t\t\tOrganismes p\u00fablics han acordat treballar de manera conjunta per refor\u00e7ar la seguretat de la informaci\u00f3&#8230;\t\t\t\t<\/div>\n\t\t\t\t\t\t<div class=\"uagb-post__text uagb-post__cta wp-block-button\">\n\t\t\t\t<a class=\"wp-block-button__link uagb-text-link\" style=\"\" href=\"https:\/\/www.cinc.com\/ca\/les-autoritats-de-proteccio-de-dades-reforcen-la-collaboracio-davant-els-reptes-digitals\/\" target=\"_self\" rel=\"bookmark noopener noreferrer\">Llegir m\u00e9s<\/a>\n\t\t\t<\/div>\n\t\t\t\n\t\t\t\t\t\t\t\t\t<\/article>\n\t\t\t\t\t\t\t\t\t\t\t\t\t\t\t\t<article class=\"uagb-post__inner-wrap\">\t\t\t\t\t\t\t\t<div class='uagb-post__image'>\n\t\t\t\t\t\t\t\t\t<a href=\"https:\/\/www.cinc.com\/ca\/la-aepd-impulsa-una-xarxa-estatal-de-recerca-en-privacitat-i-tecnologies-emergents\/\" target=\"_self\" rel=\"bookmark noopener noreferrer\" class='uagb-image-ratio-9-16'><img loading=\"lazy\" decoding=\"async\" width=\"300\" height=\"200\" src=\"https:\/\/www.cinc.com\/wp-content\/uploads\/geralt-network-4109223_1920-300x200.jpg\" class=\"attachment-medium size-medium\" alt=\"\" srcset=\"https:\/\/www.cinc.com\/wp-content\/uploads\/geralt-network-4109223_1920-300x200.jpg 300w, https:\/\/www.cinc.com\/wp-content\/uploads\/geralt-network-4109223_1920-1620x1080.jpg 1620w, https:\/\/www.cinc.com\/wp-content\/uploads\/geralt-network-4109223_1920-768x512.jpg 768w, https:\/\/www.cinc.com\/wp-content\/uploads\/geralt-network-4109223_1920-1536x1024.jpg 1536w, https:\/\/www.cinc.com\/wp-content\/uploads\/geralt-network-4109223_1920.jpg 1920w\" sizes=\"auto, (max-width: 300px) 100vw, 300px\" \/>\t\t\t\t\t<\/a>\n\t\t\t\t\t\t\t<\/div>\n\t\t\t\t\t\t<h4 class=\"uagb-post__title uagb-post__text\">\n\t\t\t\t<a href=\"https:\/\/www.cinc.com\/ca\/la-aepd-impulsa-una-xarxa-estatal-de-recerca-en-privacitat-i-tecnologies-emergents\/\" target=\"_self\" rel=\"bookmark noopener noreferrer\">La AEPD impulsa una xarxa estatal de recerca en privacitat i tecnologies emergents<\/a>\n\t\t\t<\/h4>\n\t\t\t\t\t\t<div class='uagb-post__text uagb-post-grid-byline'>\n\t\t\t\t\t\t\t<\/div>\n\t\t\t\t\t\t\t<div class='uagb-post__text uagb-post__excerpt'>\n\t\t\t\t\tUn nou espai de col\u00b7laboraci\u00f3 reuneix equips de recerca de tot l\u2019Estat per impulsar projectes&#8230;\t\t\t\t<\/div>\n\t\t\t\t\t\t<div class=\"uagb-post__text uagb-post__cta wp-block-button\">\n\t\t\t\t<a class=\"wp-block-button__link uagb-text-link\" style=\"\" href=\"https:\/\/www.cinc.com\/ca\/la-aepd-impulsa-una-xarxa-estatal-de-recerca-en-privacitat-i-tecnologies-emergents\/\" target=\"_self\" rel=\"bookmark noopener noreferrer\">Llegir m\u00e9s<\/a>\n\t\t\t<\/div>\n\t\t\t\n\t\t\t\t\t\t\t\t\t<\/article>\n\t\t\t\t\t\t\t\t\t\t\t\t\t\t\t\t<article class=\"uagb-post__inner-wrap\">\t\t\t\t\t\t\t\t<div class='uagb-post__image'>\n\t\t\t\t\t\t\t\t\t<a href=\"https:\/\/www.cinc.com\/ca\/responsabilitat-patrimonial-de-lestat-per-lapagada-electrica-del-28-dabril-de-2025\/\" target=\"_self\" rel=\"bookmark noopener noreferrer\" class='uagb-image-ratio-9-16'><img loading=\"lazy\" decoding=\"async\" width=\"300\" height=\"200\" src=\"https:\/\/www.cinc.com\/wp-content\/uploads\/analogicus-energy-crisis-7493668_1920-300x200.jpg\" class=\"attachment-medium size-medium\" alt=\"\" srcset=\"https:\/\/www.cinc.com\/wp-content\/uploads\/analogicus-energy-crisis-7493668_1920-300x200.jpg 300w, https:\/\/www.cinc.com\/wp-content\/uploads\/analogicus-energy-crisis-7493668_1920-1620x1080.jpg 1620w, https:\/\/www.cinc.com\/wp-content\/uploads\/analogicus-energy-crisis-7493668_1920-768x512.jpg 768w, https:\/\/www.cinc.com\/wp-content\/uploads\/analogicus-energy-crisis-7493668_1920-1536x1024.jpg 1536w, https:\/\/www.cinc.com\/wp-content\/uploads\/analogicus-energy-crisis-7493668_1920.jpg 1920w\" sizes=\"auto, (max-width: 300px) 100vw, 300px\" \/>\t\t\t\t\t<\/a>\n\t\t\t\t\t\t\t<\/div>\n\t\t\t\t\t\t<h4 class=\"uagb-post__title uagb-post__text\">\n\t\t\t\t<a href=\"https:\/\/www.cinc.com\/ca\/responsabilitat-patrimonial-de-lestat-per-lapagada-electrica-del-28-dabril-de-2025\/\" target=\"_self\" rel=\"bookmark noopener noreferrer\">Responsabilitat patrimonial de l\u2019Estat per l\u2019apagada el\u00e8ctrica del 28 d\u2019abril de 2025<\/a>\n\t\t\t<\/h4>\n\t\t\t\t\t\t<div class='uagb-post__text uagb-post-grid-byline'>\n\t\t\t\t\t\t\t<\/div>\n\t\t\t\t\t\t\t<div class='uagb-post__text uagb-post__excerpt'>\n\t\t\t\t\tS\u2019obre el debat jur\u00eddic sobre si els perjudicis derivats d\u2019un gran incident en el sistema&#8230;\t\t\t\t<\/div>\n\t\t\t\t\t\t<div class=\"uagb-post__text uagb-post__cta wp-block-button\">\n\t\t\t\t<a class=\"wp-block-button__link uagb-text-link\" style=\"\" href=\"https:\/\/www.cinc.com\/ca\/responsabilitat-patrimonial-de-lestat-per-lapagada-electrica-del-28-dabril-de-2025\/\" target=\"_self\" rel=\"bookmark noopener noreferrer\">Llegir m\u00e9s<\/a>\n\t\t\t<\/div>\n\t\t\t\n\t\t\t\t\t\t\t\t\t<\/article>\n\t\t\t\t\t\t\t\t\t\t\t<\/div>\n\t\t\t<\/div>\n\n\n\n<div class=\"wp-block-uagb-container uagb-block-520c94a1 alignfull uagb-is-root-container\"><div class=\"uagb-container-inner-blocks-wrap\">\n<div class=\"marquee-text-wrapper \"><p class=\"marquee-text big-title fw\">Apunta&#8217;t a la nostra newsletter<\/p><\/div>\n\n\n<div class=\"wp-block-cinc-blocks-newsletter-form\">\n    <form id=\"newsletter-form\" method=\"POST\" class=\"wp-block-cinc-blocks-newsletter-form__form\">\n        <input class=\"wp-block-cinc-blocks-newsletter-form__field\" type=\"text\" placeholder=\"Your name\" name=\"name\" required \/>\n        <select class=\"wp-block-cinc-blocks-newsletter-form__select\" name=\"town\" required>\n            <option value=\"\" readonly>Town<\/option>\n            <option value=\"barcelona\">Barcelona<\/option>\n            <option value=\"girona\">Girona<\/option>\n        <\/select>\n        <input class=\"wp-block-cinc-blocks-newsletter-form__field\" type=\"email\" placeholder=\"Your email\" name=\"email\" required \/>\n        <button class=\"wp-block-cinc-blocks-newsletter-form__button\">Subscribe<\/button>\n    <\/form>\n    <div id=\"newsletter-form-response\"><\/div>\n<\/div><\/div><\/div>\n","protected":false},"excerpt":{"rendered":"<p>Not\u00edcies destacades<\/p>\n","protected":false},"author":4,"featured_media":0,"parent":10945,"menu_order":4,"comment_status":"closed","ping_status":"closed","template":"","meta":{"_acf_changed":false,"_uag_custom_page_level_css":"","footnotes":""},"class_list":["post-11048","page","type-page","status-publish","hentry"],"acf":[],"uagb_featured_image_src":{"full":false,"thumbnail":false,"medium":false,"medium_large":false,"large":false,"1536x1536":false,"2048x2048":false,"gform-image-choice-sm":false,"gform-image-choice-md":false,"gform-image-choice-lg":false},"uagb_author_info":{"display_name":"Paula","author_link":"https:\/\/www.cinc.com\/ca\/author\/paula\/"},"uagb_comment_info":0,"uagb_excerpt":"Not\u00edcies destacades","jetpack_sharing_enabled":true,"_links":{"self":[{"href":"https:\/\/www.cinc.com\/ca\/wp-json\/wp\/v2\/pages\/11048","targetHints":{"allow":["GET"]}}],"collection":[{"href":"https:\/\/www.cinc.com\/ca\/wp-json\/wp\/v2\/pages"}],"about":[{"href":"https:\/\/www.cinc.com\/ca\/wp-json\/wp\/v2\/types\/page"}],"author":[{"embeddable":true,"href":"https:\/\/www.cinc.com\/ca\/wp-json\/wp\/v2\/users\/4"}],"replies":[{"embeddable":true,"href":"https:\/\/www.cinc.com\/ca\/wp-json\/wp\/v2\/comments?post=11048"}],"version-history":[{"count":5,"href":"https:\/\/www.cinc.com\/ca\/wp-json\/wp\/v2\/pages\/11048\/revisions"}],"predecessor-version":[{"id":32617,"href":"https:\/\/www.cinc.com\/ca\/wp-json\/wp\/v2\/pages\/11048\/revisions\/32617"}],"up":[{"embeddable":true,"href":"https:\/\/www.cinc.com\/ca\/wp-json\/wp\/v2\/pages\/10945"}],"wp:attachment":[{"href":"https:\/\/www.cinc.com\/ca\/wp-json\/wp\/v2\/media?parent=11048"}],"curies":[{"name":"wp","href":"https:\/\/api.w.org\/{rel}","templated":true}]}}