{"id":11042,"date":"2023-03-08T09:53:12","date_gmt":"2023-03-08T09:53:12","guid":{"rendered":"https:\/\/www.cinc.com\/?page_id=11042"},"modified":"2025-11-28T13:32:52","modified_gmt":"2025-11-28T12:32:52","slug":"proteccio-de-dades","status":"publish","type":"page","link":"https:\/\/www.cinc.com\/ca\/assessoria-dempreses\/proteccio-de-dades\/","title":{"rendered":"Protecci\u00f3 de dades"},"content":{"rendered":"\n<div class=\"wp-block-uagb-container uagb-block-2087dc32 alignfull uagb-is-root-container\"><div class=\"uagb-container-inner-blocks-wrap\">\n<div class=\"wp-block-uagb-container uagb-block-a30dd3ea\">\n<h2 class=\"wp-block-heading has-mask-fill has-large-font-size\" style=\"font-style:normal;font-weight:300\">Adapta la teva empresa al RGPD i a la nova LOPD de forma f\u00e0cil i segura<\/h2>\n\n\n\n<p>Totes les empreses, professionals i entitats que tractin amb dades de car\u00e0cter personal han de complir amb l&#8217;actual Reglament Europeu de Protecci\u00f3 de Dades (RGPD).<\/p>\n\n\n\n<p>Tamb\u00e9 estan obligades a adequar-se a la nova Llei Org\u00e0nica de Protecci\u00f3 de Dades i Garantia dels Drets Digitals (LOPDGDD, llei 3\/2018), que concreta un seguit de qu\u0308estions que no estan recollides en la normativa europea.<\/p>\n\n\n\n<p>Per aix\u00f2, t&#8217;oferim un servei d&#8217;adaptaci\u00f3 i manteniment a mida del RGPD i la LOPDGDD:<\/p>\n\n\n\n<ul class=\"wp-block-list\">\n<li>T&#8217;ajudem en la implantaci\u00f3 inicial de les normatives<\/li>\n\n\n\n<li>Realitzem auditories per comprovar-ne el grau d&#8217;adequaci\u00f3<\/li>\n\n\n\n<li>Et facilitem la contractaci\u00f3 d&#8217;un Delegat de Protecci\u00f3 de Dades (DPO)<\/li>\n<\/ul>\n<\/div>\n\n\n\n<div class=\"wp-block-uagb-container uagb-block-22b17c70\">\n<h2 class=\"wp-block-heading has-mask-fill has-large-font-size\" style=\"font-style:normal;font-weight:300\">Serveis de protecci\u00f3 de dades<\/h2>\n\n\n\n<ol class=\"wp-block-list decimal-list\">\n<li>Realitzaci\u00f3 d&#8217;auditories internes com externes de RGPD i LOPDGDD<\/li>\n\n\n\n<li>Servei de Delegat de Protecci\u00f3 de Dades (DPO)<\/li>\n\n\n\n<li>Servei de Canal de Den\u00fancies per a empreses<\/li>\n\n\n\n<li>Elaboraci\u00f3 de contractes de confidencialitat<\/li>\n\n\n\n<li>Formaci\u00f3 i consultoria en Protecci\u00f3 de Dades<\/li>\n\n\n\n<li>Seguiment de les inspeccions realitzades per l\u2019Ag\u00e8ncia de Protecci\u00f3 de Dades<\/li>\n\n\n\n<li>An\u00e0lisi de riscos en el tractament de dades<\/li>\n\n\n\n<li>Adequaci\u00f3 a la Llei de Serveis de Societat de la Informaci\u00f3 i Comer\u00e7 Electr\u00f2nic (LSSICE)<\/li>\n\n\n\n<li>Redacci\u00f3 de textos legals per a web (av\u00eds legal, pol\u00edtica de privacitat, pol\u00edtica de cookies, etc.)<\/li>\n<\/ol>\n<\/div>\n<\/div><\/div>\n\n\n\n<div class=\"wp-block-uagb-container uagb-block-520a46e6 alignfull uagb-is-root-container\"><div class=\"uagb-container-inner-blocks-wrap\">\n<h2 class=\"wp-block-heading has-text-align-center has-cinc-orange-color has-text-color has-large-font-size\" style=\"font-style:normal;font-weight:300\">Si vols m\u00e9s informaci\u00f3 sobre els serveis que<br>oferim, consulta el nostre cat\u00e0leg<\/h2>\n<\/div><\/div>\n\n\n\n<div class=\"wp-block-uagb-container uagb-block-cedb4611 alignfull uagb-is-root-container\"><div class=\"uagb-container-inner-blocks-wrap\">\n<h2 class=\"wp-block-heading has-text-align-center\">Vine a con\u00e8ixer-nos<\/h2>\n<\/div><\/div>\n\n\n\n<div class=\"wp-block-uagb-container uagb-block-4984a167 alignfull uagb-is-root-container\"><div class=\"uagb-container-inner-blocks-wrap\">\n<div class=\"wp-block-uagb-container uagb-block-3cdfd36b\">\n<div class=\"wp-block-group is-layout-constrained wp-block-group-is-layout-constrained\">\n<figure class=\"wp-block-image size-full is-resized\"><img loading=\"lazy\" decoding=\"async\" width=\"1200\" height=\"851\" src=\"https:\/\/www.cinc.com\/wp-content\/uploads\/2024\/01\/edifici-cinc-1.webp\" alt=\"\" class=\"wp-image-20395\" style=\"aspect-ratio:3\/2;object-fit:cover;width:500px;height:undefinedpx\" srcset=\"https:\/\/www.cinc.com\/wp-content\/uploads\/2024\/01\/edifici-cinc-1.webp 1200w, https:\/\/www.cinc.com\/wp-content\/uploads\/2024\/01\/edifici-cinc-1-300x213.webp 300w, https:\/\/www.cinc.com\/wp-content\/uploads\/2024\/01\/edifici-cinc-1-1024x726.webp 1024w, https:\/\/www.cinc.com\/wp-content\/uploads\/2024\/01\/edifici-cinc-1-768x545.webp 768w\" sizes=\"auto, (max-width: 1200px) 100vw, 1200px\" \/><\/figure>\n\n\n\n<div class=\"wp-block-group is-layout-constrained wp-block-group-is-layout-constrained\" style=\"padding-top:var(--wp--preset--spacing--50);padding-bottom:0\">\n<p class=\"has-text-align-center\" style=\"margin-top:0;margin-bottom:0\"><strong><a href=\"https:\/\/www.cinc.com\/cinc-barcelona\/\" data-type=\"link\" data-id=\"https:\/\/www.cinc.com\/cinc-barcelona\/\">CINC BARCELONA<\/a><\/strong><\/p>\n\n\n\n<p class=\"has-text-align-center\" style=\"margin-top:0;margin-bottom:0;padding-top:0;padding-bottom:0\">C\/Llull, 321<\/p>\n<\/div>\n<\/div>\n<\/div>\n\n\n\n<div class=\"wp-block-uagb-container uagb-block-613cde8d\">\n<div class=\"wp-block-group is-layout-constrained wp-block-group-is-layout-constrained\">\n<figure class=\"wp-block-image size-full is-resized\"><img loading=\"lazy\" decoding=\"async\" width=\"1200\" height=\"831\" src=\"https:\/\/www.cinc.com\/wp-content\/uploads\/2024\/01\/edifici-cinc-2.webp\" alt=\"\" class=\"wp-image-20399\" style=\"aspect-ratio:3\/2;object-fit:cover;width:500px;height:undefinedpx\" srcset=\"https:\/\/www.cinc.com\/wp-content\/uploads\/2024\/01\/edifici-cinc-2.webp 1200w, https:\/\/www.cinc.com\/wp-content\/uploads\/2024\/01\/edifici-cinc-2-300x208.webp 300w, https:\/\/www.cinc.com\/wp-content\/uploads\/2024\/01\/edifici-cinc-2-1024x709.webp 1024w, https:\/\/www.cinc.com\/wp-content\/uploads\/2024\/01\/edifici-cinc-2-768x532.webp 768w\" sizes=\"auto, (max-width: 1200px) 100vw, 1200px\" \/><\/figure>\n\n\n\n<div class=\"wp-block-group is-layout-constrained wp-block-group-is-layout-constrained\" style=\"padding-top:var(--wp--preset--spacing--50);padding-bottom:0\">\n<p class=\"has-text-align-center\" style=\"margin-top:0;margin-bottom:0\"><strong><a href=\"https:\/\/www.cinc.com\/cinc-girona\/\" data-type=\"link\" data-id=\"https:\/\/www.cinc.com\/cinc-girona\/\">CINC GIRONA<\/a><\/strong><\/p>\n\n\n\n<p class=\"has-text-align-center\" style=\"margin-top:0;margin-bottom:0;padding-top:0;padding-bottom:0\">C\/Riu G\u00fcell, 58<\/p>\n<\/div>\n<\/div>\n<\/div>\n\n\n\n<div class=\"wp-block-uagb-container uagb-block-11cbbdcb\">\n<div class=\"wp-block-group is-layout-constrained wp-block-group-is-layout-constrained\">\n<figure class=\"wp-block-image size-full is-resized\"><img loading=\"lazy\" decoding=\"async\" width=\"1200\" height=\"1014\" src=\"https:\/\/www.cinc.com\/wp-content\/uploads\/2024\/01\/edifici-cinc-3.webp\" alt=\"\" class=\"wp-image-20404\" style=\"aspect-ratio:3\/2;object-fit:cover;width:500px;height:undefinedpx\" srcset=\"https:\/\/www.cinc.com\/wp-content\/uploads\/2024\/01\/edifici-cinc-3.webp 1200w, https:\/\/www.cinc.com\/wp-content\/uploads\/2024\/01\/edifici-cinc-3-300x254.webp 300w, https:\/\/www.cinc.com\/wp-content\/uploads\/2024\/01\/edifici-cinc-3-1024x865.webp 1024w, https:\/\/www.cinc.com\/wp-content\/uploads\/2024\/01\/edifici-cinc-3-768x649.webp 768w\" sizes=\"auto, (max-width: 1200px) 100vw, 1200px\" \/><\/figure>\n\n\n\n<div class=\"wp-block-group is-layout-constrained wp-block-group-is-layout-constrained\" style=\"padding-top:var(--wp--preset--spacing--50);padding-bottom:0\">\n<p class=\"has-text-align-center\" style=\"margin-top:0;margin-bottom:0;padding-top:0;padding-bottom:0\"><strong>CINC FIGUERES<\/strong><\/p>\n\n\n\n<p class=\"has-text-align-center\" style=\"margin-top:0;margin-bottom:0;padding-top:0;padding-bottom:0\">C\/Blanc, 8<\/p>\n<\/div>\n<\/div>\n<\/div>\n<\/div><\/div>\n\n\n\n<div class=\"wp-block-uagb-container uagb-block-66a52195 default uagb-is-root-container\">\n<div class=\"wp-block-uagb-advanced-heading uagb-block-d47e4286\"><h2 class=\"uagb-heading-text\">Not\u00edcies destacades<\/h2><\/div>\n\n\n\n\t\t\t<div class=\"wp-block-uagb-post-grid uagb-post-grid  uagb-post__image-position-top uagb-post__image-enabled uagb-block-ad528a11     uagb-post__items uagb-post__columns-3 is-grid uagb-post__columns-tablet-2 uagb-post__columns-mobile-1 uagb-post__equal-height\" data-total=\"8\" style=\"\">\n\n\t\t\t\t\t\t\t\t\t\t\t\t<article class=\"uagb-post__inner-wrap\">\t\t\t\t\t\t\t\t<div class='uagb-post__image'>\n\t\t\t\t\t\t\t\t\t<a href=\"https:\/\/www.cinc.com\/ca\/les-autoritats-de-proteccio-de-dades-reforcen-la-collaboracio-davant-els-reptes-digitals\/\" target=\"_self\" rel=\"bookmark noopener noreferrer\" class='uagb-image-ratio-9-16'><img loading=\"lazy\" decoding=\"async\" width=\"300\" height=\"196\" src=\"https:\/\/www.cinc.com\/wp-content\/uploads\/thedigitalway-computer-1591018_1920-300x196.jpg\" class=\"attachment-medium size-medium\" alt=\"\" srcset=\"https:\/\/www.cinc.com\/wp-content\/uploads\/thedigitalway-computer-1591018_1920-300x196.jpg 300w, https:\/\/www.cinc.com\/wp-content\/uploads\/thedigitalway-computer-1591018_1920-1651x1080.jpg 1651w, https:\/\/www.cinc.com\/wp-content\/uploads\/thedigitalway-computer-1591018_1920-768x502.jpg 768w, https:\/\/www.cinc.com\/wp-content\/uploads\/thedigitalway-computer-1591018_1920-1536x1005.jpg 1536w, https:\/\/www.cinc.com\/wp-content\/uploads\/thedigitalway-computer-1591018_1920.jpg 1920w\" sizes=\"auto, (max-width: 300px) 100vw, 300px\" \/>\t\t\t\t\t<\/a>\n\t\t\t\t\t\t\t<\/div>\n\t\t\t\t\t\t<h4 class=\"uagb-post__title uagb-post__text\">\n\t\t\t\t<a href=\"https:\/\/www.cinc.com\/ca\/les-autoritats-de-proteccio-de-dades-reforcen-la-collaboracio-davant-els-reptes-digitals\/\" target=\"_self\" rel=\"bookmark noopener noreferrer\">Les autoritats de protecci\u00f3 de dades reforcen la col\u00b7laboraci\u00f3 davant els reptes digitals<\/a>\n\t\t\t<\/h4>\n\t\t\t\t\t\t<div class='uagb-post__text uagb-post-grid-byline'>\n\t\t\t\t\t\t\t<\/div>\n\t\t\t\t\t\t\t<div class='uagb-post__text uagb-post__excerpt'>\n\t\t\t\t\tOrganismes p\u00fablics han acordat treballar de manera conjunta per refor\u00e7ar la seguretat de la informaci\u00f3&#8230;\t\t\t\t<\/div>\n\t\t\t\t\t\t<div class=\"uagb-post__text uagb-post__cta wp-block-button\">\n\t\t\t\t<a class=\"wp-block-button__link uagb-text-link\" style=\"\" href=\"https:\/\/www.cinc.com\/ca\/les-autoritats-de-proteccio-de-dades-reforcen-la-collaboracio-davant-els-reptes-digitals\/\" target=\"_self\" rel=\"bookmark noopener noreferrer\">Llegir m\u00e9s<\/a>\n\t\t\t<\/div>\n\t\t\t\n\t\t\t\t\t\t\t\t\t<\/article>\n\t\t\t\t\t\t\t\t\t\t\t\t\t\t\t\t<article class=\"uagb-post__inner-wrap\">\t\t\t\t\t\t\t\t<div class='uagb-post__image'>\n\t\t\t\t\t\t\t\t\t<a href=\"https:\/\/www.cinc.com\/ca\/la-aepd-impulsa-una-xarxa-estatal-de-recerca-en-privacitat-i-tecnologies-emergents\/\" target=\"_self\" rel=\"bookmark noopener noreferrer\" class='uagb-image-ratio-9-16'><img loading=\"lazy\" decoding=\"async\" width=\"300\" height=\"200\" src=\"https:\/\/www.cinc.com\/wp-content\/uploads\/geralt-network-4109223_1920-300x200.jpg\" class=\"attachment-medium size-medium\" alt=\"\" srcset=\"https:\/\/www.cinc.com\/wp-content\/uploads\/geralt-network-4109223_1920-300x200.jpg 300w, https:\/\/www.cinc.com\/wp-content\/uploads\/geralt-network-4109223_1920-1620x1080.jpg 1620w, https:\/\/www.cinc.com\/wp-content\/uploads\/geralt-network-4109223_1920-768x512.jpg 768w, https:\/\/www.cinc.com\/wp-content\/uploads\/geralt-network-4109223_1920-1536x1024.jpg 1536w, https:\/\/www.cinc.com\/wp-content\/uploads\/geralt-network-4109223_1920.jpg 1920w\" sizes=\"auto, (max-width: 300px) 100vw, 300px\" \/>\t\t\t\t\t<\/a>\n\t\t\t\t\t\t\t<\/div>\n\t\t\t\t\t\t<h4 class=\"uagb-post__title uagb-post__text\">\n\t\t\t\t<a href=\"https:\/\/www.cinc.com\/ca\/la-aepd-impulsa-una-xarxa-estatal-de-recerca-en-privacitat-i-tecnologies-emergents\/\" target=\"_self\" rel=\"bookmark noopener noreferrer\">La AEPD impulsa una xarxa estatal de recerca en privacitat i tecnologies emergents<\/a>\n\t\t\t<\/h4>\n\t\t\t\t\t\t<div class='uagb-post__text uagb-post-grid-byline'>\n\t\t\t\t\t\t\t<\/div>\n\t\t\t\t\t\t\t<div class='uagb-post__text uagb-post__excerpt'>\n\t\t\t\t\tUn nou espai de col\u00b7laboraci\u00f3 reuneix equips de recerca de tot l\u2019Estat per impulsar projectes&#8230;\t\t\t\t<\/div>\n\t\t\t\t\t\t<div class=\"uagb-post__text uagb-post__cta wp-block-button\">\n\t\t\t\t<a class=\"wp-block-button__link uagb-text-link\" style=\"\" href=\"https:\/\/www.cinc.com\/ca\/la-aepd-impulsa-una-xarxa-estatal-de-recerca-en-privacitat-i-tecnologies-emergents\/\" target=\"_self\" rel=\"bookmark noopener noreferrer\">Llegir m\u00e9s<\/a>\n\t\t\t<\/div>\n\t\t\t\n\t\t\t\t\t\t\t\t\t<\/article>\n\t\t\t\t\t\t\t\t\t\t\t\t\t\t\t\t<article class=\"uagb-post__inner-wrap\">\t\t\t\t\t\t\t\t<div class='uagb-post__image'>\n\t\t\t\t\t\t\t\t\t<a href=\"https:\/\/www.cinc.com\/ca\/el-govern-aprovara-una-llei-que-prohibira-lacces-a-xarxes-socials-als-menors-de-16-anys\/\" target=\"_self\" rel=\"bookmark noopener noreferrer\" class='uagb-image-ratio-9-16'><img loading=\"lazy\" decoding=\"async\" width=\"300\" height=\"169\" src=\"https:\/\/www.cinc.com\/wp-content\/uploads\/xarxes-socials-menors-300x169.webp\" class=\"attachment-medium size-medium\" alt=\"\" srcset=\"https:\/\/www.cinc.com\/wp-content\/uploads\/xarxes-socials-menors-300x169.webp 300w, https:\/\/www.cinc.com\/wp-content\/uploads\/xarxes-socials-menors-768x432.webp 768w, https:\/\/www.cinc.com\/wp-content\/uploads\/xarxes-socials-menors-1536x864.webp 1536w, https:\/\/www.cinc.com\/wp-content\/uploads\/xarxes-socials-menors.webp 1920w\" sizes=\"auto, (max-width: 300px) 100vw, 300px\" \/>\t\t\t\t\t<\/a>\n\t\t\t\t\t\t\t<\/div>\n\t\t\t\t\t\t<h4 class=\"uagb-post__title uagb-post__text\">\n\t\t\t\t<a href=\"https:\/\/www.cinc.com\/ca\/el-govern-aprovara-una-llei-que-prohibira-lacces-a-xarxes-socials-als-menors-de-16-anys\/\" target=\"_self\" rel=\"bookmark noopener noreferrer\">El Govern aprovar\u00e0 una llei que prohibir\u00e0 l\u2019acc\u00e9s a xarxes socials als menors de 16 anys<\/a>\n\t\t\t<\/h4>\n\t\t\t\t\t\t<div class='uagb-post__text uagb-post-grid-byline'>\n\t\t\t\t\t\t\t<\/div>\n\t\t\t\t\t\t\t<div class='uagb-post__text uagb-post__excerpt'>\n\t\t\t\t\tEl Govern espanyol preveu aprovar el proper mes de maig el projecte de llei que&#8230;\t\t\t\t<\/div>\n\t\t\t\t\t\t<div class=\"uagb-post__text uagb-post__cta wp-block-button\">\n\t\t\t\t<a class=\"wp-block-button__link uagb-text-link\" style=\"\" href=\"https:\/\/www.cinc.com\/ca\/el-govern-aprovara-una-llei-que-prohibira-lacces-a-xarxes-socials-als-menors-de-16-anys\/\" target=\"_self\" rel=\"bookmark noopener noreferrer\">Llegir m\u00e9s<\/a>\n\t\t\t<\/div>\n\t\t\t\n\t\t\t\t\t\t\t\t\t<\/article>\n\t\t\t\t\t\t\t\t\t\t\t<\/div>\n\t\t\t<\/div>\n\n\n\n<div class=\"wp-block-uagb-container uagb-block-490cca05 alignfull uagb-is-root-container\"><div class=\"uagb-container-inner-blocks-wrap\">\n<h2 class=\"wp-block-heading has-mask-fill no-margins\">Actes i confer\u00e8ncies<\/h2>\n\n\n\n<p>Descobreix i apunta\u2019t a tots els actes i confer\u00e8ncies organitzades!<\/p>\n\n\n\n<div class=\"wp-block-buttons is-layout-flex wp-block-buttons-is-layout-flex\">\n<div class=\"wp-block-button\"><a class=\"wp-block-button__link wp-element-button\" href=\"https:\/\/www.cinc.com\/actes\/\">Veure actes<\/a><\/div>\n<\/div>\n<\/div><\/div>\n\n\n\n<div class=\"wp-block-uagb-container uagb-block-520c94a1 alignfull uagb-is-root-container\"><div class=\"uagb-container-inner-blocks-wrap\">\n<div class=\"marquee-text-wrapper \"><p class=\"marquee-text big-title fw\">Apunta&#8217;t a la nostra newsletter<\/p><\/div>\n\n\n<div class=\"wp-block-cinc-blocks-newsletter-form\">\n    <form id=\"newsletter-form\" method=\"POST\" class=\"wp-block-cinc-blocks-newsletter-form__form\">\n        <input class=\"wp-block-cinc-blocks-newsletter-form__field\" type=\"text\" placeholder=\"Your name\" name=\"name\" required \/>\n        <select class=\"wp-block-cinc-blocks-newsletter-form__select\" name=\"town\" required>\n            <option value=\"\" readonly>Town<\/option>\n            <option value=\"barcelona\">Barcelona<\/option>\n            <option value=\"girona\">Girona<\/option>\n        <\/select>\n        <input class=\"wp-block-cinc-blocks-newsletter-form__field\" type=\"email\" placeholder=\"Your email\" name=\"email\" required \/>\n        <button class=\"wp-block-cinc-blocks-newsletter-form__button\">Subscribe<\/button>\n    <\/form>\n    <div id=\"newsletter-form-response\"><\/div>\n<\/div><\/div><\/div>\n","protected":false},"excerpt":{"rendered":"<p>Adapta la teva empresa al RGPD i a la nova LOPD de forma f\u00e0cil i segura Totes les empreses, professionals i entitats que tractin amb dades de car\u00e0cter personal han de complir amb l&#8217;actual Reglament Europeu de Protecci\u00f3 de Dades (RGPD). Tamb\u00e9 estan obligades a adequar-se a la nova Llei Org\u00e0nica de Protecci\u00f3 de Dades [&hellip;]<\/p>\n","protected":false},"author":3,"featured_media":0,"parent":10945,"menu_order":8,"comment_status":"closed","ping_status":"closed","template":"","meta":{"_acf_changed":false,"_uag_custom_page_level_css":"","footnotes":""},"class_list":["post-11042","page","type-page","status-publish","hentry"],"acf":[],"uagb_featured_image_src":{"full":false,"thumbnail":false,"medium":false,"medium_large":false,"large":false,"1536x1536":false,"2048x2048":false,"gform-image-choice-sm":false,"gform-image-choice-md":false,"gform-image-choice-lg":false},"uagb_author_info":{"display_name":"Anna","author_link":"https:\/\/www.cinc.com\/ca\/author\/anna\/"},"uagb_comment_info":0,"uagb_excerpt":"Adapta la teva empresa al RGPD i a la nova LOPD de forma f\u00e0cil i segura Totes les empreses, professionals i entitats que tractin amb dades de car\u00e0cter personal han de complir amb l&#8217;actual Reglament Europeu de Protecci\u00f3 de Dades (RGPD). Tamb\u00e9 estan obligades a adequar-se a la nova Llei Org\u00e0nica de Protecci\u00f3 de Dades&hellip;","jetpack_sharing_enabled":true,"_links":{"self":[{"href":"https:\/\/www.cinc.com\/ca\/wp-json\/wp\/v2\/pages\/11042","targetHints":{"allow":["GET"]}}],"collection":[{"href":"https:\/\/www.cinc.com\/ca\/wp-json\/wp\/v2\/pages"}],"about":[{"href":"https:\/\/www.cinc.com\/ca\/wp-json\/wp\/v2\/types\/page"}],"author":[{"embeddable":true,"href":"https:\/\/www.cinc.com\/ca\/wp-json\/wp\/v2\/users\/3"}],"replies":[{"embeddable":true,"href":"https:\/\/www.cinc.com\/ca\/wp-json\/wp\/v2\/comments?post=11042"}],"version-history":[{"count":7,"href":"https:\/\/www.cinc.com\/ca\/wp-json\/wp\/v2\/pages\/11042\/revisions"}],"predecessor-version":[{"id":32667,"href":"https:\/\/www.cinc.com\/ca\/wp-json\/wp\/v2\/pages\/11042\/revisions\/32667"}],"up":[{"embeddable":true,"href":"https:\/\/www.cinc.com\/ca\/wp-json\/wp\/v2\/pages\/10945"}],"wp:attachment":[{"href":"https:\/\/www.cinc.com\/ca\/wp-json\/wp\/v2\/media?parent=11042"}],"curies":[{"name":"wp","href":"https:\/\/api.w.org\/{rel}","templated":true}]}}